{"id":6664,"date":"2021-02-03T16:23:15","date_gmt":"2021-02-03T15:23:15","guid":{"rendered":"https:\/\/alfa7.cz\/mil\/?page_id=6664"},"modified":"2022-04-26T15:34:25","modified_gmt":"2022-04-26T14:34:25","slug":"obtisky","status":"publish","type":"page","link":"https:\/\/alfa7.cz\/mil\/obtisky\/","title":{"rendered":"Obtisky"},"content":{"rendered":"<span class=\"span-reading-time rt-reading-time\" style=\"display: block;\"><span class=\"rt-label rt-prefix\">Doba \u010dten\u00ed: <\/span> <span class=\"rt-time\"> 11<\/span> <span class=\"rt-label rt-postfix\">min.<\/span><\/span><hr \/>\n<h2><a href=\"#A\">A<\/a> <a href=\"#B\">B<\/a> <a href=\"#C\">C<\/a> <a href=\"#D\">D<\/a> <a href=\"#E\">E<\/a> <a href=\"#F\">F<\/a> <a href=\"#G\">G<\/a> <a href=\"#H\">H<\/a> <a href=\"#I\">I<\/a> <a href=\"#J\">J<\/a> <a href=\"#K\">K<\/a> <a href=\"#L\">L<\/a> <a href=\"#M\">M<\/a> <a href=\"#N\">N<\/a> <a href=\"#O\">O<\/a> <a href=\"#P\">P<\/a> <a href=\"#Q\">Q<\/a> <a href=\"#R\">R<\/a> <a href=\"#S\">S<\/a> <a href=\"#T\">T<\/a> <a href=\"#U\">U<\/a> <a href=\"#V\">V<\/a> <a href=\"#W\">W<\/a> <a href=\"#X\">X<\/a> <a href=\"#Y\">Y<\/a> <a href=\"#Z\">Z<\/a><\/h2>\n<hr \/>\n<h1 style=\"text-align: center;\"><!-- letter jump --><a name=\"A\"><\/a>A<\/h1>\n<hr \/>\n<h3><a href=\"https:\/\/alfa7.cz\/l-39c-breitling-obtisky\/\"><strong>Aero L-39C Albatros <\/strong><\/a>[1:72]<\/h3>\n<p>ES-YLS, Breitling #2<\/p>\n<p><img loading=\"lazy\" decoding=\"async\" class=\"wp-image-6321 size-medium alignleft\" src=\"https:\/\/alfa7.cz\/mil\/wp-content\/uploads\/2020\/04\/L-39_Breitling_Komplet-300x130.png\" alt=\"\" width=\"300\" height=\"130\" srcset=\"https:\/\/alfa7.cz\/mil\/wp-content\/uploads\/2020\/04\/L-39_Breitling_Komplet-300x130.png 300w, https:\/\/alfa7.cz\/mil\/wp-content\/uploads\/2020\/04\/L-39_Breitling_Komplet-768x333.png 768w, https:\/\/alfa7.cz\/mil\/wp-content\/uploads\/2020\/04\/L-39_Breitling_Komplet-1024x445.png 1024w, https:\/\/alfa7.cz\/mil\/wp-content\/uploads\/2020\/04\/L-39_Breitling_Komplet-100x43.png 100w, https:\/\/alfa7.cz\/mil\/wp-content\/uploads\/2020\/04\/L-39_Breitling_Komplet-150x65.png 150w, https:\/\/alfa7.cz\/mil\/wp-content\/uploads\/2020\/04\/L-39_Breitling_Komplet-200x87.png 200w, https:\/\/alfa7.cz\/mil\/wp-content\/uploads\/2020\/04\/L-39_Breitling_Komplet-450x195.png 450w, https:\/\/alfa7.cz\/mil\/wp-content\/uploads\/2020\/04\/L-39_Breitling_Komplet-600x261.png 600w, https:\/\/alfa7.cz\/mil\/wp-content\/uploads\/2020\/04\/L-39_Breitling_Komplet-900x391.png 900w, https:\/\/alfa7.cz\/mil\/wp-content\/uploads\/2020\/04\/L-39_Breitling_Komplet.png 1034w\" sizes=\"(max-width: 300px) 100vw, 300px\" \/><\/p>\n<p><img loading=\"lazy\" decoding=\"async\" class=\"wp-image-6362 alignleft\" src=\"https:\/\/alfa7.cz\/mil\/wp-content\/uploads\/2020\/04\/L-39C_Breitling-300x192.jpg\" alt=\"\" width=\"328\" height=\"210\" srcset=\"https:\/\/alfa7.cz\/mil\/wp-content\/uploads\/2020\/04\/L-39C_Breitling-300x192.jpg 300w, https:\/\/alfa7.cz\/mil\/wp-content\/uploads\/2020\/04\/L-39C_Breitling-768x490.jpg 768w, https:\/\/alfa7.cz\/mil\/wp-content\/uploads\/2020\/04\/L-39C_Breitling-100x64.jpg 100w, https:\/\/alfa7.cz\/mil\/wp-content\/uploads\/2020\/04\/L-39C_Breitling-150x96.jpg 150w, https:\/\/alfa7.cz\/mil\/wp-content\/uploads\/2020\/04\/L-39C_Breitling-200x128.jpg 200w, https:\/\/alfa7.cz\/mil\/wp-content\/uploads\/2020\/04\/L-39C_Breitling-450x287.jpg 450w, https:\/\/alfa7.cz\/mil\/wp-content\/uploads\/2020\/04\/L-39C_Breitling-600x383.jpg 600w, https:\/\/alfa7.cz\/mil\/wp-content\/uploads\/2020\/04\/L-39C_Breitling.jpg 769w\" sizes=\"(max-width: 328px) 100vw, 328px\" \/><\/p>\n<p>&nbsp;<\/p>\n<p>&nbsp;<\/p>\n<p>&nbsp;<\/p>\n<p>&nbsp;<\/p>\n<p>&nbsp;<\/p>\n<p>&nbsp;<\/p>\n<hr \/>\n<h3><strong>AFTI\/F-16 <\/strong>[1:72]<\/h3>\n<p>AF75-750, NASA<\/p>\n<p><img loading=\"lazy\" decoding=\"async\" class=\"size-medium wp-image-3122 alignleft\" src=\"https:\/\/alfa7.cz\/mil\/wp-content\/uploads\/2017\/06\/AFTI_F-16_NASA-300x154.jpg\" alt=\"\" width=\"300\" height=\"154\" srcset=\"https:\/\/alfa7.cz\/mil\/wp-content\/uploads\/2017\/06\/AFTI_F-16_NASA.jpg 300w, https:\/\/alfa7.cz\/mil\/wp-content\/uploads\/2017\/06\/AFTI_F-16_NASA-100x51.jpg 100w, https:\/\/alfa7.cz\/mil\/wp-content\/uploads\/2017\/06\/AFTI_F-16_NASA-150x77.jpg 150w, https:\/\/alfa7.cz\/mil\/wp-content\/uploads\/2017\/06\/AFTI_F-16_NASA-200x103.jpg 200w\" sizes=\"(max-width: 300px) 100vw, 300px\" \/><\/p>\n<p><a href=\"https:\/\/alfa7.cz\/mil\/general-dynamics-afti-f-16-172\/\"><img loading=\"lazy\" decoding=\"async\" class=\"alignleft wp-image-3542 \" src=\"https:\/\/alfa7.cz\/mil\/wp-content\/uploads\/2018\/10\/AF16M04-300x225.jpg\" alt=\"\" width=\"280\" height=\"210\" srcset=\"https:\/\/alfa7.cz\/mil\/wp-content\/uploads\/2018\/10\/AF16M04-300x225.jpg 300w, https:\/\/alfa7.cz\/mil\/wp-content\/uploads\/2018\/10\/AF16M04-100x75.jpg 100w, https:\/\/alfa7.cz\/mil\/wp-content\/uploads\/2018\/10\/AF16M04-150x113.jpg 150w, https:\/\/alfa7.cz\/mil\/wp-content\/uploads\/2018\/10\/AF16M04-200x150.jpg 200w, https:\/\/alfa7.cz\/mil\/wp-content\/uploads\/2018\/10\/AF16M04-450x338.jpg 450w, https:\/\/alfa7.cz\/mil\/wp-content\/uploads\/2018\/10\/AF16M04-600x450.jpg 600w, https:\/\/alfa7.cz\/mil\/wp-content\/uploads\/2018\/10\/AF16M04.jpg 704w\" sizes=\"(max-width: 280px) 100vw, 280px\" \/><\/a><\/p>\n<p>&nbsp;<\/p>\n<p>&nbsp;<\/p>\n<p>&nbsp;<\/p>\n<p>&nbsp;<\/p>\n<p>&nbsp;<\/p>\n<hr \/>\n<h3><img loading=\"lazy\" decoding=\"async\" class=\"size-medium wp-image-5591 alignright\" src=\"https:\/\/alfa7.cz\/mil\/wp-content\/uploads\/2019\/11\/blank-300x225.png\" alt=\"\" width=\"300\" height=\"225\" srcset=\"https:\/\/alfa7.cz\/mil\/wp-content\/uploads\/2019\/11\/blank-300x225.png 300w, https:\/\/alfa7.cz\/mil\/wp-content\/uploads\/2019\/11\/blank-768x576.png 768w, https:\/\/alfa7.cz\/mil\/wp-content\/uploads\/2019\/11\/blank-1024x768.png 1024w, https:\/\/alfa7.cz\/mil\/wp-content\/uploads\/2019\/11\/blank-100x75.png 100w, https:\/\/alfa7.cz\/mil\/wp-content\/uploads\/2019\/11\/blank-150x113.png 150w, https:\/\/alfa7.cz\/mil\/wp-content\/uploads\/2019\/11\/blank-200x150.png 200w, https:\/\/alfa7.cz\/mil\/wp-content\/uploads\/2019\/11\/blank-450x338.png 450w, https:\/\/alfa7.cz\/mil\/wp-content\/uploads\/2019\/11\/blank-600x450.png 600w, https:\/\/alfa7.cz\/mil\/wp-content\/uploads\/2019\/11\/blank-900x675.png 900w\" sizes=\"(max-width: 300px) 100vw, 300px\" \/><strong>Avia S-199 <\/strong>[1:32]<\/h3>\n<p>KS-39, 2. letka Leteck\u00e9ho pluku 4, 2. leteck\u00e1 divize, 1948<\/p>\n<p><img loading=\"lazy\" decoding=\"async\" class=\"size-medium wp-image-5628 alignleft\" src=\"https:\/\/alfa7.cz\/mil\/wp-content\/uploads\/2019\/11\/S-199_V0-300x189.png\" alt=\"\" width=\"300\" height=\"189\" srcset=\"https:\/\/alfa7.cz\/mil\/wp-content\/uploads\/2019\/11\/S-199_V0-300x189.png 300w, https:\/\/alfa7.cz\/mil\/wp-content\/uploads\/2019\/11\/S-199_V0-768x483.png 768w, https:\/\/alfa7.cz\/mil\/wp-content\/uploads\/2019\/11\/S-199_V0-1024x644.png 1024w, https:\/\/alfa7.cz\/mil\/wp-content\/uploads\/2019\/11\/S-199_V0-100x63.png 100w, https:\/\/alfa7.cz\/mil\/wp-content\/uploads\/2019\/11\/S-199_V0-150x94.png 150w, https:\/\/alfa7.cz\/mil\/wp-content\/uploads\/2019\/11\/S-199_V0-200x126.png 200w, https:\/\/alfa7.cz\/mil\/wp-content\/uploads\/2019\/11\/S-199_V0-450x283.png 450w, https:\/\/alfa7.cz\/mil\/wp-content\/uploads\/2019\/11\/S-199_V0-600x377.png 600w, https:\/\/alfa7.cz\/mil\/wp-content\/uploads\/2019\/11\/S-199_V0-900x566.png 900w, https:\/\/alfa7.cz\/mil\/wp-content\/uploads\/2019\/11\/S-199_V0.png 1596w\" sizes=\"(max-width: 300px) 100vw, 300px\" \/><\/p>\n<p>&nbsp;<\/p>\n<p>&nbsp;<\/p>\n<p>&nbsp;<\/p>\n<p>&nbsp;<\/p>\n<p>&nbsp;<\/p>\n<p>&nbsp;<\/p>\n<hr \/>\n<h1 style=\"text-align: center;\"><!-- letter jump --><a name=\"B\"><\/a>B<\/h1>\n<hr \/>\n<p><img loading=\"lazy\" decoding=\"async\" class=\"size-medium wp-image-5591 alignright\" src=\"https:\/\/alfa7.cz\/mil\/wp-content\/uploads\/2019\/11\/blank-300x225.png\" alt=\"\" width=\"300\" height=\"225\" srcset=\"https:\/\/alfa7.cz\/mil\/wp-content\/uploads\/2019\/11\/blank-300x225.png 300w, https:\/\/alfa7.cz\/mil\/wp-content\/uploads\/2019\/11\/blank-768x576.png 768w, https:\/\/alfa7.cz\/mil\/wp-content\/uploads\/2019\/11\/blank-1024x768.png 1024w, https:\/\/alfa7.cz\/mil\/wp-content\/uploads\/2019\/11\/blank-100x75.png 100w, https:\/\/alfa7.cz\/mil\/wp-content\/uploads\/2019\/11\/blank-150x113.png 150w, https:\/\/alfa7.cz\/mil\/wp-content\/uploads\/2019\/11\/blank-200x150.png 200w, https:\/\/alfa7.cz\/mil\/wp-content\/uploads\/2019\/11\/blank-450x338.png 450w, https:\/\/alfa7.cz\/mil\/wp-content\/uploads\/2019\/11\/blank-600x450.png 600w, https:\/\/alfa7.cz\/mil\/wp-content\/uploads\/2019\/11\/blank-900x675.png 900w\" sizes=\"(max-width: 300px) 100vw, 300px\" \/><\/p>\n<h3><strong>BAe Hawk T.1 [1:72]<br \/>\n<\/strong><\/h3>\n<p>XX289 \/ CO, RAF, No. 100 squadron, 2007<\/p>\n<p><img loading=\"lazy\" decoding=\"async\" class=\" wp-image-5629 alignleft\" src=\"https:\/\/alfa7.cz\/mil\/wp-content\/uploads\/2019\/11\/Hawt_T1-300x145.png\" alt=\"\" width=\"286\" height=\"138\" srcset=\"https:\/\/alfa7.cz\/mil\/wp-content\/uploads\/2019\/11\/Hawt_T1-300x145.png 300w, https:\/\/alfa7.cz\/mil\/wp-content\/uploads\/2019\/11\/Hawt_T1-768x370.png 768w, https:\/\/alfa7.cz\/mil\/wp-content\/uploads\/2019\/11\/Hawt_T1-1024x493.png 1024w, https:\/\/alfa7.cz\/mil\/wp-content\/uploads\/2019\/11\/Hawt_T1-100x48.png 100w, https:\/\/alfa7.cz\/mil\/wp-content\/uploads\/2019\/11\/Hawt_T1-150x72.png 150w, https:\/\/alfa7.cz\/mil\/wp-content\/uploads\/2019\/11\/Hawt_T1-200x96.png 200w, https:\/\/alfa7.cz\/mil\/wp-content\/uploads\/2019\/11\/Hawt_T1-450x217.png 450w, https:\/\/alfa7.cz\/mil\/wp-content\/uploads\/2019\/11\/Hawt_T1-600x289.png 600w, https:\/\/alfa7.cz\/mil\/wp-content\/uploads\/2019\/11\/Hawt_T1-900x434.png 900w, https:\/\/alfa7.cz\/mil\/wp-content\/uploads\/2019\/11\/Hawt_T1.png 1102w\" sizes=\"(max-width: 286px) 100vw, 286px\" \/><\/p>\n<p>&nbsp;<\/p>\n<p>&nbsp;<\/p>\n<p>&nbsp;<\/p>\n<p>&nbsp;<\/p>\n<p>&nbsp;<\/p>\n<hr \/>\n<h3><strong>Beechcraft T-34B Mentor <\/strong><strong>[1:144]<\/strong><\/h3>\n<p>140833 \/ 009 &#8211; 2S \/N9HX, USA &#8211; civiln\u00ed registrace<\/p>\n<p><img loading=\"lazy\" decoding=\"async\" class=\"size-medium wp-image-5632 alignleft\" src=\"https:\/\/alfa7.cz\/mil\/wp-content\/uploads\/2019\/11\/T-34B_V1-300x167.png\" alt=\"\" width=\"300\" height=\"167\" srcset=\"https:\/\/alfa7.cz\/mil\/wp-content\/uploads\/2019\/11\/T-34B_V1-300x167.png 300w, https:\/\/alfa7.cz\/mil\/wp-content\/uploads\/2019\/11\/T-34B_V1-768x426.png 768w, https:\/\/alfa7.cz\/mil\/wp-content\/uploads\/2019\/11\/T-34B_V1-1024x569.png 1024w, https:\/\/alfa7.cz\/mil\/wp-content\/uploads\/2019\/11\/T-34B_V1-100x56.png 100w, https:\/\/alfa7.cz\/mil\/wp-content\/uploads\/2019\/11\/T-34B_V1-150x83.png 150w, https:\/\/alfa7.cz\/mil\/wp-content\/uploads\/2019\/11\/T-34B_V1-200x111.png 200w, https:\/\/alfa7.cz\/mil\/wp-content\/uploads\/2019\/11\/T-34B_V1-450x250.png 450w, https:\/\/alfa7.cz\/mil\/wp-content\/uploads\/2019\/11\/T-34B_V1-600x333.png 600w, https:\/\/alfa7.cz\/mil\/wp-content\/uploads\/2019\/11\/T-34B_V1-900x500.png 900w\" sizes=\"(max-width: 300px) 100vw, 300px\" \/><\/p>\n<p><strong><img loading=\"lazy\" decoding=\"async\" class=\"wp-image-6316 alignleft\" src=\"https:\/\/alfa7.cz\/mil\/wp-content\/uploads\/2020\/04\/Martinuv_T-34B-300x202.jpg\" alt=\"\" width=\"312\" height=\"210\" srcset=\"https:\/\/alfa7.cz\/mil\/wp-content\/uploads\/2020\/04\/Martinuv_T-34B-300x202.jpg 300w, https:\/\/alfa7.cz\/mil\/wp-content\/uploads\/2020\/04\/Martinuv_T-34B-768x516.jpg 768w, https:\/\/alfa7.cz\/mil\/wp-content\/uploads\/2020\/04\/Martinuv_T-34B-100x67.jpg 100w, https:\/\/alfa7.cz\/mil\/wp-content\/uploads\/2020\/04\/Martinuv_T-34B-150x101.jpg 150w, https:\/\/alfa7.cz\/mil\/wp-content\/uploads\/2020\/04\/Martinuv_T-34B-200x134.jpg 200w, https:\/\/alfa7.cz\/mil\/wp-content\/uploads\/2020\/04\/Martinuv_T-34B-450x302.jpg 450w, https:\/\/alfa7.cz\/mil\/wp-content\/uploads\/2020\/04\/Martinuv_T-34B-600x403.jpg 600w, https:\/\/alfa7.cz\/mil\/wp-content\/uploads\/2020\/04\/Martinuv_T-34B-900x605.jpg 900w, https:\/\/alfa7.cz\/mil\/wp-content\/uploads\/2020\/04\/Martinuv_T-34B.jpg 1000w\" sizes=\"(max-width: 312px) 100vw, 312px\" \/><\/strong><\/p>\n<p>&nbsp;<\/p>\n<p>&nbsp;<\/p>\n<p>&nbsp;<\/p>\n<p>&nbsp;<\/p>\n<p>&nbsp;<\/p>\n<p>&nbsp;<\/p>\n<hr \/>\n<h3><strong>Beechcraft T-34C Turbo Mentor [1:72]<br \/>\n<\/strong><\/h3>\n<p>160531\/SH, U.S. Marines, VMFAT-101 Sharpshooters<\/p>\n<p><img loading=\"lazy\" decoding=\"async\" class=\"wp-image-3158 alignleft\" src=\"https:\/\/alfa7.cz\/mil\/wp-content\/uploads\/2017\/06\/T-34C_USMC_VMFAT-101-300x253.jpg\" alt=\"\" width=\"249\" height=\"210\" srcset=\"https:\/\/alfa7.cz\/mil\/wp-content\/uploads\/2017\/06\/T-34C_USMC_VMFAT-101.jpg 300w, https:\/\/alfa7.cz\/mil\/wp-content\/uploads\/2017\/06\/T-34C_USMC_VMFAT-101-100x84.jpg 100w, https:\/\/alfa7.cz\/mil\/wp-content\/uploads\/2017\/06\/T-34C_USMC_VMFAT-101-150x127.jpg 150w, https:\/\/alfa7.cz\/mil\/wp-content\/uploads\/2017\/06\/T-34C_USMC_VMFAT-101-200x169.jpg 200w\" sizes=\"(max-width: 249px) 100vw, 249px\" \/><\/p>\n<p><a href=\"https:\/\/alfa7.cz\/mil\/beech-t-34c-turbo-mentor-172\/\"><img loading=\"lazy\" decoding=\"async\" class=\"alignleft wp-image-3848 \" src=\"https:\/\/alfa7.cz\/mil\/wp-content\/uploads\/2019\/02\/T-34C_M09-300x225.jpg\" alt=\"\" width=\"280\" height=\"210\" srcset=\"https:\/\/alfa7.cz\/mil\/wp-content\/uploads\/2019\/02\/T-34C_M09-300x225.jpg 300w, https:\/\/alfa7.cz\/mil\/wp-content\/uploads\/2019\/02\/T-34C_M09-100x75.jpg 100w, https:\/\/alfa7.cz\/mil\/wp-content\/uploads\/2019\/02\/T-34C_M09-150x113.jpg 150w, https:\/\/alfa7.cz\/mil\/wp-content\/uploads\/2019\/02\/T-34C_M09-200x150.jpg 200w, https:\/\/alfa7.cz\/mil\/wp-content\/uploads\/2019\/02\/T-34C_M09-450x338.jpg 450w, https:\/\/alfa7.cz\/mil\/wp-content\/uploads\/2019\/02\/T-34C_M09-600x450.jpg 600w, https:\/\/alfa7.cz\/mil\/wp-content\/uploads\/2019\/02\/T-34C_M09.jpg 704w\" sizes=\"(max-width: 280px) 100vw, 280px\" \/><\/a><\/p>\n<p>&nbsp;<\/p>\n<p>&nbsp;<\/p>\n<p>&nbsp;<\/p>\n<p>&nbsp;<\/p>\n<p>&nbsp;<\/p>\n<hr \/>\n<p><img loading=\"lazy\" decoding=\"async\" class=\"size-medium wp-image-5591 alignright\" src=\"https:\/\/alfa7.cz\/mil\/wp-content\/uploads\/2019\/11\/blank-300x225.png\" alt=\"\" width=\"300\" height=\"225\" srcset=\"https:\/\/alfa7.cz\/mil\/wp-content\/uploads\/2019\/11\/blank-300x225.png 300w, https:\/\/alfa7.cz\/mil\/wp-content\/uploads\/2019\/11\/blank-768x576.png 768w, https:\/\/alfa7.cz\/mil\/wp-content\/uploads\/2019\/11\/blank-1024x768.png 1024w, https:\/\/alfa7.cz\/mil\/wp-content\/uploads\/2019\/11\/blank-100x75.png 100w, https:\/\/alfa7.cz\/mil\/wp-content\/uploads\/2019\/11\/blank-150x113.png 150w, https:\/\/alfa7.cz\/mil\/wp-content\/uploads\/2019\/11\/blank-200x150.png 200w, https:\/\/alfa7.cz\/mil\/wp-content\/uploads\/2019\/11\/blank-450x338.png 450w, https:\/\/alfa7.cz\/mil\/wp-content\/uploads\/2019\/11\/blank-600x450.png 600w, https:\/\/alfa7.cz\/mil\/wp-content\/uploads\/2019\/11\/blank-900x675.png 900w\" sizes=\"(max-width: 300px) 100vw, 300px\" \/><\/p>\n<h3><strong>Beechcraft T-6B Texan II [1:72]<br \/>\n<\/strong><\/h3>\n<p>N630LA<\/p>\n<p><img loading=\"lazy\" decoding=\"async\" class=\" wp-image-5652 alignleft\" src=\"https:\/\/alfa7.cz\/mil\/wp-content\/uploads\/2019\/11\/Print_110x75_Texan_II_V0-300x205.png\" alt=\"\" width=\"297\" height=\"203\" srcset=\"https:\/\/alfa7.cz\/mil\/wp-content\/uploads\/2019\/11\/Print_110x75_Texan_II_V0-300x205.png 300w, https:\/\/alfa7.cz\/mil\/wp-content\/uploads\/2019\/11\/Print_110x75_Texan_II_V0-768x524.png 768w, https:\/\/alfa7.cz\/mil\/wp-content\/uploads\/2019\/11\/Print_110x75_Texan_II_V0-1024x698.png 1024w, https:\/\/alfa7.cz\/mil\/wp-content\/uploads\/2019\/11\/Print_110x75_Texan_II_V0-100x68.png 100w, https:\/\/alfa7.cz\/mil\/wp-content\/uploads\/2019\/11\/Print_110x75_Texan_II_V0-150x102.png 150w, https:\/\/alfa7.cz\/mil\/wp-content\/uploads\/2019\/11\/Print_110x75_Texan_II_V0-200x136.png 200w, https:\/\/alfa7.cz\/mil\/wp-content\/uploads\/2019\/11\/Print_110x75_Texan_II_V0-450x307.png 450w, https:\/\/alfa7.cz\/mil\/wp-content\/uploads\/2019\/11\/Print_110x75_Texan_II_V0-600x409.png 600w, https:\/\/alfa7.cz\/mil\/wp-content\/uploads\/2019\/11\/Print_110x75_Texan_II_V0-900x614.png 900w, https:\/\/alfa7.cz\/mil\/wp-content\/uploads\/2019\/11\/Print_110x75_Texan_II_V0.png 1299w\" sizes=\"(max-width: 297px) 100vw, 297px\" \/><\/p>\n<p>&nbsp;<\/p>\n<p>&nbsp;<\/p>\n<p>&nbsp;<\/p>\n<p>&nbsp;<\/p>\n<p>&nbsp;<\/p>\n<p>&nbsp;<\/p>\n<hr \/>\n<h3><strong><img loading=\"lazy\" decoding=\"async\" class=\"size-medium wp-image-5591 alignright\" src=\"https:\/\/alfa7.cz\/mil\/wp-content\/uploads\/2019\/11\/blank-300x225.png\" alt=\"\" width=\"300\" height=\"225\" srcset=\"https:\/\/alfa7.cz\/mil\/wp-content\/uploads\/2019\/11\/blank-300x225.png 300w, https:\/\/alfa7.cz\/mil\/wp-content\/uploads\/2019\/11\/blank-768x576.png 768w, https:\/\/alfa7.cz\/mil\/wp-content\/uploads\/2019\/11\/blank-1024x768.png 1024w, https:\/\/alfa7.cz\/mil\/wp-content\/uploads\/2019\/11\/blank-100x75.png 100w, https:\/\/alfa7.cz\/mil\/wp-content\/uploads\/2019\/11\/blank-150x113.png 150w, https:\/\/alfa7.cz\/mil\/wp-content\/uploads\/2019\/11\/blank-200x150.png 200w, https:\/\/alfa7.cz\/mil\/wp-content\/uploads\/2019\/11\/blank-450x338.png 450w, https:\/\/alfa7.cz\/mil\/wp-content\/uploads\/2019\/11\/blank-600x450.png 600w, https:\/\/alfa7.cz\/mil\/wp-content\/uploads\/2019\/11\/blank-900x675.png 900w\" sizes=\"(max-width: 300px) 100vw, 300px\" \/><\/strong><strong>Boeing 727-221 [1:144]<br \/>\n<\/strong><\/h3>\n<p>N364PA, Clipper Whistler, PANAM<\/p>\n<p><img loading=\"lazy\" decoding=\"async\" class=\"size-medium wp-image-3124 alignleft\" src=\"https:\/\/alfa7.cz\/mil\/wp-content\/uploads\/2017\/06\/Boeing_727-221_PANAM-300x81.jpg\" alt=\"\" width=\"300\" height=\"81\" srcset=\"https:\/\/alfa7.cz\/mil\/wp-content\/uploads\/2017\/06\/Boeing_727-221_PANAM.jpg 300w, https:\/\/alfa7.cz\/mil\/wp-content\/uploads\/2017\/06\/Boeing_727-221_PANAM-100x27.jpg 100w, https:\/\/alfa7.cz\/mil\/wp-content\/uploads\/2017\/06\/Boeing_727-221_PANAM-150x41.jpg 150w, https:\/\/alfa7.cz\/mil\/wp-content\/uploads\/2017\/06\/Boeing_727-221_PANAM-200x54.jpg 200w\" sizes=\"(max-width: 300px) 100vw, 300px\" \/><\/p>\n<p>&nbsp;<\/p>\n<p>&nbsp;<\/p>\n<p>&nbsp;<\/p>\n<p>&nbsp;<\/p>\n<hr \/>\n<h3><strong><img loading=\"lazy\" decoding=\"async\" class=\"size-medium wp-image-5591 alignright\" src=\"https:\/\/alfa7.cz\/mil\/wp-content\/uploads\/2019\/11\/blank-300x225.png\" alt=\"\" width=\"300\" height=\"225\" srcset=\"https:\/\/alfa7.cz\/mil\/wp-content\/uploads\/2019\/11\/blank-300x225.png 300w, https:\/\/alfa7.cz\/mil\/wp-content\/uploads\/2019\/11\/blank-768x576.png 768w, https:\/\/alfa7.cz\/mil\/wp-content\/uploads\/2019\/11\/blank-1024x768.png 1024w, https:\/\/alfa7.cz\/mil\/wp-content\/uploads\/2019\/11\/blank-100x75.png 100w, https:\/\/alfa7.cz\/mil\/wp-content\/uploads\/2019\/11\/blank-150x113.png 150w, https:\/\/alfa7.cz\/mil\/wp-content\/uploads\/2019\/11\/blank-200x150.png 200w, https:\/\/alfa7.cz\/mil\/wp-content\/uploads\/2019\/11\/blank-450x338.png 450w, https:\/\/alfa7.cz\/mil\/wp-content\/uploads\/2019\/11\/blank-600x450.png 600w, https:\/\/alfa7.cz\/mil\/wp-content\/uploads\/2019\/11\/blank-900x675.png 900w\" sizes=\"(max-width: 300px) 100vw, 300px\" \/><\/strong><strong>Boeing 737-300 [1:144]<br \/>\n<\/strong><\/h3>\n<p>OK-FAN \/ OK-FIT \/ OK-FUN, Fischer Air<\/p>\n<p><img loading=\"lazy\" decoding=\"async\" class=\"size-medium wp-image-6319 alignleft\" src=\"https:\/\/alfa7.cz\/mil\/wp-content\/uploads\/2020\/04\/B737-300_Fischer-300x169.png\" alt=\"\" width=\"300\" height=\"169\" srcset=\"https:\/\/alfa7.cz\/mil\/wp-content\/uploads\/2020\/04\/B737-300_Fischer-300x169.png 300w, https:\/\/alfa7.cz\/mil\/wp-content\/uploads\/2020\/04\/B737-300_Fischer-768x432.png 768w, https:\/\/alfa7.cz\/mil\/wp-content\/uploads\/2020\/04\/B737-300_Fischer-100x56.png 100w, https:\/\/alfa7.cz\/mil\/wp-content\/uploads\/2020\/04\/B737-300_Fischer-150x84.png 150w, https:\/\/alfa7.cz\/mil\/wp-content\/uploads\/2020\/04\/B737-300_Fischer-200x113.png 200w, https:\/\/alfa7.cz\/mil\/wp-content\/uploads\/2020\/04\/B737-300_Fischer-450x253.png 450w, https:\/\/alfa7.cz\/mil\/wp-content\/uploads\/2020\/04\/B737-300_Fischer-600x338.png 600w, https:\/\/alfa7.cz\/mil\/wp-content\/uploads\/2020\/04\/B737-300_Fischer-900x506.png 900w, https:\/\/alfa7.cz\/mil\/wp-content\/uploads\/2020\/04\/B737-300_Fischer.png 942w\" sizes=\"(max-width: 300px) 100vw, 300px\" \/><\/p>\n<p>&nbsp;<\/p>\n<p>&nbsp;<\/p>\n<p>&nbsp;<\/p>\n<p>&nbsp;<\/p>\n<p>&nbsp;<\/p>\n<hr \/>\n<h3><strong>Boeing EA-18G Growler [1:144]<br \/>\n<\/strong><\/h3>\n<p>166942\/NL522, USN, VAQ-135 Black Ravens, 2014<\/p>\n<p><img loading=\"lazy\" decoding=\"async\" class=\"size-medium wp-image-3129 alignleft\" src=\"https:\/\/alfa7.cz\/mil\/wp-content\/uploads\/2017\/06\/EA-18G_USN_VAQ-135-300x146.jpg\" alt=\"\" width=\"300\" height=\"146\" srcset=\"https:\/\/alfa7.cz\/mil\/wp-content\/uploads\/2017\/06\/EA-18G_USN_VAQ-135.jpg 300w, https:\/\/alfa7.cz\/mil\/wp-content\/uploads\/2017\/06\/EA-18G_USN_VAQ-135-100x49.jpg 100w, https:\/\/alfa7.cz\/mil\/wp-content\/uploads\/2017\/06\/EA-18G_USN_VAQ-135-150x73.jpg 150w, https:\/\/alfa7.cz\/mil\/wp-content\/uploads\/2017\/06\/EA-18G_USN_VAQ-135-200x97.jpg 200w\" sizes=\"(max-width: 300px) 100vw, 300px\" \/><\/p>\n<p><a href=\"https:\/\/alfa7.cz\/mil\/boeing-ea-18g-growler-1144\/\"><img loading=\"lazy\" decoding=\"async\" class=\"alignleft wp-image-1302\" src=\"https:\/\/alfa7.cz\/mil\/wp-content\/uploads\/2016\/04\/P4120924-300x225.jpg\" alt=\"\" width=\"280\" height=\"210\" srcset=\"https:\/\/alfa7.cz\/mil\/wp-content\/uploads\/2016\/04\/P4120924-300x225.jpg 300w, https:\/\/alfa7.cz\/mil\/wp-content\/uploads\/2016\/04\/P4120924-100x75.jpg 100w, https:\/\/alfa7.cz\/mil\/wp-content\/uploads\/2016\/04\/P4120924-150x113.jpg 150w, https:\/\/alfa7.cz\/mil\/wp-content\/uploads\/2016\/04\/P4120924-200x150.jpg 200w, https:\/\/alfa7.cz\/mil\/wp-content\/uploads\/2016\/04\/P4120924-450x338.jpg 450w, https:\/\/alfa7.cz\/mil\/wp-content\/uploads\/2016\/04\/P4120924-600x450.jpg 600w, https:\/\/alfa7.cz\/mil\/wp-content\/uploads\/2016\/04\/P4120924.jpg 704w\" sizes=\"(max-width: 280px) 100vw, 280px\" \/><\/a><\/p>\n<p>&nbsp;<\/p>\n<p>&nbsp;<\/p>\n<p>&nbsp;<\/p>\n<p>&nbsp;<\/p>\n<p>&nbsp;<\/p>\n<hr \/>\n<h3><strong>Boeing F\/A-18E Super Hornet [1:144]<br \/>\n<\/strong><\/h3>\n<p>166776\/AJ100, USN, VFA-31 Tomcatters, CVN-71 Theodore Roosevelt, 2009<\/p>\n<p><img loading=\"lazy\" decoding=\"async\" class=\"wp-image-3140 alignleft\" src=\"https:\/\/alfa7.cz\/mil\/wp-content\/uploads\/2017\/06\/FA-18E_USN_VF-31-300x235.jpg\" alt=\"\" width=\"268\" height=\"210\" srcset=\"https:\/\/alfa7.cz\/mil\/wp-content\/uploads\/2017\/06\/FA-18E_USN_VF-31.jpg 300w, https:\/\/alfa7.cz\/mil\/wp-content\/uploads\/2017\/06\/FA-18E_USN_VF-31-100x78.jpg 100w, https:\/\/alfa7.cz\/mil\/wp-content\/uploads\/2017\/06\/FA-18E_USN_VF-31-150x118.jpg 150w, https:\/\/alfa7.cz\/mil\/wp-content\/uploads\/2017\/06\/FA-18E_USN_VF-31-200x157.jpg 200w\" sizes=\"(max-width: 268px) 100vw, 268px\" \/><\/p>\n<p><a href=\"https:\/\/alfa7.cz\/mil\/boeing-fa-18e-super-hornet-1144\/\"><img loading=\"lazy\" decoding=\"async\" class=\"alignleft wp-image-2617 \" src=\"https:\/\/alfa7.cz\/mil\/wp-content\/uploads\/2016\/06\/P6150963-300x225.jpg\" alt=\"\" width=\"280\" height=\"210\" srcset=\"https:\/\/alfa7.cz\/mil\/wp-content\/uploads\/2016\/06\/P6150963-300x225.jpg 300w, https:\/\/alfa7.cz\/mil\/wp-content\/uploads\/2016\/06\/P6150963-100x75.jpg 100w, https:\/\/alfa7.cz\/mil\/wp-content\/uploads\/2016\/06\/P6150963-150x113.jpg 150w, https:\/\/alfa7.cz\/mil\/wp-content\/uploads\/2016\/06\/P6150963-200x150.jpg 200w, https:\/\/alfa7.cz\/mil\/wp-content\/uploads\/2016\/06\/P6150963-450x338.jpg 450w, https:\/\/alfa7.cz\/mil\/wp-content\/uploads\/2016\/06\/P6150963-600x450.jpg 600w, https:\/\/alfa7.cz\/mil\/wp-content\/uploads\/2016\/06\/P6150963.jpg 704w\" sizes=\"(max-width: 280px) 100vw, 280px\" \/><\/a><\/p>\n<p>&nbsp;<\/p>\n<p>&nbsp;<\/p>\n<p>&nbsp;<\/p>\n<p>&nbsp;<\/p>\n<p>&nbsp;<\/p>\n<hr \/>\n<h3><strong>Boeing F\/A-18F Super Hornet [1:144]<br \/>\n<\/strong><\/h3>\n<p>166455\/NH200, USN, VFA-41 Black Aces, CVN-68 Nimitz, 2006<\/p>\n<p><img loading=\"lazy\" decoding=\"async\" class=\"size-medium wp-image-3141 alignleft\" src=\"https:\/\/alfa7.cz\/mil\/wp-content\/uploads\/2017\/06\/FA-18F_USN_VF-41-300x125.jpg\" alt=\"\" width=\"300\" height=\"125\" srcset=\"https:\/\/alfa7.cz\/mil\/wp-content\/uploads\/2017\/06\/FA-18F_USN_VF-41.jpg 300w, https:\/\/alfa7.cz\/mil\/wp-content\/uploads\/2017\/06\/FA-18F_USN_VF-41-100x42.jpg 100w, https:\/\/alfa7.cz\/mil\/wp-content\/uploads\/2017\/06\/FA-18F_USN_VF-41-150x63.jpg 150w, https:\/\/alfa7.cz\/mil\/wp-content\/uploads\/2017\/06\/FA-18F_USN_VF-41-200x83.jpg 200w\" sizes=\"(max-width: 300px) 100vw, 300px\" \/><\/p>\n<p><a href=\"https:\/\/alfa7.cz\/mil\/boeing-fa-18f-super-hornet-1144-2\/\"><img loading=\"lazy\" decoding=\"async\" class=\"alignleft wp-image-1245 \" src=\"https:\/\/alfa7.cz\/mil\/wp-content\/uploads\/2016\/04\/P4120915-300x225.jpg\" alt=\"\" width=\"280\" height=\"210\" srcset=\"https:\/\/alfa7.cz\/mil\/wp-content\/uploads\/2016\/04\/P4120915-300x225.jpg 300w, https:\/\/alfa7.cz\/mil\/wp-content\/uploads\/2016\/04\/P4120915-100x75.jpg 100w, https:\/\/alfa7.cz\/mil\/wp-content\/uploads\/2016\/04\/P4120915-150x113.jpg 150w, https:\/\/alfa7.cz\/mil\/wp-content\/uploads\/2016\/04\/P4120915-200x150.jpg 200w, https:\/\/alfa7.cz\/mil\/wp-content\/uploads\/2016\/04\/P4120915-450x338.jpg 450w, https:\/\/alfa7.cz\/mil\/wp-content\/uploads\/2016\/04\/P4120915-600x450.jpg 600w, https:\/\/alfa7.cz\/mil\/wp-content\/uploads\/2016\/04\/P4120915.jpg 704w\" sizes=\"(max-width: 280px) 100vw, 280px\" \/><\/a><\/p>\n<p>&nbsp;<\/p>\n<p>&nbsp;<\/p>\n<p>&nbsp;<\/p>\n<p>&nbsp;<\/p>\n<p>&nbsp;<\/p>\n<hr \/>\n<h3><strong>Boeing F\/A-18F Super Hornet [1:144]<br \/>\n<\/strong><\/h3>\n<p>166620\/AG200, USN, VFA-103 Jolly Rogers, CVN-69 Dwight D. Eisenhower<\/p>\n<p><img loading=\"lazy\" decoding=\"async\" class=\"size-medium wp-image-3142 alignleft\" src=\"https:\/\/alfa7.cz\/mil\/wp-content\/uploads\/2017\/06\/FA-18F_USN_VF-103-300x117.jpg\" alt=\"\" width=\"300\" height=\"117\" srcset=\"https:\/\/alfa7.cz\/mil\/wp-content\/uploads\/2017\/06\/FA-18F_USN_VF-103.jpg 300w, https:\/\/alfa7.cz\/mil\/wp-content\/uploads\/2017\/06\/FA-18F_USN_VF-103-100x39.jpg 100w, https:\/\/alfa7.cz\/mil\/wp-content\/uploads\/2017\/06\/FA-18F_USN_VF-103-150x59.jpg 150w, https:\/\/alfa7.cz\/mil\/wp-content\/uploads\/2017\/06\/FA-18F_USN_VF-103-200x78.jpg 200w\" sizes=\"(max-width: 300px) 100vw, 300px\" \/><\/p>\n<p><a href=\"https:\/\/alfa7.cz\/mil\/boeing-fa-18f-super-hornet-1144\/\"><img loading=\"lazy\" decoding=\"async\" class=\"alignleft wp-image-233 \" src=\"https:\/\/alfa7.cz\/mil\/wp-content\/uploads\/2015\/04\/pc280470-300x225.jpg\" alt=\"\" width=\"280\" height=\"210\" srcset=\"https:\/\/alfa7.cz\/mil\/wp-content\/uploads\/2015\/04\/pc280470-300x225.jpg 300w, https:\/\/alfa7.cz\/mil\/wp-content\/uploads\/2015\/04\/pc280470-100x75.jpg 100w, https:\/\/alfa7.cz\/mil\/wp-content\/uploads\/2015\/04\/pc280470-150x113.jpg 150w, https:\/\/alfa7.cz\/mil\/wp-content\/uploads\/2015\/04\/pc280470-200x150.jpg 200w, https:\/\/alfa7.cz\/mil\/wp-content\/uploads\/2015\/04\/pc280470-450x338.jpg 450w, https:\/\/alfa7.cz\/mil\/wp-content\/uploads\/2015\/04\/pc280470-600x450.jpg 600w, https:\/\/alfa7.cz\/mil\/wp-content\/uploads\/2015\/04\/pc280470.jpg 704w\" sizes=\"(max-width: 280px) 100vw, 280px\" \/><\/a><\/p>\n<p>&nbsp;<\/p>\n<p>&nbsp;<\/p>\n<p>&nbsp;<\/p>\n<p>&nbsp;<\/p>\n<p>&nbsp;<\/p>\n<hr \/>\n<p><img loading=\"lazy\" decoding=\"async\" class=\"size-medium wp-image-5591 alignright\" src=\"https:\/\/alfa7.cz\/mil\/wp-content\/uploads\/2019\/11\/blank-300x225.png\" alt=\"\" width=\"300\" height=\"225\" srcset=\"https:\/\/alfa7.cz\/mil\/wp-content\/uploads\/2019\/11\/blank-300x225.png 300w, https:\/\/alfa7.cz\/mil\/wp-content\/uploads\/2019\/11\/blank-768x576.png 768w, https:\/\/alfa7.cz\/mil\/wp-content\/uploads\/2019\/11\/blank-1024x768.png 1024w, https:\/\/alfa7.cz\/mil\/wp-content\/uploads\/2019\/11\/blank-100x75.png 100w, https:\/\/alfa7.cz\/mil\/wp-content\/uploads\/2019\/11\/blank-150x113.png 150w, https:\/\/alfa7.cz\/mil\/wp-content\/uploads\/2019\/11\/blank-200x150.png 200w, https:\/\/alfa7.cz\/mil\/wp-content\/uploads\/2019\/11\/blank-450x338.png 450w, https:\/\/alfa7.cz\/mil\/wp-content\/uploads\/2019\/11\/blank-600x450.png 600w, https:\/\/alfa7.cz\/mil\/wp-content\/uploads\/2019\/11\/blank-900x675.png 900w\" sizes=\"(max-width: 300px) 100vw, 300px\" \/><\/p>\n<h3><strong>Britten-Norman BN-2A Trislander [1:72]<br \/>\n<\/strong><\/h3>\n<p>G-LCOC, RockHopper<\/p>\n<p><strong><img loading=\"lazy\" decoding=\"async\" class=\"size-medium wp-image-6409 alignleft\" src=\"https:\/\/alfa7.cz\/mil\/wp-content\/uploads\/2020\/05\/BN_Trislander-300x169.png\" alt=\"\" width=\"300\" height=\"169\" srcset=\"https:\/\/alfa7.cz\/mil\/wp-content\/uploads\/2020\/05\/BN_Trislander-300x169.png 300w, https:\/\/alfa7.cz\/mil\/wp-content\/uploads\/2020\/05\/BN_Trislander-768x433.png 768w, https:\/\/alfa7.cz\/mil\/wp-content\/uploads\/2020\/05\/BN_Trislander-1024x578.png 1024w, https:\/\/alfa7.cz\/mil\/wp-content\/uploads\/2020\/05\/BN_Trislander-100x56.png 100w, https:\/\/alfa7.cz\/mil\/wp-content\/uploads\/2020\/05\/BN_Trislander-150x85.png 150w, https:\/\/alfa7.cz\/mil\/wp-content\/uploads\/2020\/05\/BN_Trislander-200x113.png 200w, https:\/\/alfa7.cz\/mil\/wp-content\/uploads\/2020\/05\/BN_Trislander-450x254.png 450w, https:\/\/alfa7.cz\/mil\/wp-content\/uploads\/2020\/05\/BN_Trislander-600x339.png 600w, https:\/\/alfa7.cz\/mil\/wp-content\/uploads\/2020\/05\/BN_Trislander-900x508.png 900w, https:\/\/alfa7.cz\/mil\/wp-content\/uploads\/2020\/05\/BN_Trislander.png 1405w\" sizes=\"(max-width: 300px) 100vw, 300px\" \/><\/strong><\/p>\n<p>&nbsp;<\/p>\n<p>&nbsp;<\/p>\n<p>&nbsp;<\/p>\n<p>&nbsp;<\/p>\n<p>&nbsp;<\/p>\n<hr \/>\n<h1 style=\"text-align: center;\"><!-- letter jump --><a name=\"D\"><\/a>D<\/h1>\n<hr \/>\n<p><img loading=\"lazy\" decoding=\"async\" class=\"size-medium wp-image-5591 alignright\" src=\"https:\/\/alfa7.cz\/mil\/wp-content\/uploads\/2019\/11\/blank-300x225.png\" alt=\"\" width=\"300\" height=\"225\" srcset=\"https:\/\/alfa7.cz\/mil\/wp-content\/uploads\/2019\/11\/blank-300x225.png 300w, https:\/\/alfa7.cz\/mil\/wp-content\/uploads\/2019\/11\/blank-768x576.png 768w, https:\/\/alfa7.cz\/mil\/wp-content\/uploads\/2019\/11\/blank-1024x768.png 1024w, https:\/\/alfa7.cz\/mil\/wp-content\/uploads\/2019\/11\/blank-100x75.png 100w, https:\/\/alfa7.cz\/mil\/wp-content\/uploads\/2019\/11\/blank-150x113.png 150w, https:\/\/alfa7.cz\/mil\/wp-content\/uploads\/2019\/11\/blank-200x150.png 200w, https:\/\/alfa7.cz\/mil\/wp-content\/uploads\/2019\/11\/blank-450x338.png 450w, https:\/\/alfa7.cz\/mil\/wp-content\/uploads\/2019\/11\/blank-600x450.png 600w, https:\/\/alfa7.cz\/mil\/wp-content\/uploads\/2019\/11\/blank-900x675.png 900w\" sizes=\"(max-width: 300px) 100vw, 300px\" \/><\/p>\n<h3><strong>Dornier Do-28TNT [1:72]<br \/>\n<\/strong><\/h3>\n<p>D-IFNT, Dornier-Werke<\/p>\n<p><img loading=\"lazy\" decoding=\"async\" class=\" wp-image-3127 alignleft\" src=\"https:\/\/alfa7.cz\/mil\/wp-content\/uploads\/2017\/06\/Do-28TNT-300x184.jpg\" alt=\"\" width=\"300\" height=\"184\" srcset=\"https:\/\/alfa7.cz\/mil\/wp-content\/uploads\/2017\/06\/Do-28TNT.jpg 300w, https:\/\/alfa7.cz\/mil\/wp-content\/uploads\/2017\/06\/Do-28TNT-100x61.jpg 100w, https:\/\/alfa7.cz\/mil\/wp-content\/uploads\/2017\/06\/Do-28TNT-150x92.jpg 150w, https:\/\/alfa7.cz\/mil\/wp-content\/uploads\/2017\/06\/Do-28TNT-200x123.jpg 200w\" sizes=\"(max-width: 300px) 100vw, 300px\" \/><\/p>\n<p>&nbsp;<\/p>\n<p>&nbsp;<\/p>\n<p>&nbsp;<\/p>\n<p>&nbsp;<\/p>\n<p>&nbsp;<\/p>\n<hr \/>\n<h3><strong>De Havilland Vampire T.11 [1:72]<br \/>\n<\/strong><\/h3>\n<p>XE988\/37, 8 FTS, RAF Swinderby, 1957<\/p>\n<p><img loading=\"lazy\" decoding=\"async\" class=\"wp-image-5633 alignleft\" src=\"https:\/\/alfa7.cz\/mil\/wp-content\/uploads\/2019\/11\/Vampire_T11-300x245.png\" alt=\"\" width=\"257\" height=\"210\" srcset=\"https:\/\/alfa7.cz\/mil\/wp-content\/uploads\/2019\/11\/Vampire_T11-300x245.png 300w, https:\/\/alfa7.cz\/mil\/wp-content\/uploads\/2019\/11\/Vampire_T11-768x628.png 768w, https:\/\/alfa7.cz\/mil\/wp-content\/uploads\/2019\/11\/Vampire_T11-1024x837.png 1024w, https:\/\/alfa7.cz\/mil\/wp-content\/uploads\/2019\/11\/Vampire_T11-100x82.png 100w, https:\/\/alfa7.cz\/mil\/wp-content\/uploads\/2019\/11\/Vampire_T11-150x123.png 150w, https:\/\/alfa7.cz\/mil\/wp-content\/uploads\/2019\/11\/Vampire_T11-200x164.png 200w, https:\/\/alfa7.cz\/mil\/wp-content\/uploads\/2019\/11\/Vampire_T11-450x368.png 450w, https:\/\/alfa7.cz\/mil\/wp-content\/uploads\/2019\/11\/Vampire_T11-600x491.png 600w, https:\/\/alfa7.cz\/mil\/wp-content\/uploads\/2019\/11\/Vampire_T11-900x736.png 900w\" sizes=\"(max-width: 257px) 100vw, 257px\" \/><\/p>\n<p><a href=\"https:\/\/alfa7.cz\/mil\/de-havilland-vampire-t-11\/\"><img loading=\"lazy\" decoding=\"async\" class=\"alignleft wp-image-3337 \" src=\"https:\/\/alfa7.cz\/mil\/wp-content\/uploads\/2017\/11\/PB051151-300x225.jpg\" alt=\"\" width=\"280\" height=\"210\" srcset=\"https:\/\/alfa7.cz\/mil\/wp-content\/uploads\/2017\/11\/PB051151-300x225.jpg 300w, https:\/\/alfa7.cz\/mil\/wp-content\/uploads\/2017\/11\/PB051151-100x75.jpg 100w, https:\/\/alfa7.cz\/mil\/wp-content\/uploads\/2017\/11\/PB051151-150x113.jpg 150w, https:\/\/alfa7.cz\/mil\/wp-content\/uploads\/2017\/11\/PB051151-200x150.jpg 200w, https:\/\/alfa7.cz\/mil\/wp-content\/uploads\/2017\/11\/PB051151-450x338.jpg 450w, https:\/\/alfa7.cz\/mil\/wp-content\/uploads\/2017\/11\/PB051151-600x450.jpg 600w, https:\/\/alfa7.cz\/mil\/wp-content\/uploads\/2017\/11\/PB051151.jpg 704w\" sizes=\"(max-width: 280px) 100vw, 280px\" \/><\/a><\/p>\n<p>&nbsp;<\/p>\n<p>&nbsp;<\/p>\n<p>&nbsp;<\/p>\n<p>&nbsp;<\/p>\n<p>&nbsp;<\/p>\n<hr \/>\n<h1 style=\"text-align: center;\"><!-- letter jump --><a name=\"E\"><\/a>E<\/h1>\n<hr \/>\n<h3><img loading=\"lazy\" decoding=\"async\" class=\"size-medium wp-image-5591 alignright\" src=\"https:\/\/alfa7.cz\/mil\/wp-content\/uploads\/2019\/11\/blank-300x225.png\" alt=\"\" width=\"300\" height=\"225\" srcset=\"https:\/\/alfa7.cz\/mil\/wp-content\/uploads\/2019\/11\/blank-300x225.png 300w, https:\/\/alfa7.cz\/mil\/wp-content\/uploads\/2019\/11\/blank-768x576.png 768w, https:\/\/alfa7.cz\/mil\/wp-content\/uploads\/2019\/11\/blank-1024x768.png 1024w, https:\/\/alfa7.cz\/mil\/wp-content\/uploads\/2019\/11\/blank-100x75.png 100w, https:\/\/alfa7.cz\/mil\/wp-content\/uploads\/2019\/11\/blank-150x113.png 150w, https:\/\/alfa7.cz\/mil\/wp-content\/uploads\/2019\/11\/blank-200x150.png 200w, https:\/\/alfa7.cz\/mil\/wp-content\/uploads\/2019\/11\/blank-450x338.png 450w, https:\/\/alfa7.cz\/mil\/wp-content\/uploads\/2019\/11\/blank-600x450.png 600w, https:\/\/alfa7.cz\/mil\/wp-content\/uploads\/2019\/11\/blank-900x675.png 900w\" sizes=\"(max-width: 300px) 100vw, 300px\" \/><strong>Enstrom 480B [1:72]<br \/>\n<\/strong><\/h3>\n<p>0459, 0460, 0473, 0474, Centrum leteck\u00e9ho v\u00fdcviku Pardubice<\/p>\n<p><img loading=\"lazy\" decoding=\"async\" class=\"wp-image-6320 alignleft\" src=\"https:\/\/alfa7.cz\/mil\/wp-content\/uploads\/2020\/04\/Enstrom_480_CLV-215x300.png\" alt=\"\" width=\"150\" height=\"210\" srcset=\"https:\/\/alfa7.cz\/mil\/wp-content\/uploads\/2020\/04\/Enstrom_480_CLV-215x300.png 215w, https:\/\/alfa7.cz\/mil\/wp-content\/uploads\/2020\/04\/Enstrom_480_CLV-100x140.png 100w, https:\/\/alfa7.cz\/mil\/wp-content\/uploads\/2020\/04\/Enstrom_480_CLV-150x210.png 150w, https:\/\/alfa7.cz\/mil\/wp-content\/uploads\/2020\/04\/Enstrom_480_CLV-200x279.png 200w, https:\/\/alfa7.cz\/mil\/wp-content\/uploads\/2020\/04\/Enstrom_480_CLV-300x419.png 300w, https:\/\/alfa7.cz\/mil\/wp-content\/uploads\/2020\/04\/Enstrom_480_CLV.png 355w\" sizes=\"(max-width: 150px) 100vw, 150px\" \/><\/p>\n<p>&nbsp;<\/p>\n<p>&nbsp;<\/p>\n<p>&nbsp;<\/p>\n<p>&nbsp;<\/p>\n<p>&nbsp;<\/p>\n<p>&nbsp;<\/p>\n<hr \/>\n<h3><strong>Eurocopter EC-135 [1:32]<br \/>\n<\/strong><\/h3>\n<p>OK-BYA, Policie \u010cR \/ IZS<\/p>\n<p><img loading=\"lazy\" decoding=\"async\" class=\"wp-image-5635 alignleft\" src=\"https:\/\/alfa7.cz\/mil\/wp-content\/uploads\/2019\/11\/EC-135_OK-BYA-300x248.jpg\" alt=\"\" width=\"254\" height=\"210\" srcset=\"https:\/\/alfa7.cz\/mil\/wp-content\/uploads\/2019\/11\/EC-135_OK-BYA-300x248.jpg 300w, https:\/\/alfa7.cz\/mil\/wp-content\/uploads\/2019\/11\/EC-135_OK-BYA-768x636.jpg 768w, https:\/\/alfa7.cz\/mil\/wp-content\/uploads\/2019\/11\/EC-135_OK-BYA-1024x848.jpg 1024w, https:\/\/alfa7.cz\/mil\/wp-content\/uploads\/2019\/11\/EC-135_OK-BYA-100x83.jpg 100w, https:\/\/alfa7.cz\/mil\/wp-content\/uploads\/2019\/11\/EC-135_OK-BYA-150x124.jpg 150w, https:\/\/alfa7.cz\/mil\/wp-content\/uploads\/2019\/11\/EC-135_OK-BYA-200x166.jpg 200w, https:\/\/alfa7.cz\/mil\/wp-content\/uploads\/2019\/11\/EC-135_OK-BYA-450x373.jpg 450w, https:\/\/alfa7.cz\/mil\/wp-content\/uploads\/2019\/11\/EC-135_OK-BYA-600x497.jpg 600w, https:\/\/alfa7.cz\/mil\/wp-content\/uploads\/2019\/11\/EC-135_OK-BYA-900x745.jpg 900w, https:\/\/alfa7.cz\/mil\/wp-content\/uploads\/2019\/11\/EC-135_OK-BYA.jpg 1654w\" sizes=\"(max-width: 254px) 100vw, 254px\" \/><\/p>\n<p><img loading=\"lazy\" decoding=\"async\" class=\"wp-image-6309 alignleft\" src=\"https:\/\/alfa7.cz\/mil\/wp-content\/uploads\/2020\/04\/53EF1DCA-0DC1-4E92-8D66-3A438889BAEE-300x225.jpeg\" alt=\"\" width=\"280\" height=\"210\" srcset=\"https:\/\/alfa7.cz\/mil\/wp-content\/uploads\/2020\/04\/53EF1DCA-0DC1-4E92-8D66-3A438889BAEE-300x225.jpeg 300w, https:\/\/alfa7.cz\/mil\/wp-content\/uploads\/2020\/04\/53EF1DCA-0DC1-4E92-8D66-3A438889BAEE-768x576.jpeg 768w, https:\/\/alfa7.cz\/mil\/wp-content\/uploads\/2020\/04\/53EF1DCA-0DC1-4E92-8D66-3A438889BAEE-100x75.jpeg 100w, https:\/\/alfa7.cz\/mil\/wp-content\/uploads\/2020\/04\/53EF1DCA-0DC1-4E92-8D66-3A438889BAEE-150x113.jpeg 150w, https:\/\/alfa7.cz\/mil\/wp-content\/uploads\/2020\/04\/53EF1DCA-0DC1-4E92-8D66-3A438889BAEE-200x150.jpeg 200w, https:\/\/alfa7.cz\/mil\/wp-content\/uploads\/2020\/04\/53EF1DCA-0DC1-4E92-8D66-3A438889BAEE-450x338.jpeg 450w, https:\/\/alfa7.cz\/mil\/wp-content\/uploads\/2020\/04\/53EF1DCA-0DC1-4E92-8D66-3A438889BAEE-600x450.jpeg 600w, https:\/\/alfa7.cz\/mil\/wp-content\/uploads\/2020\/04\/53EF1DCA-0DC1-4E92-8D66-3A438889BAEE-900x675.jpeg 900w, https:\/\/alfa7.cz\/mil\/wp-content\/uploads\/2020\/04\/53EF1DCA-0DC1-4E92-8D66-3A438889BAEE.jpeg 960w\" sizes=\"(max-width: 280px) 100vw, 280px\" \/><\/p>\n<p>&nbsp;<\/p>\n<p>&nbsp;<\/p>\n<p>&nbsp;<\/p>\n<p>&nbsp;<\/p>\n<p>&nbsp;<\/p>\n<p>&nbsp;<\/p>\n<hr \/>\n<h1 style=\"text-align: center;\"><!-- letter jump --><a name=\"F\"><\/a>F<\/h1>\n<hr \/>\n<p><img loading=\"lazy\" decoding=\"async\" class=\"size-medium wp-image-5591 alignright\" src=\"https:\/\/alfa7.cz\/mil\/wp-content\/uploads\/2019\/11\/blank-300x225.png\" alt=\"\" width=\"300\" height=\"225\" srcset=\"https:\/\/alfa7.cz\/mil\/wp-content\/uploads\/2019\/11\/blank-300x225.png 300w, https:\/\/alfa7.cz\/mil\/wp-content\/uploads\/2019\/11\/blank-768x576.png 768w, https:\/\/alfa7.cz\/mil\/wp-content\/uploads\/2019\/11\/blank-1024x768.png 1024w, https:\/\/alfa7.cz\/mil\/wp-content\/uploads\/2019\/11\/blank-100x75.png 100w, https:\/\/alfa7.cz\/mil\/wp-content\/uploads\/2019\/11\/blank-150x113.png 150w, https:\/\/alfa7.cz\/mil\/wp-content\/uploads\/2019\/11\/blank-200x150.png 200w, https:\/\/alfa7.cz\/mil\/wp-content\/uploads\/2019\/11\/blank-450x338.png 450w, https:\/\/alfa7.cz\/mil\/wp-content\/uploads\/2019\/11\/blank-600x450.png 600w, https:\/\/alfa7.cz\/mil\/wp-content\/uploads\/2019\/11\/blank-900x675.png 900w\" sizes=\"(max-width: 300px) 100vw, 300px\" \/><\/p>\n<h3><strong>Fouga CM-170 Magister [1:72]<br \/>\n<\/strong><\/h3>\n<p>512 \/ 312-AU, Arm\u00e9e de&#8217;l Air<\/p>\n<p><img loading=\"lazy\" decoding=\"async\" class=\"size-medium wp-image-3126 alignleft\" src=\"https:\/\/alfa7.cz\/mil\/wp-content\/uploads\/2017\/06\/CM170-300x142.jpg\" alt=\"\" width=\"300\" height=\"142\" srcset=\"https:\/\/alfa7.cz\/mil\/wp-content\/uploads\/2017\/06\/CM170.jpg 300w, https:\/\/alfa7.cz\/mil\/wp-content\/uploads\/2017\/06\/CM170-100x47.jpg 100w, https:\/\/alfa7.cz\/mil\/wp-content\/uploads\/2017\/06\/CM170-150x71.jpg 150w, https:\/\/alfa7.cz\/mil\/wp-content\/uploads\/2017\/06\/CM170-200x95.jpg 200w\" sizes=\"(max-width: 300px) 100vw, 300px\" \/><\/p>\n<p>&nbsp;<\/p>\n<p>&nbsp;<\/p>\n<p>&nbsp;<\/p>\n<p>&nbsp;<\/p>\n<hr \/>\n<h1 style=\"text-align: center;\"><!-- letter jump --><a name=\"G\"><\/a>G<\/h1>\n<hr \/>\n<h3><strong>Grumman E-2C Hawkeye [1:144]<br \/>\n<\/strong><\/h3>\n<p>165298\/AB603, USN, VAW-123 Screwtops, USS Enterprise<\/p>\n<p><img loading=\"lazy\" decoding=\"async\" class=\"size-medium wp-image-3128 alignleft\" src=\"https:\/\/alfa7.cz\/mil\/wp-content\/uploads\/2017\/06\/E-2C_USN_VAW-123-300x158.jpg\" alt=\"\" width=\"300\" height=\"158\" srcset=\"https:\/\/alfa7.cz\/mil\/wp-content\/uploads\/2017\/06\/E-2C_USN_VAW-123.jpg 300w, https:\/\/alfa7.cz\/mil\/wp-content\/uploads\/2017\/06\/E-2C_USN_VAW-123-100x53.jpg 100w, https:\/\/alfa7.cz\/mil\/wp-content\/uploads\/2017\/06\/E-2C_USN_VAW-123-150x79.jpg 150w, https:\/\/alfa7.cz\/mil\/wp-content\/uploads\/2017\/06\/E-2C_USN_VAW-123-200x105.jpg 200w\" sizes=\"(max-width: 300px) 100vw, 300px\" \/><\/p>\n<p><a href=\"https:\/\/alfa7.cz\/mil\/grumman-e-2c-hawkeye-1144\/\"><img loading=\"lazy\" decoding=\"async\" class=\"alignleft wp-image-713 \" src=\"https:\/\/alfa7.cz\/mil\/wp-content\/uploads\/2015\/05\/pa120278-300x225.jpg\" alt=\"\" width=\"280\" height=\"210\" srcset=\"https:\/\/alfa7.cz\/mil\/wp-content\/uploads\/2015\/05\/pa120278-300x225.jpg 300w, https:\/\/alfa7.cz\/mil\/wp-content\/uploads\/2015\/05\/pa120278-100x75.jpg 100w, https:\/\/alfa7.cz\/mil\/wp-content\/uploads\/2015\/05\/pa120278-150x113.jpg 150w, https:\/\/alfa7.cz\/mil\/wp-content\/uploads\/2015\/05\/pa120278-200x150.jpg 200w, https:\/\/alfa7.cz\/mil\/wp-content\/uploads\/2015\/05\/pa120278-450x338.jpg 450w, https:\/\/alfa7.cz\/mil\/wp-content\/uploads\/2015\/05\/pa120278-600x450.jpg 600w, https:\/\/alfa7.cz\/mil\/wp-content\/uploads\/2015\/05\/pa120278.jpg 704w\" sizes=\"(max-width: 280px) 100vw, 280px\" \/><\/a><\/p>\n<p>&nbsp;<\/p>\n<p>&nbsp;<\/p>\n<p>&nbsp;<\/p>\n<p>&nbsp;<\/p>\n<p>&nbsp;<\/p>\n<hr \/>\n<h3><strong>Grumman F-14A Tomcat <\/strong><strong>[1:144]<\/strong><\/h3>\n<p>159434\/AE100, USN, VF-143 Pukin\u2018 Dogs, NAS Oceana, 1976<\/p>\n<p><img loading=\"lazy\" decoding=\"async\" class=\"size-medium wp-image-3137 alignleft\" src=\"https:\/\/alfa7.cz\/mil\/wp-content\/uploads\/2017\/06\/F-14A_USN_VF-143-300x178.jpg\" alt=\"\" width=\"300\" height=\"178\" srcset=\"https:\/\/alfa7.cz\/mil\/wp-content\/uploads\/2017\/06\/F-14A_USN_VF-143.jpg 300w, https:\/\/alfa7.cz\/mil\/wp-content\/uploads\/2017\/06\/F-14A_USN_VF-143-100x59.jpg 100w, https:\/\/alfa7.cz\/mil\/wp-content\/uploads\/2017\/06\/F-14A_USN_VF-143-150x89.jpg 150w, https:\/\/alfa7.cz\/mil\/wp-content\/uploads\/2017\/06\/F-14A_USN_VF-143-200x119.jpg 200w\" sizes=\"(max-width: 300px) 100vw, 300px\" \/> <a href=\"https:\/\/alfa7.cz\/mil\/grumman-f-14a-tomcat-vf-143-1144\/\"><img loading=\"lazy\" decoding=\"async\" class=\"alignleft wp-image-3042 \" src=\"https:\/\/alfa7.cz\/mil\/wp-content\/uploads\/2017\/05\/P5071144-300x225.jpg\" alt=\"\" width=\"280\" height=\"210\" srcset=\"https:\/\/alfa7.cz\/mil\/wp-content\/uploads\/2017\/05\/P5071144-300x225.jpg 300w, https:\/\/alfa7.cz\/mil\/wp-content\/uploads\/2017\/05\/P5071144-100x75.jpg 100w, https:\/\/alfa7.cz\/mil\/wp-content\/uploads\/2017\/05\/P5071144-150x113.jpg 150w, https:\/\/alfa7.cz\/mil\/wp-content\/uploads\/2017\/05\/P5071144-200x150.jpg 200w, https:\/\/alfa7.cz\/mil\/wp-content\/uploads\/2017\/05\/P5071144-450x338.jpg 450w, https:\/\/alfa7.cz\/mil\/wp-content\/uploads\/2017\/05\/P5071144-600x450.jpg 600w, https:\/\/alfa7.cz\/mil\/wp-content\/uploads\/2017\/05\/P5071144.jpg 704w\" sizes=\"(max-width: 280px) 100vw, 280px\" \/><\/a><\/p>\n<p>&nbsp;<\/p>\n<p>&nbsp;<\/p>\n<p>&nbsp;<\/p>\n<p>&nbsp;<\/p>\n<p>&nbsp;<\/p>\n<hr \/>\n<h3><strong>Grumman F-14A Tomcat <\/strong><strong>[1:144]<\/strong><\/h3>\n<p>3-6027, Iran Imperial Air Force, 1980<\/p>\n<p><img loading=\"lazy\" decoding=\"async\" class=\"wp-image-3133 alignleft\" src=\"https:\/\/alfa7.cz\/mil\/wp-content\/uploads\/2017\/06\/F-14A_IIAF.jpg\" alt=\"\" width=\"224\" height=\"210\" srcset=\"https:\/\/alfa7.cz\/mil\/wp-content\/uploads\/2017\/06\/F-14A_IIAF.jpg 197w, https:\/\/alfa7.cz\/mil\/wp-content\/uploads\/2017\/06\/F-14A_IIAF-100x94.jpg 100w, https:\/\/alfa7.cz\/mil\/wp-content\/uploads\/2017\/06\/F-14A_IIAF-150x141.jpg 150w\" sizes=\"(max-width: 224px) 100vw, 224px\" \/><\/p>\n<p><a href=\"https:\/\/alfa7.cz\/mil\/grumman-f-14a-tomcat-iiaf-1144\/\"><img loading=\"lazy\" decoding=\"async\" class=\"alignleft wp-image-2840\" src=\"https:\/\/alfa7.cz\/mil\/wp-content\/uploads\/2017\/02\/P2121120-300x225.jpg\" alt=\"\" width=\"280\" height=\"210\" srcset=\"https:\/\/alfa7.cz\/mil\/wp-content\/uploads\/2017\/02\/P2121120-300x225.jpg 300w, https:\/\/alfa7.cz\/mil\/wp-content\/uploads\/2017\/02\/P2121120-100x75.jpg 100w, https:\/\/alfa7.cz\/mil\/wp-content\/uploads\/2017\/02\/P2121120-150x113.jpg 150w, https:\/\/alfa7.cz\/mil\/wp-content\/uploads\/2017\/02\/P2121120-200x150.jpg 200w, https:\/\/alfa7.cz\/mil\/wp-content\/uploads\/2017\/02\/P2121120-450x338.jpg 450w, https:\/\/alfa7.cz\/mil\/wp-content\/uploads\/2017\/02\/P2121120-600x450.jpg 600w, https:\/\/alfa7.cz\/mil\/wp-content\/uploads\/2017\/02\/P2121120.jpg 704w\" sizes=\"(max-width: 280px) 100vw, 280px\" \/><\/a><\/p>\n<p>&nbsp;<\/p>\n<p>&nbsp;<\/p>\n<p>&nbsp;<\/p>\n<p>&nbsp;<\/p>\n<p>&nbsp;<\/p>\n<p>&nbsp;<\/p>\n<hr \/>\n<h3><strong>Grumman F-14A Tomcat <\/strong><strong>[1:144]<\/strong><\/h3>\n<p>3-6028, Islamic Republic of Iran Air Force, 2016<\/p>\n<p><img loading=\"lazy\" decoding=\"async\" class=\"wp-image-3134 alignleft\" src=\"https:\/\/alfa7.cz\/mil\/wp-content\/uploads\/2017\/06\/F-14A_IRIAF.jpg\" alt=\"\" width=\"225\" height=\"210\" srcset=\"https:\/\/alfa7.cz\/mil\/wp-content\/uploads\/2017\/06\/F-14A_IRIAF.jpg 197w, https:\/\/alfa7.cz\/mil\/wp-content\/uploads\/2017\/06\/F-14A_IRIAF-100x93.jpg 100w, https:\/\/alfa7.cz\/mil\/wp-content\/uploads\/2017\/06\/F-14A_IRIAF-150x140.jpg 150w\" sizes=\"(max-width: 225px) 100vw, 225px\" \/><\/p>\n<p><a href=\"https:\/\/alfa7.cz\/mil\/grumman-f-14a-tomcat-iriaf-1144\/\"><img loading=\"lazy\" decoding=\"async\" class=\"alignleft wp-image-3170\" src=\"https:\/\/alfa7.cz\/mil\/wp-content\/uploads\/2017\/06\/P6171164-300x225.jpg\" alt=\"\" width=\"280\" height=\"210\" srcset=\"https:\/\/alfa7.cz\/mil\/wp-content\/uploads\/2017\/06\/P6171164-300x225.jpg 300w, https:\/\/alfa7.cz\/mil\/wp-content\/uploads\/2017\/06\/P6171164-100x75.jpg 100w, https:\/\/alfa7.cz\/mil\/wp-content\/uploads\/2017\/06\/P6171164-150x113.jpg 150w, https:\/\/alfa7.cz\/mil\/wp-content\/uploads\/2017\/06\/P6171164-200x150.jpg 200w, https:\/\/alfa7.cz\/mil\/wp-content\/uploads\/2017\/06\/P6171164-450x338.jpg 450w, https:\/\/alfa7.cz\/mil\/wp-content\/uploads\/2017\/06\/P6171164-600x450.jpg 600w, https:\/\/alfa7.cz\/mil\/wp-content\/uploads\/2017\/06\/P6171164.jpg 704w\" sizes=\"(max-width: 280px) 100vw, 280px\" \/><\/a><\/p>\n<p>&nbsp;<\/p>\n<p>&nbsp;<\/p>\n<p>&nbsp;<\/p>\n<p>&nbsp;<\/p>\n<p>&nbsp;<\/p>\n<hr \/>\n<h3><strong>Grumman F-14A Tomcat <\/strong><strong>[1:144]<\/strong><\/h3>\n<p>160403\/AJ102, USN, VF-41 Black Aces, CVN-68 Nimitz, 1989<\/p>\n<p><img loading=\"lazy\" decoding=\"async\" class=\" wp-image-3135 alignleft\" src=\"https:\/\/alfa7.cz\/mil\/wp-content\/uploads\/2017\/06\/F-14A_USN_VF-41-300x77.jpg\" alt=\"\" width=\"300\" height=\"77\" srcset=\"https:\/\/alfa7.cz\/mil\/wp-content\/uploads\/2017\/06\/F-14A_USN_VF-41.jpg 300w, https:\/\/alfa7.cz\/mil\/wp-content\/uploads\/2017\/06\/F-14A_USN_VF-41-100x26.jpg 100w, https:\/\/alfa7.cz\/mil\/wp-content\/uploads\/2017\/06\/F-14A_USN_VF-41-150x39.jpg 150w, https:\/\/alfa7.cz\/mil\/wp-content\/uploads\/2017\/06\/F-14A_USN_VF-41-200x51.jpg 200w\" sizes=\"(max-width: 300px) 100vw, 300px\" \/><\/p>\n<p><a href=\"https:\/\/alfa7.cz\/mil\/grumman-f-14a-tomcat-vf-41-1144\/\"><img loading=\"lazy\" decoding=\"async\" class=\"alignleft wp-image-2817 \" src=\"https:\/\/alfa7.cz\/mil\/wp-content\/uploads\/2017\/02\/P2041100-300x225.jpg\" alt=\"\" width=\"280\" height=\"210\" srcset=\"https:\/\/alfa7.cz\/mil\/wp-content\/uploads\/2017\/02\/P2041100-300x225.jpg 300w, https:\/\/alfa7.cz\/mil\/wp-content\/uploads\/2017\/02\/P2041100-100x75.jpg 100w, https:\/\/alfa7.cz\/mil\/wp-content\/uploads\/2017\/02\/P2041100-150x113.jpg 150w, https:\/\/alfa7.cz\/mil\/wp-content\/uploads\/2017\/02\/P2041100-200x150.jpg 200w, https:\/\/alfa7.cz\/mil\/wp-content\/uploads\/2017\/02\/P2041100-450x338.jpg 450w, https:\/\/alfa7.cz\/mil\/wp-content\/uploads\/2017\/02\/P2041100-600x450.jpg 600w, https:\/\/alfa7.cz\/mil\/wp-content\/uploads\/2017\/02\/P2041100.jpg 704w\" sizes=\"(max-width: 280px) 100vw, 280px\" \/><\/a><\/p>\n<p>&nbsp;<\/p>\n<p>&nbsp;<\/p>\n<p>&nbsp;<\/p>\n<p>&nbsp;<\/p>\n<p>&nbsp;<\/p>\n<hr \/>\n<h3><strong>Grumman F-14D Tomcat <\/strong><strong>[1:144]<\/strong><\/h3>\n<p>164342\/AJ100, USN, VF-31 Tomcatters, CVN-71 Theodore Roosevelt, 2006<\/p>\n<p><img loading=\"lazy\" decoding=\"async\" class=\"wp-image-3136 alignleft\" src=\"https:\/\/alfa7.cz\/mil\/wp-content\/uploads\/2017\/06\/F-14A_USN_VF-43-254x300.jpg\" alt=\"\" width=\"178\" height=\"210\" srcset=\"https:\/\/alfa7.cz\/mil\/wp-content\/uploads\/2017\/06\/F-14A_USN_VF-43-254x300.jpg 254w, https:\/\/alfa7.cz\/mil\/wp-content\/uploads\/2017\/06\/F-14A_USN_VF-43-100x118.jpg 100w, https:\/\/alfa7.cz\/mil\/wp-content\/uploads\/2017\/06\/F-14A_USN_VF-43-150x177.jpg 150w, https:\/\/alfa7.cz\/mil\/wp-content\/uploads\/2017\/06\/F-14A_USN_VF-43-200x236.jpg 200w, https:\/\/alfa7.cz\/mil\/wp-content\/uploads\/2017\/06\/F-14A_USN_VF-43.jpg 300w\" sizes=\"(max-width: 178px) 100vw, 178px\" \/><\/p>\n<p><a href=\"https:\/\/alfa7.cz\/mil\/grumman-f-14d-tomcat-vf-31-1144\/\"><img loading=\"lazy\" decoding=\"async\" class=\"alignleft wp-image-2862 \" src=\"https:\/\/alfa7.cz\/mil\/wp-content\/uploads\/2017\/03\/P3041133-300x225.jpg\" alt=\"\" width=\"280\" height=\"210\" srcset=\"https:\/\/alfa7.cz\/mil\/wp-content\/uploads\/2017\/03\/P3041133-300x225.jpg 300w, https:\/\/alfa7.cz\/mil\/wp-content\/uploads\/2017\/03\/P3041133-100x75.jpg 100w, https:\/\/alfa7.cz\/mil\/wp-content\/uploads\/2017\/03\/P3041133-150x113.jpg 150w, https:\/\/alfa7.cz\/mil\/wp-content\/uploads\/2017\/03\/P3041133-200x150.jpg 200w, https:\/\/alfa7.cz\/mil\/wp-content\/uploads\/2017\/03\/P3041133-450x338.jpg 450w, https:\/\/alfa7.cz\/mil\/wp-content\/uploads\/2017\/03\/P3041133-600x450.jpg 600w, https:\/\/alfa7.cz\/mil\/wp-content\/uploads\/2017\/03\/P3041133.jpg 704w\" sizes=\"(max-width: 280px) 100vw, 280px\" \/><\/a><\/p>\n<p>&nbsp;<\/p>\n<p>&nbsp;<\/p>\n<p>&nbsp;<\/p>\n<p>&nbsp;<\/p>\n<p>&nbsp;<\/p>\n<hr \/>\n<h1 style=\"text-align: center;\"><!-- letter jump --><a name=\"H\"><\/a>H<\/h1>\n<hr \/>\n<h3><a href=\"https:\/\/alfa7.cz\/harrier-prvni\/\">Hawker Siddeley Harrier GR.1<\/a> <strong>[1:144]<\/strong><\/h3>\n<p>XV749 \/ K, No. 1 (F) Squadron, RAF Wittering, z\u00e1\u0159\u00ed 1970<\/p>\n<p><img loading=\"lazy\" decoding=\"async\" class=\"size-medium wp-image-6590 alignleft\" src=\"https:\/\/alfa7.cz\/mil\/wp-content\/uploads\/2021\/01\/Harrier_GR1-300x116.jpg\" alt=\"\" width=\"300\" height=\"116\" srcset=\"https:\/\/alfa7.cz\/mil\/wp-content\/uploads\/2021\/01\/Harrier_GR1-300x116.jpg 300w, https:\/\/alfa7.cz\/mil\/wp-content\/uploads\/2021\/01\/Harrier_GR1-768x298.jpg 768w, https:\/\/alfa7.cz\/mil\/wp-content\/uploads\/2021\/01\/Harrier_GR1-100x39.jpg 100w, https:\/\/alfa7.cz\/mil\/wp-content\/uploads\/2021\/01\/Harrier_GR1-150x58.jpg 150w, https:\/\/alfa7.cz\/mil\/wp-content\/uploads\/2021\/01\/Harrier_GR1-200x78.jpg 200w, https:\/\/alfa7.cz\/mil\/wp-content\/uploads\/2021\/01\/Harrier_GR1-450x175.jpg 450w, https:\/\/alfa7.cz\/mil\/wp-content\/uploads\/2021\/01\/Harrier_GR1-600x233.jpg 600w, https:\/\/alfa7.cz\/mil\/wp-content\/uploads\/2021\/01\/Harrier_GR1.jpg 791w\" sizes=\"(max-width: 300px) 100vw, 300px\" \/><a href=\"https:\/\/alfa7.cz\/mil\/hawker-siddeley-harrier-gr-1-1144\/\"><img loading=\"lazy\" decoding=\"async\" class=\" wp-image-6588 alignleft\" src=\"https:\/\/alfa7.cz\/mil\/wp-content\/uploads\/2021\/01\/P1161596-300x225.jpg\" alt=\"\" width=\"279\" height=\"209\" srcset=\"https:\/\/alfa7.cz\/mil\/wp-content\/uploads\/2021\/01\/P1161596-300x225.jpg 300w, https:\/\/alfa7.cz\/mil\/wp-content\/uploads\/2021\/01\/P1161596-768x576.jpg 768w, https:\/\/alfa7.cz\/mil\/wp-content\/uploads\/2021\/01\/P1161596.jpg 1024w, https:\/\/alfa7.cz\/mil\/wp-content\/uploads\/2021\/01\/P1161596-100x75.jpg 100w, https:\/\/alfa7.cz\/mil\/wp-content\/uploads\/2021\/01\/P1161596-150x113.jpg 150w, https:\/\/alfa7.cz\/mil\/wp-content\/uploads\/2021\/01\/P1161596-200x150.jpg 200w, https:\/\/alfa7.cz\/mil\/wp-content\/uploads\/2021\/01\/P1161596-450x338.jpg 450w, https:\/\/alfa7.cz\/mil\/wp-content\/uploads\/2021\/01\/P1161596-600x450.jpg 600w, https:\/\/alfa7.cz\/mil\/wp-content\/uploads\/2021\/01\/P1161596-900x675.jpg 900w\" sizes=\"(max-width: 279px) 100vw, 279px\" \/><\/a><\/p>\n<p>&nbsp;<\/p>\n<p>&nbsp;<\/p>\n<p>&nbsp;<\/p>\n<p>&nbsp;<\/p>\n<p>&nbsp;<\/p>\n<hr \/>\n<p><img loading=\"lazy\" decoding=\"async\" class=\"size-medium wp-image-5591 alignright\" src=\"https:\/\/alfa7.cz\/mil\/wp-content\/uploads\/2019\/11\/blank-300x225.png\" alt=\"\" width=\"300\" height=\"225\" srcset=\"https:\/\/alfa7.cz\/mil\/wp-content\/uploads\/2019\/11\/blank-300x225.png 300w, https:\/\/alfa7.cz\/mil\/wp-content\/uploads\/2019\/11\/blank-768x576.png 768w, https:\/\/alfa7.cz\/mil\/wp-content\/uploads\/2019\/11\/blank-1024x768.png 1024w, https:\/\/alfa7.cz\/mil\/wp-content\/uploads\/2019\/11\/blank-100x75.png 100w, https:\/\/alfa7.cz\/mil\/wp-content\/uploads\/2019\/11\/blank-150x113.png 150w, https:\/\/alfa7.cz\/mil\/wp-content\/uploads\/2019\/11\/blank-200x150.png 200w, https:\/\/alfa7.cz\/mil\/wp-content\/uploads\/2019\/11\/blank-450x338.png 450w, https:\/\/alfa7.cz\/mil\/wp-content\/uploads\/2019\/11\/blank-600x450.png 600w, https:\/\/alfa7.cz\/mil\/wp-content\/uploads\/2019\/11\/blank-900x675.png 900w\" sizes=\"(max-width: 300px) 100vw, 300px\" \/><\/p>\n<h3><strong>HESA Saeqeh <\/strong><strong>[1:144]<\/strong><\/h3>\n<p>\u00cdr\u00e1n<\/p>\n<p><img loading=\"lazy\" decoding=\"async\" class=\" wp-image-3153 alignleft\" src=\"https:\/\/alfa7.cz\/mil\/wp-content\/uploads\/2017\/06\/Saeqeh-300x107.jpg\" alt=\"\" width=\"328\" height=\"117\" srcset=\"https:\/\/alfa7.cz\/mil\/wp-content\/uploads\/2017\/06\/Saeqeh.jpg 300w, https:\/\/alfa7.cz\/mil\/wp-content\/uploads\/2017\/06\/Saeqeh-100x36.jpg 100w, https:\/\/alfa7.cz\/mil\/wp-content\/uploads\/2017\/06\/Saeqeh-150x54.jpg 150w, https:\/\/alfa7.cz\/mil\/wp-content\/uploads\/2017\/06\/Saeqeh-200x71.jpg 200w\" sizes=\"(max-width: 328px) 100vw, 328px\" \/><\/p>\n<p>&nbsp;<\/p>\n<p>&nbsp;<\/p>\n<p>&nbsp;<\/p>\n<p>&nbsp;<\/p>\n<hr \/>\n<h1 style=\"text-align: center;\"><!-- letter jump --><a name=\"I\"><\/a>I<\/h1>\n<hr \/>\n<p><img loading=\"lazy\" decoding=\"async\" class=\"size-medium wp-image-5591 alignright\" src=\"https:\/\/alfa7.cz\/mil\/wp-content\/uploads\/2019\/11\/blank-300x225.png\" alt=\"\" width=\"300\" height=\"225\" srcset=\"https:\/\/alfa7.cz\/mil\/wp-content\/uploads\/2019\/11\/blank-300x225.png 300w, https:\/\/alfa7.cz\/mil\/wp-content\/uploads\/2019\/11\/blank-768x576.png 768w, https:\/\/alfa7.cz\/mil\/wp-content\/uploads\/2019\/11\/blank-1024x768.png 1024w, https:\/\/alfa7.cz\/mil\/wp-content\/uploads\/2019\/11\/blank-100x75.png 100w, https:\/\/alfa7.cz\/mil\/wp-content\/uploads\/2019\/11\/blank-150x113.png 150w, https:\/\/alfa7.cz\/mil\/wp-content\/uploads\/2019\/11\/blank-200x150.png 200w, https:\/\/alfa7.cz\/mil\/wp-content\/uploads\/2019\/11\/blank-450x338.png 450w, https:\/\/alfa7.cz\/mil\/wp-content\/uploads\/2019\/11\/blank-600x450.png 600w, https:\/\/alfa7.cz\/mil\/wp-content\/uploads\/2019\/11\/blank-900x675.png 900w\" sizes=\"(max-width: 300px) 100vw, 300px\" \/><\/p>\n<h3><strong><a href=\"https:\/\/alfa7.cz\/fousata-osmnactka\/\">Ilju\u0161in Il-18V<\/a> [1:100]<\/strong><\/h3>\n<p>OK-PAE, \u010ceskoslovensk\u00e9 aerolinie, 1977<\/p>\n<p><img decoding=\"async\" class=\"size-large wp-image-6700 alignleft\" src=\"https:\/\/alfa7.cz\/mil\/wp-content\/uploads\/2021\/03\/Il-18_OK-PAE_70s_obtisk-1024x245.jpg\" alt=\"\" width=\"500\" srcset=\"https:\/\/alfa7.cz\/mil\/wp-content\/uploads\/2021\/03\/Il-18_OK-PAE_70s_obtisk-1024x245.jpg 1024w, https:\/\/alfa7.cz\/mil\/wp-content\/uploads\/2021\/03\/Il-18_OK-PAE_70s_obtisk-300x72.jpg 300w, https:\/\/alfa7.cz\/mil\/wp-content\/uploads\/2021\/03\/Il-18_OK-PAE_70s_obtisk-768x184.jpg 768w, https:\/\/alfa7.cz\/mil\/wp-content\/uploads\/2021\/03\/Il-18_OK-PAE_70s_obtisk-100x24.jpg 100w, https:\/\/alfa7.cz\/mil\/wp-content\/uploads\/2021\/03\/Il-18_OK-PAE_70s_obtisk-150x36.jpg 150w, https:\/\/alfa7.cz\/mil\/wp-content\/uploads\/2021\/03\/Il-18_OK-PAE_70s_obtisk-200x48.jpg 200w, https:\/\/alfa7.cz\/mil\/wp-content\/uploads\/2021\/03\/Il-18_OK-PAE_70s_obtisk-450x108.jpg 450w, https:\/\/alfa7.cz\/mil\/wp-content\/uploads\/2021\/03\/Il-18_OK-PAE_70s_obtisk-600x144.jpg 600w, https:\/\/alfa7.cz\/mil\/wp-content\/uploads\/2021\/03\/Il-18_OK-PAE_70s_obtisk-900x215.jpg 900w, https:\/\/alfa7.cz\/mil\/wp-content\/uploads\/2021\/03\/Il-18_OK-PAE_70s_obtisk.jpg 1103w\" sizes=\"(max-width: 1024px) 100vw, 1024px\" \/><\/p>\n<p>&nbsp;<\/p>\n<p>&nbsp;<\/p>\n<p>&nbsp;<\/p>\n<p>&nbsp;<\/p>\n<hr \/>\n<h1 style=\"text-align: center;\"><!-- letter jump --><a name=\"K\"><\/a>K<\/h1>\n<hr \/>\n<h3><strong>KAI T-50 Golden Eagle [1:72]<\/strong><\/h3>\n<p>08-028, ROKAF<\/p>\n<p><img loading=\"lazy\" decoding=\"async\" class=\"wp-image-5639 alignleft\" src=\"https:\/\/alfa7.cz\/mil\/wp-content\/uploads\/2019\/11\/T-50-300x235.png\" alt=\"\" width=\"268\" height=\"210\" srcset=\"https:\/\/alfa7.cz\/mil\/wp-content\/uploads\/2019\/11\/T-50-300x235.png 300w, https:\/\/alfa7.cz\/mil\/wp-content\/uploads\/2019\/11\/T-50-768x602.png 768w, https:\/\/alfa7.cz\/mil\/wp-content\/uploads\/2019\/11\/T-50-1024x802.png 1024w, https:\/\/alfa7.cz\/mil\/wp-content\/uploads\/2019\/11\/T-50-100x78.png 100w, https:\/\/alfa7.cz\/mil\/wp-content\/uploads\/2019\/11\/T-50-150x117.png 150w, https:\/\/alfa7.cz\/mil\/wp-content\/uploads\/2019\/11\/T-50-200x157.png 200w, https:\/\/alfa7.cz\/mil\/wp-content\/uploads\/2019\/11\/T-50-450x352.png 450w, https:\/\/alfa7.cz\/mil\/wp-content\/uploads\/2019\/11\/T-50-600x470.png 600w, https:\/\/alfa7.cz\/mil\/wp-content\/uploads\/2019\/11\/T-50-900x705.png 900w, https:\/\/alfa7.cz\/mil\/wp-content\/uploads\/2019\/11\/T-50.png 1181w\" sizes=\"(max-width: 268px) 100vw, 268px\" \/><\/p>\n<p>&nbsp;<\/p>\n<p>&nbsp;<\/p>\n<p>&nbsp;<\/p>\n<p>&nbsp;<\/p>\n<p>&nbsp;<\/p>\n<p>&nbsp;<\/p>\n<hr \/>\n<h1 style=\"text-align: center;\"><!-- letter jump --><a name=\"L\"><\/a>L<\/h1>\n<hr \/>\n<h3><strong>Lavo\u010dkin La-5UTI (ULa-5F) <\/strong><strong>[1:144]<\/strong><\/h3>\n<p>91, Leteck\u00fd pluk 1, Pie\u0161\u0165any, 16.5.1946<\/p>\n<p><img loading=\"lazy\" decoding=\"async\" class=\"wp-image-3147 alignleft\" src=\"https:\/\/alfa7.cz\/mil\/wp-content\/uploads\/2017\/06\/La-5UTI.jpg\" alt=\"\" width=\"187\" height=\"124\" srcset=\"https:\/\/alfa7.cz\/mil\/wp-content\/uploads\/2017\/06\/La-5UTI.jpg 197w, https:\/\/alfa7.cz\/mil\/wp-content\/uploads\/2017\/06\/La-5UTI-100x66.jpg 100w, https:\/\/alfa7.cz\/mil\/wp-content\/uploads\/2017\/06\/La-5UTI-150x100.jpg 150w\" sizes=\"(max-width: 187px) 100vw, 187px\" \/><\/p>\n<p><a href=\"https:\/\/alfa7.cz\/mil\/lavockin-la-5uti-1144\/\"><img loading=\"lazy\" decoding=\"async\" class=\"alignleft wp-image-928 \" src=\"https:\/\/alfa7.cz\/mil\/wp-content\/uploads\/2015\/07\/P7260673-300x225.jpg\" alt=\"\" width=\"280\" height=\"210\" srcset=\"https:\/\/alfa7.cz\/mil\/wp-content\/uploads\/2015\/07\/P7260673-300x225.jpg 300w, https:\/\/alfa7.cz\/mil\/wp-content\/uploads\/2015\/07\/P7260673-100x75.jpg 100w, https:\/\/alfa7.cz\/mil\/wp-content\/uploads\/2015\/07\/P7260673-150x113.jpg 150w, https:\/\/alfa7.cz\/mil\/wp-content\/uploads\/2015\/07\/P7260673-200x150.jpg 200w, https:\/\/alfa7.cz\/mil\/wp-content\/uploads\/2015\/07\/P7260673-450x338.jpg 450w, https:\/\/alfa7.cz\/mil\/wp-content\/uploads\/2015\/07\/P7260673-600x450.jpg 600w, https:\/\/alfa7.cz\/mil\/wp-content\/uploads\/2015\/07\/P7260673.jpg 704w\" sizes=\"(max-width: 280px) 100vw, 280px\" \/><\/a><\/p>\n<p>&nbsp;<\/p>\n<p>&nbsp;<\/p>\n<p>&nbsp;<\/p>\n<p>&nbsp;<\/p>\n<p>&nbsp;<\/p>\n<p>&nbsp;<\/p>\n<hr \/>\n<p><img loading=\"lazy\" decoding=\"async\" class=\"size-medium wp-image-5591 alignright\" src=\"https:\/\/alfa7.cz\/mil\/wp-content\/uploads\/2019\/11\/blank-300x225.png\" alt=\"\" width=\"300\" height=\"225\" srcset=\"https:\/\/alfa7.cz\/mil\/wp-content\/uploads\/2019\/11\/blank-300x225.png 300w, https:\/\/alfa7.cz\/mil\/wp-content\/uploads\/2019\/11\/blank-768x576.png 768w, https:\/\/alfa7.cz\/mil\/wp-content\/uploads\/2019\/11\/blank-1024x768.png 1024w, https:\/\/alfa7.cz\/mil\/wp-content\/uploads\/2019\/11\/blank-100x75.png 100w, https:\/\/alfa7.cz\/mil\/wp-content\/uploads\/2019\/11\/blank-150x113.png 150w, https:\/\/alfa7.cz\/mil\/wp-content\/uploads\/2019\/11\/blank-200x150.png 200w, https:\/\/alfa7.cz\/mil\/wp-content\/uploads\/2019\/11\/blank-450x338.png 450w, https:\/\/alfa7.cz\/mil\/wp-content\/uploads\/2019\/11\/blank-600x450.png 600w, https:\/\/alfa7.cz\/mil\/wp-content\/uploads\/2019\/11\/blank-900x675.png 900w\" sizes=\"(max-width: 300px) 100vw, 300px\" \/><\/p>\n<h3><strong>Let L-13Blan\u00edk [1:48]<br \/>\n<\/strong><\/h3>\n<p>OK-1825, Aeroklub Let\u0148any<\/p>\n<p><img loading=\"lazy\" decoding=\"async\" class=\"wp-image-3146 alignleft\" src=\"https:\/\/alfa7.cz\/mil\/wp-content\/uploads\/2017\/06\/L-13_OK-1825-300x245.jpg\" alt=\"\" width=\"257\" height=\"210\" srcset=\"https:\/\/alfa7.cz\/mil\/wp-content\/uploads\/2017\/06\/L-13_OK-1825.jpg 300w, https:\/\/alfa7.cz\/mil\/wp-content\/uploads\/2017\/06\/L-13_OK-1825-100x82.jpg 100w, https:\/\/alfa7.cz\/mil\/wp-content\/uploads\/2017\/06\/L-13_OK-1825-150x123.jpg 150w, https:\/\/alfa7.cz\/mil\/wp-content\/uploads\/2017\/06\/L-13_OK-1825-200x163.jpg 200w\" sizes=\"(max-width: 257px) 100vw, 257px\" \/><\/p>\n<p>&nbsp;<\/p>\n<p>&nbsp;<\/p>\n<p>&nbsp;<\/p>\n<p>&nbsp;<\/p>\n<p>&nbsp;<\/p>\n<p>&nbsp;<\/p>\n<hr \/>\n<h3><strong>Let XL-13T [1:72]<br \/>\n<\/strong><\/h3>\n<p>OK-6201, Aeroklub Praha-Let\u0148any, 1970<\/p>\n<p><img loading=\"lazy\" decoding=\"async\" class=\"size-medium wp-image-3163 alignleft\" src=\"https:\/\/alfa7.cz\/mil\/wp-content\/uploads\/2017\/06\/XL-13T_OK-6201-300x158.jpg\" alt=\"\" width=\"300\" height=\"158\" srcset=\"https:\/\/alfa7.cz\/mil\/wp-content\/uploads\/2017\/06\/XL-13T_OK-6201.jpg 300w, https:\/\/alfa7.cz\/mil\/wp-content\/uploads\/2017\/06\/XL-13T_OK-6201-100x53.jpg 100w, https:\/\/alfa7.cz\/mil\/wp-content\/uploads\/2017\/06\/XL-13T_OK-6201-150x79.jpg 150w, https:\/\/alfa7.cz\/mil\/wp-content\/uploads\/2017\/06\/XL-13T_OK-6201-200x105.jpg 200w\" sizes=\"(max-width: 300px) 100vw, 300px\" \/><\/p>\n<p><a href=\"https:\/\/alfa7.cz\/mil\/xl-13t-blanik-172\/\"><img loading=\"lazy\" decoding=\"async\" class=\"alignleft wp-image-536\" src=\"https:\/\/alfa7.cz\/mil\/wp-content\/uploads\/2015\/05\/p5160092-300x225.jpg\" alt=\"\" width=\"280\" height=\"210\" srcset=\"https:\/\/alfa7.cz\/mil\/wp-content\/uploads\/2015\/05\/p5160092-300x225.jpg 300w, https:\/\/alfa7.cz\/mil\/wp-content\/uploads\/2015\/05\/p5160092-100x75.jpg 100w, https:\/\/alfa7.cz\/mil\/wp-content\/uploads\/2015\/05\/p5160092-150x113.jpg 150w, https:\/\/alfa7.cz\/mil\/wp-content\/uploads\/2015\/05\/p5160092-200x150.jpg 200w, https:\/\/alfa7.cz\/mil\/wp-content\/uploads\/2015\/05\/p5160092-450x338.jpg 450w, https:\/\/alfa7.cz\/mil\/wp-content\/uploads\/2015\/05\/p5160092-600x450.jpg 600w, https:\/\/alfa7.cz\/mil\/wp-content\/uploads\/2015\/05\/p5160092.jpg 704w\" sizes=\"(max-width: 280px) 100vw, 280px\" \/><\/a><\/p>\n<p>&nbsp;<\/p>\n<p>&nbsp;<\/p>\n<p>&nbsp;<\/p>\n<p>&nbsp;<\/p>\n<p>&nbsp;<\/p>\n<hr \/>\n<h3><a href=\"https:\/\/alfa7.cz\/stribrny-blesk\/\"><strong>Lockheed P-38 Lightning<\/strong><\/a><strong> [1:48]<\/strong><\/h3>\n<p>N25Y, RedBull<\/p>\n<p><img loading=\"lazy\" decoding=\"async\" class=\"alignnone size-full wp-image-6865\" src=\"https:\/\/alfa7.cz\/mil\/wp-content\/uploads\/2021\/03\/P-38_decal.jpg\" alt=\"\" width=\"1202\" height=\"235\" srcset=\"https:\/\/alfa7.cz\/mil\/wp-content\/uploads\/2021\/03\/P-38_decal.jpg 1202w, https:\/\/alfa7.cz\/mil\/wp-content\/uploads\/2021\/03\/P-38_decal-300x59.jpg 300w, https:\/\/alfa7.cz\/mil\/wp-content\/uploads\/2021\/03\/P-38_decal-768x150.jpg 768w, https:\/\/alfa7.cz\/mil\/wp-content\/uploads\/2021\/03\/P-38_decal-1024x200.jpg 1024w, https:\/\/alfa7.cz\/mil\/wp-content\/uploads\/2021\/03\/P-38_decal-100x20.jpg 100w, https:\/\/alfa7.cz\/mil\/wp-content\/uploads\/2021\/03\/P-38_decal-150x29.jpg 150w, https:\/\/alfa7.cz\/mil\/wp-content\/uploads\/2021\/03\/P-38_decal-200x39.jpg 200w, https:\/\/alfa7.cz\/mil\/wp-content\/uploads\/2021\/03\/P-38_decal-450x88.jpg 450w, https:\/\/alfa7.cz\/mil\/wp-content\/uploads\/2021\/03\/P-38_decal-600x117.jpg 600w, https:\/\/alfa7.cz\/mil\/wp-content\/uploads\/2021\/03\/P-38_decal-900x176.jpg 900w\" sizes=\"(max-width: 1202px) 100vw, 1202px\" \/><\/p>\n<hr \/>\n<h3><strong>Lockheed C-140A Jetstar <\/strong><strong>[1:144]<\/strong><\/h3>\n<p>95958, USAF, Air Force Communications Service, 1963<\/p>\n<p><img loading=\"lazy\" decoding=\"async\" class=\" wp-image-3125 alignleft\" src=\"https:\/\/alfa7.cz\/mil\/wp-content\/uploads\/2017\/06\/C-140A_USAF_AFCS-300x177.jpg\" alt=\"\" width=\"356\" height=\"210\" srcset=\"https:\/\/alfa7.cz\/mil\/wp-content\/uploads\/2017\/06\/C-140A_USAF_AFCS.jpg 300w, https:\/\/alfa7.cz\/mil\/wp-content\/uploads\/2017\/06\/C-140A_USAF_AFCS-100x59.jpg 100w, https:\/\/alfa7.cz\/mil\/wp-content\/uploads\/2017\/06\/C-140A_USAF_AFCS-150x89.jpg 150w, https:\/\/alfa7.cz\/mil\/wp-content\/uploads\/2017\/06\/C-140A_USAF_AFCS-200x118.jpg 200w\" sizes=\"(max-width: 356px) 100vw, 356px\" \/><\/p>\n<p><a href=\"https:\/\/alfa7.cz\/mil\/lockheed-c-140a-jetstar\/\"><img loading=\"lazy\" decoding=\"async\" class=\"alignleft wp-image-198\" src=\"https:\/\/alfa7.cz\/mil\/wp-content\/uploads\/2015\/02\/p1310497-300x225.jpg\" alt=\"\" width=\"280\" height=\"210\" srcset=\"https:\/\/alfa7.cz\/mil\/wp-content\/uploads\/2015\/02\/p1310497-300x225.jpg 300w, https:\/\/alfa7.cz\/mil\/wp-content\/uploads\/2015\/02\/p1310497-100x75.jpg 100w, https:\/\/alfa7.cz\/mil\/wp-content\/uploads\/2015\/02\/p1310497-150x113.jpg 150w, https:\/\/alfa7.cz\/mil\/wp-content\/uploads\/2015\/02\/p1310497-200x150.jpg 200w, https:\/\/alfa7.cz\/mil\/wp-content\/uploads\/2015\/02\/p1310497-450x338.jpg 450w, https:\/\/alfa7.cz\/mil\/wp-content\/uploads\/2015\/02\/p1310497-600x450.jpg 600w, https:\/\/alfa7.cz\/mil\/wp-content\/uploads\/2015\/02\/p1310497.jpg 704w\" sizes=\"(max-width: 280px) 100vw, 280px\" \/><\/a><\/p>\n<p>&nbsp;<\/p>\n<p>&nbsp;<\/p>\n<p>&nbsp;<\/p>\n<p>&nbsp;<\/p>\n<p>&nbsp;<\/p>\n<hr \/>\n<h3><strong>Lockheed F-117 Nighthawk <\/strong><strong>[1:144]<\/strong><\/h3>\n<p>80-787\/HO, 49th FW, 8th FS, Holloman AFB, Nov\u00e9 Mexiko, 1992\u20132008<\/p>\n<p><img loading=\"lazy\" decoding=\"async\" class=\"size-medium wp-image-3139 alignleft\" src=\"https:\/\/alfa7.cz\/mil\/wp-content\/uploads\/2017\/06\/F-117A_USAF_8FS-49FW-300x195.jpg\" alt=\"\" width=\"300\" height=\"195\" srcset=\"https:\/\/alfa7.cz\/mil\/wp-content\/uploads\/2017\/06\/F-117A_USAF_8FS-49FW.jpg 300w, https:\/\/alfa7.cz\/mil\/wp-content\/uploads\/2017\/06\/F-117A_USAF_8FS-49FW-100x65.jpg 100w, https:\/\/alfa7.cz\/mil\/wp-content\/uploads\/2017\/06\/F-117A_USAF_8FS-49FW-150x98.jpg 150w, https:\/\/alfa7.cz\/mil\/wp-content\/uploads\/2017\/06\/F-117A_USAF_8FS-49FW-200x130.jpg 200w\" sizes=\"(max-width: 300px) 100vw, 300px\" \/><\/p>\n<p><a href=\"https:\/\/alfa7.cz\/mil\/lockheed-f-117-1144\/\"><img loading=\"lazy\" decoding=\"async\" class=\"alignleft wp-image-1078 \" src=\"https:\/\/alfa7.cz\/mil\/wp-content\/uploads\/2015\/11\/PB010815-300x225.jpg\" alt=\"\" width=\"280\" height=\"210\" srcset=\"https:\/\/alfa7.cz\/mil\/wp-content\/uploads\/2015\/11\/PB010815-300x225.jpg 300w, https:\/\/alfa7.cz\/mil\/wp-content\/uploads\/2015\/11\/PB010815-100x75.jpg 100w, https:\/\/alfa7.cz\/mil\/wp-content\/uploads\/2015\/11\/PB010815-150x113.jpg 150w, https:\/\/alfa7.cz\/mil\/wp-content\/uploads\/2015\/11\/PB010815-200x150.jpg 200w, https:\/\/alfa7.cz\/mil\/wp-content\/uploads\/2015\/11\/PB010815-450x338.jpg 450w, https:\/\/alfa7.cz\/mil\/wp-content\/uploads\/2015\/11\/PB010815-600x450.jpg 600w, https:\/\/alfa7.cz\/mil\/wp-content\/uploads\/2015\/11\/PB010815.jpg 704w\" sizes=\"(max-width: 280px) 100vw, 280px\" \/><\/a><\/p>\n<p>&nbsp;<\/p>\n<p>&nbsp;<\/p>\n<p>&nbsp;<\/p>\n<p>&nbsp;<\/p>\n<p>&nbsp;<\/p>\n<hr \/>\n<h3><strong>Lockheed TR-1A Dragon Lady <\/strong><strong>[1:144]<\/strong><\/h3>\n<p>80-1081, 99SRS\/9th SRW \u2013 9th SRW OL-CH, Taif AFB, Sa\u00fadsk\u00e1 Ar\u00e1bie, 1990\/1991<\/p>\n<p><img loading=\"lazy\" decoding=\"async\" class=\"size-medium wp-image-3161 alignleft\" src=\"https:\/\/alfa7.cz\/mil\/wp-content\/uploads\/2017\/06\/TR-1A_USAF_99SRS-9SRW-300x169.jpg\" alt=\"\" width=\"300\" height=\"169\" srcset=\"https:\/\/alfa7.cz\/mil\/wp-content\/uploads\/2017\/06\/TR-1A_USAF_99SRS-9SRW.jpg 300w, https:\/\/alfa7.cz\/mil\/wp-content\/uploads\/2017\/06\/TR-1A_USAF_99SRS-9SRW-100x56.jpg 100w, https:\/\/alfa7.cz\/mil\/wp-content\/uploads\/2017\/06\/TR-1A_USAF_99SRS-9SRW-150x85.jpg 150w, https:\/\/alfa7.cz\/mil\/wp-content\/uploads\/2017\/06\/TR-1A_USAF_99SRS-9SRW-200x113.jpg 200w\" sizes=\"(max-width: 300px) 100vw, 300px\" \/><\/p>\n<p><a href=\"https:\/\/alfa7.cz\/mil\/lockheed-tr-1a-dragon-lady-1144\/\"><img loading=\"lazy\" decoding=\"async\" class=\"alignleft wp-image-2722 \" src=\"https:\/\/alfa7.cz\/mil\/wp-content\/uploads\/2016\/07\/P7130997-300x225.jpg\" alt=\"\" width=\"280\" height=\"210\" srcset=\"https:\/\/alfa7.cz\/mil\/wp-content\/uploads\/2016\/07\/P7130997-300x225.jpg 300w, https:\/\/alfa7.cz\/mil\/wp-content\/uploads\/2016\/07\/P7130997-100x75.jpg 100w, https:\/\/alfa7.cz\/mil\/wp-content\/uploads\/2016\/07\/P7130997-150x113.jpg 150w, https:\/\/alfa7.cz\/mil\/wp-content\/uploads\/2016\/07\/P7130997-200x150.jpg 200w, https:\/\/alfa7.cz\/mil\/wp-content\/uploads\/2016\/07\/P7130997-450x338.jpg 450w, https:\/\/alfa7.cz\/mil\/wp-content\/uploads\/2016\/07\/P7130997-600x450.jpg 600w, https:\/\/alfa7.cz\/mil\/wp-content\/uploads\/2016\/07\/P7130997.jpg 704w\" sizes=\"(max-width: 280px) 100vw, 280px\" \/><\/a><\/p>\n<p>&nbsp;<\/p>\n<p>&nbsp;<\/p>\n<p>&nbsp;<\/p>\n<p>&nbsp;<\/p>\n<p>&nbsp;<\/p>\n<hr \/>\n<h1 style=\"text-align: center;\"><!-- letter jump --><a name=\"M\"><\/a>M<\/h1>\n<hr \/>\n<h3><strong>MiG-15 <\/strong><strong>[1:144]<\/strong><\/h3>\n<p>1303, \u010cSLA, 1. letka 3. slp, Brno, 1958<\/p>\n<p><img loading=\"lazy\" decoding=\"async\" class=\"wp-image-3148 alignleft\" src=\"https:\/\/alfa7.cz\/mil\/wp-content\/uploads\/2017\/06\/MiG-15_CSAF_1303-191x300.jpg\" alt=\"\" width=\"133\" height=\"209\" srcset=\"https:\/\/alfa7.cz\/mil\/wp-content\/uploads\/2017\/06\/MiG-15_CSAF_1303-191x300.jpg 191w, https:\/\/alfa7.cz\/mil\/wp-content\/uploads\/2017\/06\/MiG-15_CSAF_1303-100x157.jpg 100w, https:\/\/alfa7.cz\/mil\/wp-content\/uploads\/2017\/06\/MiG-15_CSAF_1303-150x236.jpg 150w, https:\/\/alfa7.cz\/mil\/wp-content\/uploads\/2017\/06\/MiG-15_CSAF_1303-200x315.jpg 200w, https:\/\/alfa7.cz\/mil\/wp-content\/uploads\/2017\/06\/MiG-15_CSAF_1303.jpg 300w\" sizes=\"(max-width: 133px) 100vw, 133px\" \/><\/p>\n<p><a href=\"https:\/\/alfa7.cz\/mil\/mig-15-1144\/\"><img loading=\"lazy\" decoding=\"async\" class=\"alignleft wp-image-1318\" src=\"https:\/\/alfa7.cz\/mil\/wp-content\/uploads\/2016\/04\/P4250947-300x225.jpg\" alt=\"\" width=\"280\" height=\"210\" srcset=\"https:\/\/alfa7.cz\/mil\/wp-content\/uploads\/2016\/04\/P4250947-300x225.jpg 300w, https:\/\/alfa7.cz\/mil\/wp-content\/uploads\/2016\/04\/P4250947-100x75.jpg 100w, https:\/\/alfa7.cz\/mil\/wp-content\/uploads\/2016\/04\/P4250947-150x113.jpg 150w, https:\/\/alfa7.cz\/mil\/wp-content\/uploads\/2016\/04\/P4250947-200x150.jpg 200w, https:\/\/alfa7.cz\/mil\/wp-content\/uploads\/2016\/04\/P4250947-450x338.jpg 450w, https:\/\/alfa7.cz\/mil\/wp-content\/uploads\/2016\/04\/P4250947-600x450.jpg 600w, https:\/\/alfa7.cz\/mil\/wp-content\/uploads\/2016\/04\/P4250947.jpg 704w\" sizes=\"(max-width: 280px) 100vw, 280px\" \/><\/a><\/p>\n<p>&nbsp;<\/p>\n<p>&nbsp;<\/p>\n<p>&nbsp;<\/p>\n<p>&nbsp;<\/p>\n<p>&nbsp;<\/p>\n<hr \/>\n<h3><strong>MiG-15UTI-P [1:72]<br \/>\n<\/strong><\/h3>\n<p>2626, V\u00fdcvikov\u00e9 st\u0159edisko Milovice-Mlad\u00e1, 1959<\/p>\n<p><img loading=\"lazy\" decoding=\"async\" class=\"size-medium wp-image-3150 alignleft\" src=\"https:\/\/alfa7.cz\/mil\/wp-content\/uploads\/2017\/06\/MiG-15UTI-P_CSAF_2626-300x152.jpg\" alt=\"\" width=\"300\" height=\"152\" srcset=\"https:\/\/alfa7.cz\/mil\/wp-content\/uploads\/2017\/06\/MiG-15UTI-P_CSAF_2626.jpg 300w, https:\/\/alfa7.cz\/mil\/wp-content\/uploads\/2017\/06\/MiG-15UTI-P_CSAF_2626-100x51.jpg 100w, https:\/\/alfa7.cz\/mil\/wp-content\/uploads\/2017\/06\/MiG-15UTI-P_CSAF_2626-150x76.jpg 150w, https:\/\/alfa7.cz\/mil\/wp-content\/uploads\/2017\/06\/MiG-15UTI-P_CSAF_2626-200x101.jpg 200w\" sizes=\"(max-width: 300px) 100vw, 300px\" \/><\/p>\n<p><a href=\"https:\/\/alfa7.cz\/mil\/mig-15uti-p-172\/\"><img loading=\"lazy\" decoding=\"async\" class=\"alignleft wp-image-570 \" src=\"https:\/\/alfa7.cz\/mil\/wp-content\/uploads\/2015\/05\/p4060054-300x225.jpg\" alt=\"\" width=\"280\" height=\"210\" srcset=\"https:\/\/alfa7.cz\/mil\/wp-content\/uploads\/2015\/05\/p4060054-300x225.jpg 300w, https:\/\/alfa7.cz\/mil\/wp-content\/uploads\/2015\/05\/p4060054-100x75.jpg 100w, https:\/\/alfa7.cz\/mil\/wp-content\/uploads\/2015\/05\/p4060054-150x113.jpg 150w, https:\/\/alfa7.cz\/mil\/wp-content\/uploads\/2015\/05\/p4060054-200x150.jpg 200w, https:\/\/alfa7.cz\/mil\/wp-content\/uploads\/2015\/05\/p4060054-450x338.jpg 450w, https:\/\/alfa7.cz\/mil\/wp-content\/uploads\/2015\/05\/p4060054-600x450.jpg 600w, https:\/\/alfa7.cz\/mil\/wp-content\/uploads\/2015\/05\/p4060054.jpg 704w\" sizes=\"(max-width: 280px) 100vw, 280px\" \/><\/a><\/p>\n<p>&nbsp;<\/p>\n<p>&nbsp;<\/p>\n<p>&nbsp;<\/p>\n<p>&nbsp;<\/p>\n<p>&nbsp;<\/p>\n<hr \/>\n<h3><strong>MiG-15UTI [1:72]<br \/>\n<\/strong><\/h3>\n<p>2726, \u010cSLA, 47. prlp Milovice-Mlad\u00e1, 1966<\/p>\n<p><img loading=\"lazy\" decoding=\"async\" class=\" wp-image-3149 alignleft\" src=\"https:\/\/alfa7.cz\/mil\/wp-content\/uploads\/2017\/06\/MiG-15UTI_PPZ_CSAF_2726-300x216.jpg\" alt=\"\" width=\"292\" height=\"210\" srcset=\"https:\/\/alfa7.cz\/mil\/wp-content\/uploads\/2017\/06\/MiG-15UTI_PPZ_CSAF_2726.jpg 300w, https:\/\/alfa7.cz\/mil\/wp-content\/uploads\/2017\/06\/MiG-15UTI_PPZ_CSAF_2726-100x72.jpg 100w, https:\/\/alfa7.cz\/mil\/wp-content\/uploads\/2017\/06\/MiG-15UTI_PPZ_CSAF_2726-150x108.jpg 150w, https:\/\/alfa7.cz\/mil\/wp-content\/uploads\/2017\/06\/MiG-15UTI_PPZ_CSAF_2726-200x144.jpg 200w\" sizes=\"(max-width: 292px) 100vw, 292px\" \/><\/p>\n<p><a href=\"https:\/\/alfa7.cz\/mil\/mig-15uti-172\/\"><img loading=\"lazy\" decoding=\"async\" class=\"alignleft wp-image-334 \" src=\"https:\/\/alfa7.cz\/mil\/wp-content\/uploads\/2015\/04\/p7240279-300x225.jpg\" alt=\"\" width=\"268\" height=\"201\" srcset=\"https:\/\/alfa7.cz\/mil\/wp-content\/uploads\/2015\/04\/p7240279-300x225.jpg 300w, https:\/\/alfa7.cz\/mil\/wp-content\/uploads\/2015\/04\/p7240279-100x75.jpg 100w, https:\/\/alfa7.cz\/mil\/wp-content\/uploads\/2015\/04\/p7240279-150x113.jpg 150w, https:\/\/alfa7.cz\/mil\/wp-content\/uploads\/2015\/04\/p7240279-200x150.jpg 200w, https:\/\/alfa7.cz\/mil\/wp-content\/uploads\/2015\/04\/p7240279-450x338.jpg 450w, https:\/\/alfa7.cz\/mil\/wp-content\/uploads\/2015\/04\/p7240279-600x450.jpg 600w, https:\/\/alfa7.cz\/mil\/wp-content\/uploads\/2015\/04\/p7240279.jpg 704w\" sizes=\"(max-width: 268px) 100vw, 268px\" \/><\/a><\/p>\n<p>&nbsp;<\/p>\n<p>&nbsp;<\/p>\n<p>&nbsp;<\/p>\n<p>&nbsp;<\/p>\n<p>&nbsp;<\/p>\n<hr \/>\n<p><img loading=\"lazy\" decoding=\"async\" class=\"size-medium wp-image-5591 alignright\" src=\"https:\/\/alfa7.cz\/mil\/wp-content\/uploads\/2019\/11\/blank-300x225.png\" alt=\"\" width=\"300\" height=\"225\" srcset=\"https:\/\/alfa7.cz\/mil\/wp-content\/uploads\/2019\/11\/blank-300x225.png 300w, https:\/\/alfa7.cz\/mil\/wp-content\/uploads\/2019\/11\/blank-768x576.png 768w, https:\/\/alfa7.cz\/mil\/wp-content\/uploads\/2019\/11\/blank-1024x768.png 1024w, https:\/\/alfa7.cz\/mil\/wp-content\/uploads\/2019\/11\/blank-100x75.png 100w, https:\/\/alfa7.cz\/mil\/wp-content\/uploads\/2019\/11\/blank-150x113.png 150w, https:\/\/alfa7.cz\/mil\/wp-content\/uploads\/2019\/11\/blank-200x150.png 200w, https:\/\/alfa7.cz\/mil\/wp-content\/uploads\/2019\/11\/blank-450x338.png 450w, https:\/\/alfa7.cz\/mil\/wp-content\/uploads\/2019\/11\/blank-600x450.png 600w, https:\/\/alfa7.cz\/mil\/wp-content\/uploads\/2019\/11\/blank-900x675.png 900w\" sizes=\"(max-width: 300px) 100vw, 300px\" \/><\/p>\n<h3><strong>MiG-21F-13 [1:72]<br \/>\n<\/strong><\/h3>\n<p>0418, \u010ceskoslovensko<\/p>\n<p><img loading=\"lazy\" decoding=\"async\" class=\"wp-image-3151 alignleft\" src=\"https:\/\/alfa7.cz\/mil\/wp-content\/uploads\/2017\/06\/MiG-21F-13_CSAF_0418.jpg\" alt=\"\" width=\"189\" height=\"76\" srcset=\"https:\/\/alfa7.cz\/mil\/wp-content\/uploads\/2017\/06\/MiG-21F-13_CSAF_0418.jpg 174w, https:\/\/alfa7.cz\/mil\/wp-content\/uploads\/2017\/06\/MiG-21F-13_CSAF_0418-100x40.jpg 100w, https:\/\/alfa7.cz\/mil\/wp-content\/uploads\/2017\/06\/MiG-21F-13_CSAF_0418-150x60.jpg 150w\" sizes=\"(max-width: 189px) 100vw, 189px\" \/><\/p>\n<p>&nbsp;<\/p>\n<p>&nbsp;<\/p>\n<p>&nbsp;<\/p>\n<p>&nbsp;<\/p>\n<hr \/>\n<h3><strong>MiG-21R <\/strong><strong>[1:144]<\/strong><\/h3>\n<p>1701, 25. sbolp, \u010c\u00e1slav, 1993<\/p>\n<p><img loading=\"lazy\" decoding=\"async\" class=\"size-medium wp-image-3152 alignleft\" src=\"https:\/\/alfa7.cz\/mil\/wp-content\/uploads\/2017\/06\/MiG-21R_CSAF_1701-300x115.jpg\" alt=\"\" width=\"300\" height=\"115\" srcset=\"https:\/\/alfa7.cz\/mil\/wp-content\/uploads\/2017\/06\/MiG-21R_CSAF_1701.jpg 300w, https:\/\/alfa7.cz\/mil\/wp-content\/uploads\/2017\/06\/MiG-21R_CSAF_1701-100x38.jpg 100w, https:\/\/alfa7.cz\/mil\/wp-content\/uploads\/2017\/06\/MiG-21R_CSAF_1701-150x58.jpg 150w, https:\/\/alfa7.cz\/mil\/wp-content\/uploads\/2017\/06\/MiG-21R_CSAF_1701-200x77.jpg 200w\" sizes=\"(max-width: 300px) 100vw, 300px\" \/><\/p>\n<p><a href=\"https:\/\/alfa7.cz\/mil\/mig-21r-1144\/\"><img loading=\"lazy\" decoding=\"async\" class=\"alignleft wp-image-318\" src=\"https:\/\/alfa7.cz\/mil\/wp-content\/uploads\/2015\/04\/p8170290-300x225.jpg\" alt=\"\" width=\"280\" height=\"210\" srcset=\"https:\/\/alfa7.cz\/mil\/wp-content\/uploads\/2015\/04\/p8170290-300x225.jpg 300w, https:\/\/alfa7.cz\/mil\/wp-content\/uploads\/2015\/04\/p8170290-100x75.jpg 100w, https:\/\/alfa7.cz\/mil\/wp-content\/uploads\/2015\/04\/p8170290-150x113.jpg 150w, https:\/\/alfa7.cz\/mil\/wp-content\/uploads\/2015\/04\/p8170290-200x150.jpg 200w, https:\/\/alfa7.cz\/mil\/wp-content\/uploads\/2015\/04\/p8170290-450x338.jpg 450w, https:\/\/alfa7.cz\/mil\/wp-content\/uploads\/2015\/04\/p8170290-600x450.jpg 600w, https:\/\/alfa7.cz\/mil\/wp-content\/uploads\/2015\/04\/p8170290.jpg 704w\" sizes=\"(max-width: 280px) 100vw, 280px\" \/><\/a><\/p>\n<p>&nbsp;<\/p>\n<p>&nbsp;<\/p>\n<p>&nbsp;<\/p>\n<p>&nbsp;<\/p>\n<p>&nbsp;<\/p>\n<p>&nbsp;<\/p>\n<hr \/>\n<h3><strong>Mitsubishi A6M2b-21 Rei-sen (Zero) [1:72]<br \/>\n<\/strong><\/h3>\n<p>AI-102, vedouc\u00ed letoun Divize 1, 2. \u00fato\u010dn\u00e1 jednotka, letadlov\u00e1 lo\u010f Akagi, pilot Saburo Sindo, Pearl Harbor, 7.12.1941<\/p>\n<p><img loading=\"lazy\" decoding=\"async\" class=\" wp-image-3121 alignleft\" src=\"https:\/\/alfa7.cz\/mil\/wp-content\/uploads\/2017\/06\/A6M_Div1-300x209.jpg\" alt=\"\" width=\"191\" height=\"133\" srcset=\"https:\/\/alfa7.cz\/mil\/wp-content\/uploads\/2017\/06\/A6M_Div1.jpg 300w, https:\/\/alfa7.cz\/mil\/wp-content\/uploads\/2017\/06\/A6M_Div1-100x70.jpg 100w, https:\/\/alfa7.cz\/mil\/wp-content\/uploads\/2017\/06\/A6M_Div1-150x105.jpg 150w, https:\/\/alfa7.cz\/mil\/wp-content\/uploads\/2017\/06\/A6M_Div1-200x139.jpg 200w\" sizes=\"(max-width: 191px) 100vw, 191px\" \/><\/p>\n<p><a href=\"https:\/\/alfa7.cz\/mil\/mitsubishi-a6m2b-rei-sen-zero-172\/\"><img loading=\"lazy\" decoding=\"async\" class=\"alignleft wp-image-1552 \" src=\"https:\/\/alfa7.cz\/mil\/wp-content\/uploads\/2016\/05\/p1290426-300x225.jpg\" alt=\"\" width=\"280\" height=\"210\" srcset=\"https:\/\/alfa7.cz\/mil\/wp-content\/uploads\/2016\/05\/p1290426-300x225.jpg 300w, https:\/\/alfa7.cz\/mil\/wp-content\/uploads\/2016\/05\/p1290426-100x75.jpg 100w, https:\/\/alfa7.cz\/mil\/wp-content\/uploads\/2016\/05\/p1290426-150x113.jpg 150w, https:\/\/alfa7.cz\/mil\/wp-content\/uploads\/2016\/05\/p1290426-200x150.jpg 200w, https:\/\/alfa7.cz\/mil\/wp-content\/uploads\/2016\/05\/p1290426-450x338.jpg 450w, https:\/\/alfa7.cz\/mil\/wp-content\/uploads\/2016\/05\/p1290426-600x450.jpg 600w, https:\/\/alfa7.cz\/mil\/wp-content\/uploads\/2016\/05\/p1290426.jpg 704w\" sizes=\"(max-width: 280px) 100vw, 280px\" \/><\/a><\/p>\n<p>&nbsp;<\/p>\n<p>&nbsp;<\/p>\n<p>&nbsp;<\/p>\n<p>&nbsp;<\/p>\n<p>&nbsp;<\/p>\n<hr \/>\n<h3><strong>Mitsubishi F-1 <\/strong><strong>[1:144]<\/strong><\/h3>\n<p>20-8264, 8. leteck\u00e9 k\u0159\u00eddlo, 6. taktick\u00e1 st\u00edhac\u00ed letka, z\u00e1kladna Tsuiki<\/p>\n<p><img loading=\"lazy\" decoding=\"async\" class=\"size-medium wp-image-5642 alignleft\" src=\"https:\/\/alfa7.cz\/mil\/wp-content\/uploads\/2019\/11\/F-1-300x151.jpg\" alt=\"\" width=\"300\" height=\"151\" srcset=\"https:\/\/alfa7.cz\/mil\/wp-content\/uploads\/2019\/11\/F-1-300x151.jpg 300w, https:\/\/alfa7.cz\/mil\/wp-content\/uploads\/2019\/11\/F-1-768x385.jpg 768w, https:\/\/alfa7.cz\/mil\/wp-content\/uploads\/2019\/11\/F-1-1024x514.jpg 1024w, https:\/\/alfa7.cz\/mil\/wp-content\/uploads\/2019\/11\/F-1-100x50.jpg 100w, https:\/\/alfa7.cz\/mil\/wp-content\/uploads\/2019\/11\/F-1-150x75.jpg 150w, https:\/\/alfa7.cz\/mil\/wp-content\/uploads\/2019\/11\/F-1-200x100.jpg 200w, https:\/\/alfa7.cz\/mil\/wp-content\/uploads\/2019\/11\/F-1-450x226.jpg 450w, https:\/\/alfa7.cz\/mil\/wp-content\/uploads\/2019\/11\/F-1-600x301.jpg 600w, https:\/\/alfa7.cz\/mil\/wp-content\/uploads\/2019\/11\/F-1-900x452.jpg 900w, https:\/\/alfa7.cz\/mil\/wp-content\/uploads\/2019\/11\/F-1.jpg 1576w\" sizes=\"(max-width: 300px) 100vw, 300px\" \/><\/p>\n<p><a href=\"https:\/\/alfa7.cz\/mil\/mitsubishi-f-1-huan-chiu-1144\/\"><img loading=\"lazy\" decoding=\"async\" class=\"wp-image-3697 alignleft\" src=\"https:\/\/alfa7.cz\/mil\/wp-content\/uploads\/2019\/01\/P1051377-300x225.jpg\" alt=\"\" width=\"280\" height=\"210\" srcset=\"https:\/\/alfa7.cz\/mil\/wp-content\/uploads\/2019\/01\/P1051377-300x225.jpg 300w, https:\/\/alfa7.cz\/mil\/wp-content\/uploads\/2019\/01\/P1051377-100x75.jpg 100w, https:\/\/alfa7.cz\/mil\/wp-content\/uploads\/2019\/01\/P1051377-150x113.jpg 150w, https:\/\/alfa7.cz\/mil\/wp-content\/uploads\/2019\/01\/P1051377-200x150.jpg 200w, https:\/\/alfa7.cz\/mil\/wp-content\/uploads\/2019\/01\/P1051377-450x338.jpg 450w, https:\/\/alfa7.cz\/mil\/wp-content\/uploads\/2019\/01\/P1051377-600x450.jpg 600w, https:\/\/alfa7.cz\/mil\/wp-content\/uploads\/2019\/01\/P1051377.jpg 704w\" sizes=\"(max-width: 280px) 100vw, 280px\" \/><\/a><\/p>\n<p>&nbsp;<\/p>\n<p>&nbsp;<\/p>\n<p>&nbsp;<\/p>\n<p>&nbsp;<\/p>\n<p>&nbsp;<\/p>\n<hr \/>\n<h3><strong>Mitsubishi T-2 <\/strong><strong>[1:144]<\/strong><\/h3>\n<p>19-5165, 8. leteck\u00e9 k\u0159\u00eddlo, 6. taktick\u00e1 st\u00edhac\u00ed letka, z\u00e1kladna Tsuiki<\/p>\n<p><img loading=\"lazy\" decoding=\"async\" class=\"size-medium wp-image-5643 alignleft\" src=\"https:\/\/alfa7.cz\/mil\/wp-content\/uploads\/2019\/11\/T-2-300x151.jpg\" alt=\"\" width=\"300\" height=\"151\" srcset=\"https:\/\/alfa7.cz\/mil\/wp-content\/uploads\/2019\/11\/T-2-300x151.jpg 300w, https:\/\/alfa7.cz\/mil\/wp-content\/uploads\/2019\/11\/T-2-768x385.jpg 768w, https:\/\/alfa7.cz\/mil\/wp-content\/uploads\/2019\/11\/T-2-1024x514.jpg 1024w, https:\/\/alfa7.cz\/mil\/wp-content\/uploads\/2019\/11\/T-2-100x50.jpg 100w, https:\/\/alfa7.cz\/mil\/wp-content\/uploads\/2019\/11\/T-2-150x75.jpg 150w, https:\/\/alfa7.cz\/mil\/wp-content\/uploads\/2019\/11\/T-2-200x100.jpg 200w, https:\/\/alfa7.cz\/mil\/wp-content\/uploads\/2019\/11\/T-2-450x226.jpg 450w, https:\/\/alfa7.cz\/mil\/wp-content\/uploads\/2019\/11\/T-2-600x301.jpg 600w, https:\/\/alfa7.cz\/mil\/wp-content\/uploads\/2019\/11\/T-2-900x452.jpg 900w, https:\/\/alfa7.cz\/mil\/wp-content\/uploads\/2019\/11\/T-2.jpg 1576w\" sizes=\"(max-width: 300px) 100vw, 300px\" \/><\/p>\n<p><a href=\"https:\/\/alfa7.cz\/mil\/mitsubishi-t-2-ls-1144\/\"><img loading=\"lazy\" decoding=\"async\" class=\"wp-image-3683 alignleft\" src=\"https:\/\/alfa7.cz\/mil\/wp-content\/uploads\/2019\/01\/P1051385-300x225.jpg\" alt=\"\" width=\"280\" height=\"210\" srcset=\"https:\/\/alfa7.cz\/mil\/wp-content\/uploads\/2019\/01\/P1051385-300x225.jpg 300w, https:\/\/alfa7.cz\/mil\/wp-content\/uploads\/2019\/01\/P1051385-100x75.jpg 100w, https:\/\/alfa7.cz\/mil\/wp-content\/uploads\/2019\/01\/P1051385-150x113.jpg 150w, https:\/\/alfa7.cz\/mil\/wp-content\/uploads\/2019\/01\/P1051385-200x150.jpg 200w, https:\/\/alfa7.cz\/mil\/wp-content\/uploads\/2019\/01\/P1051385-450x338.jpg 450w, https:\/\/alfa7.cz\/mil\/wp-content\/uploads\/2019\/01\/P1051385-600x450.jpg 600w, https:\/\/alfa7.cz\/mil\/wp-content\/uploads\/2019\/01\/P1051385.jpg 704w\" sizes=\"(max-width: 280px) 100vw, 280px\" \/><\/a><\/p>\n<p>&nbsp;<\/p>\n<p>&nbsp;<\/p>\n<p>&nbsp;<\/p>\n<p>&nbsp;<\/p>\n<p>&nbsp;<\/p>\n<hr \/>\n<h1 style=\"text-align: center;\"><!-- letter jump --><a name=\"N\"><\/a>N<\/h1>\n<hr \/>\n<h3><strong>North American TP-51D Mustang [1:72]<br \/>\n<\/strong><\/h3>\n<p>45-11444\/TF-444, USAF, Air Education &amp; Training Command, Craig AFB, Selma, Alabama, USA, 1951<\/p>\n<p><img loading=\"lazy\" decoding=\"async\" class=\"size-medium wp-image-3160 alignleft\" src=\"https:\/\/alfa7.cz\/mil\/wp-content\/uploads\/2017\/06\/TP-51D_USAF_AETC-300x140.jpg\" alt=\"\" width=\"300\" height=\"140\" srcset=\"https:\/\/alfa7.cz\/mil\/wp-content\/uploads\/2017\/06\/TP-51D_USAF_AETC.jpg 300w, https:\/\/alfa7.cz\/mil\/wp-content\/uploads\/2017\/06\/TP-51D_USAF_AETC-100x47.jpg 100w, https:\/\/alfa7.cz\/mil\/wp-content\/uploads\/2017\/06\/TP-51D_USAF_AETC-150x70.jpg 150w, https:\/\/alfa7.cz\/mil\/wp-content\/uploads\/2017\/06\/TP-51D_USAF_AETC-200x93.jpg 200w\" sizes=\"(max-width: 300px) 100vw, 300px\" \/><\/p>\n<p><a href=\"https:\/\/alfa7.cz\/mil\/north-american-tp-51d-mustang-172\/\"><img loading=\"lazy\" decoding=\"async\" class=\"wp-image-760 alignleft\" src=\"https:\/\/alfa7.cz\/mil\/wp-content\/uploads\/2015\/05\/p6290193-300x225.jpg\" alt=\"\" width=\"280\" height=\"210\" srcset=\"https:\/\/alfa7.cz\/mil\/wp-content\/uploads\/2015\/05\/p6290193-300x225.jpg 300w, https:\/\/alfa7.cz\/mil\/wp-content\/uploads\/2015\/05\/p6290193-100x75.jpg 100w, https:\/\/alfa7.cz\/mil\/wp-content\/uploads\/2015\/05\/p6290193-150x113.jpg 150w, https:\/\/alfa7.cz\/mil\/wp-content\/uploads\/2015\/05\/p6290193-200x150.jpg 200w, https:\/\/alfa7.cz\/mil\/wp-content\/uploads\/2015\/05\/p6290193-450x338.jpg 450w, https:\/\/alfa7.cz\/mil\/wp-content\/uploads\/2015\/05\/p6290193-600x450.jpg 600w, https:\/\/alfa7.cz\/mil\/wp-content\/uploads\/2015\/05\/p6290193.jpg 704w\" sizes=\"(max-width: 280px) 100vw, 280px\" \/><\/a><\/p>\n<p>&nbsp;<\/p>\n<p>&nbsp;<\/p>\n<p>&nbsp;<\/p>\n<p>&nbsp;<\/p>\n<p>&nbsp;<\/p>\n<hr \/>\n<h3><strong>North American F-86F-30 Sabre <\/strong><strong>[1:144]<\/strong><\/h3>\n<p>FU-584 \/ 52-4584, 25th FIS 51st FIW, Suwon AB, 1953<br \/>\n<img loading=\"lazy\" decoding=\"async\" class=\" wp-image-7006 alignleft\" src=\"https:\/\/alfa7.cz\/mil\/wp-content\/uploads\/2022\/04\/F-86F_decal-300x225.jpg\" alt=\"\" width=\"280\" height=\"210\" srcset=\"https:\/\/alfa7.cz\/mil\/wp-content\/uploads\/2022\/04\/F-86F_decal-300x225.jpg 300w, https:\/\/alfa7.cz\/mil\/wp-content\/uploads\/2022\/04\/F-86F_decal-100x75.jpg 100w, https:\/\/alfa7.cz\/mil\/wp-content\/uploads\/2022\/04\/F-86F_decal-150x112.jpg 150w, https:\/\/alfa7.cz\/mil\/wp-content\/uploads\/2022\/04\/F-86F_decal-200x150.jpg 200w, https:\/\/alfa7.cz\/mil\/wp-content\/uploads\/2022\/04\/F-86F_decal.jpg 331w\" sizes=\"(max-width: 280px) 100vw, 280px\" \/><a href=\"https:\/\/alfa7.cz\/mil\/north-american-f-86f-30\/\"><img loading=\"lazy\" decoding=\"async\" class=\"wp-image-961 alignleft\" src=\"https:\/\/alfa7.cz\/mil\/wp-content\/uploads\/2015\/07\/P7300687-300x225.jpg\" alt=\"\" width=\"280\" height=\"210\" srcset=\"https:\/\/alfa7.cz\/mil\/wp-content\/uploads\/2015\/07\/P7300687-300x225.jpg 300w, https:\/\/alfa7.cz\/mil\/wp-content\/uploads\/2015\/07\/P7300687-100x75.jpg 100w, https:\/\/alfa7.cz\/mil\/wp-content\/uploads\/2015\/07\/P7300687-150x113.jpg 150w, https:\/\/alfa7.cz\/mil\/wp-content\/uploads\/2015\/07\/P7300687-200x150.jpg 200w, https:\/\/alfa7.cz\/mil\/wp-content\/uploads\/2015\/07\/P7300687-450x338.jpg 450w, https:\/\/alfa7.cz\/mil\/wp-content\/uploads\/2015\/07\/P7300687-600x450.jpg 600w, https:\/\/alfa7.cz\/mil\/wp-content\/uploads\/2015\/07\/P7300687.jpg 704w\" sizes=\"(max-width: 280px) 100vw, 280px\" \/><\/a><\/p>\n<p>&nbsp;<\/p>\n<p>&nbsp;<\/p>\n<p>&nbsp;<\/p>\n<p>&nbsp;<\/p>\n<hr \/>\n<h3><strong>North American TF-86 <\/strong><strong>[1:144]<\/strong><\/h3>\n<p>FU-016 \/ 52-5016, 1953<\/p>\n<p><img loading=\"lazy\" decoding=\"async\" class=\" wp-image-3159 alignleft\" src=\"https:\/\/alfa7.cz\/mil\/wp-content\/uploads\/2017\/06\/TF-86_USAF-300x218.jpg\" alt=\"\" width=\"289\" height=\"210\" srcset=\"https:\/\/alfa7.cz\/mil\/wp-content\/uploads\/2017\/06\/TF-86_USAF.jpg 300w, https:\/\/alfa7.cz\/mil\/wp-content\/uploads\/2017\/06\/TF-86_USAF-100x73.jpg 100w, https:\/\/alfa7.cz\/mil\/wp-content\/uploads\/2017\/06\/TF-86_USAF-150x109.jpg 150w, https:\/\/alfa7.cz\/mil\/wp-content\/uploads\/2017\/06\/TF-86_USAF-200x145.jpg 200w\" sizes=\"(max-width: 289px) 100vw, 289px\" \/><\/p>\n<p><a href=\"https:\/\/alfa7.cz\/mil\/north-american-tf-86-1144\/\"><img loading=\"lazy\" decoding=\"async\" class=\"alignleft wp-image-944 \" src=\"https:\/\/alfa7.cz\/mil\/wp-content\/uploads\/2015\/07\/P7300696-300x225.jpg\" alt=\"\" width=\"280\" height=\"210\" srcset=\"https:\/\/alfa7.cz\/mil\/wp-content\/uploads\/2015\/07\/P7300696-300x225.jpg 300w, https:\/\/alfa7.cz\/mil\/wp-content\/uploads\/2015\/07\/P7300696-100x75.jpg 100w, https:\/\/alfa7.cz\/mil\/wp-content\/uploads\/2015\/07\/P7300696-150x113.jpg 150w, https:\/\/alfa7.cz\/mil\/wp-content\/uploads\/2015\/07\/P7300696-200x150.jpg 200w, https:\/\/alfa7.cz\/mil\/wp-content\/uploads\/2015\/07\/P7300696-450x338.jpg 450w, https:\/\/alfa7.cz\/mil\/wp-content\/uploads\/2015\/07\/P7300696-600x450.jpg 600w, https:\/\/alfa7.cz\/mil\/wp-content\/uploads\/2015\/07\/P7300696.jpg 704w\" sizes=\"(max-width: 280px) 100vw, 280px\" \/><\/a><\/p>\n<p>&nbsp;<\/p>\n<p>&nbsp;<\/p>\n<p>&nbsp;<\/p>\n<p>&nbsp;<\/p>\n<p>&nbsp;<\/p>\n<hr \/>\n<h3><strong>North American T-28B <\/strong><strong>[1:144]<\/strong><\/h3>\n<p>137788 \/ 115 \/ 2W, USN, VT-3<\/p>\n<p><img loading=\"lazy\" decoding=\"async\" class=\"wp-image-5646 alignleft\" src=\"https:\/\/alfa7.cz\/mil\/wp-content\/uploads\/2019\/11\/T-28B-300x300.png\" alt=\"\" width=\"210\" height=\"210\" srcset=\"https:\/\/alfa7.cz\/mil\/wp-content\/uploads\/2019\/11\/T-28B-300x300.png 300w, https:\/\/alfa7.cz\/mil\/wp-content\/uploads\/2019\/11\/T-28B-150x150.png 150w, https:\/\/alfa7.cz\/mil\/wp-content\/uploads\/2019\/11\/T-28B-100x100.png 100w, https:\/\/alfa7.cz\/mil\/wp-content\/uploads\/2019\/11\/T-28B-200x200.png 200w, https:\/\/alfa7.cz\/mil\/wp-content\/uploads\/2019\/11\/T-28B.png 355w\" sizes=\"(max-width: 210px) 100vw, 210px\" \/><\/p>\n<p><a href=\"https:\/\/alfa7.cz\/mil\/north-american-t-28b-trojan-1144\/\"><img loading=\"lazy\" decoding=\"async\" class=\"alignleft wp-image-6345\" src=\"https:\/\/alfa7.cz\/mil\/wp-content\/uploads\/2020\/04\/P4121353-300x225.jpg\" alt=\"\" width=\"280\" height=\"210\" srcset=\"https:\/\/alfa7.cz\/mil\/wp-content\/uploads\/2020\/04\/P4121353-300x225.jpg 300w, https:\/\/alfa7.cz\/mil\/wp-content\/uploads\/2020\/04\/P4121353-768x576.jpg 768w, https:\/\/alfa7.cz\/mil\/wp-content\/uploads\/2020\/04\/P4121353-1024x768.jpg 1024w, https:\/\/alfa7.cz\/mil\/wp-content\/uploads\/2020\/04\/P4121353-100x75.jpg 100w, https:\/\/alfa7.cz\/mil\/wp-content\/uploads\/2020\/04\/P4121353-150x113.jpg 150w, https:\/\/alfa7.cz\/mil\/wp-content\/uploads\/2020\/04\/P4121353-200x150.jpg 200w, https:\/\/alfa7.cz\/mil\/wp-content\/uploads\/2020\/04\/P4121353-450x338.jpg 450w, https:\/\/alfa7.cz\/mil\/wp-content\/uploads\/2020\/04\/P4121353-600x450.jpg 600w, https:\/\/alfa7.cz\/mil\/wp-content\/uploads\/2020\/04\/P4121353-900x675.jpg 900w, https:\/\/alfa7.cz\/mil\/wp-content\/uploads\/2020\/04\/P4121353.jpg 1056w\" sizes=\"(max-width: 280px) 100vw, 280px\" \/><\/a><\/p>\n<p>&nbsp;<\/p>\n<p>&nbsp;<\/p>\n<p>&nbsp;<\/p>\n<p>&nbsp;<\/p>\n<p>&nbsp;<\/p>\n<hr \/>\n<h3><strong><a href=\"https:\/\/alfa7.cz\/trojan\/\">North American T-28B Trojan<\/a> [1:72 a 1:48]<br \/>\n<\/strong><\/h3>\n<p>138179 \/ MG \/ OE-ESA, RedBull, Rakousko<\/p>\n<p><img loading=\"lazy\" decoding=\"async\" class=\" wp-image-6695 alignleft\" src=\"https:\/\/alfa7.cz\/mil\/wp-content\/uploads\/2021\/02\/T-28B_OE-ESA_1-72_decal-238x300.jpg\" alt=\"\" width=\"172\" height=\"217\" srcset=\"https:\/\/alfa7.cz\/mil\/wp-content\/uploads\/2021\/02\/T-28B_OE-ESA_1-72_decal-238x300.jpg 238w, https:\/\/alfa7.cz\/mil\/wp-content\/uploads\/2021\/02\/T-28B_OE-ESA_1-72_decal-100x126.jpg 100w, https:\/\/alfa7.cz\/mil\/wp-content\/uploads\/2021\/02\/T-28B_OE-ESA_1-72_decal-150x189.jpg 150w, https:\/\/alfa7.cz\/mil\/wp-content\/uploads\/2021\/02\/T-28B_OE-ESA_1-72_decal-200x252.jpg 200w, https:\/\/alfa7.cz\/mil\/wp-content\/uploads\/2021\/02\/T-28B_OE-ESA_1-72_decal-300x378.jpg 300w, https:\/\/alfa7.cz\/mil\/wp-content\/uploads\/2021\/02\/T-28B_OE-ESA_1-72_decal-450x567.jpg 450w, https:\/\/alfa7.cz\/mil\/wp-content\/uploads\/2021\/02\/T-28B_OE-ESA_1-72_decal.jpg 532w\" sizes=\"(max-width: 172px) 100vw, 172px\" \/><\/p>\n<p><img loading=\"lazy\" decoding=\"async\" class=\"size-medium wp-image-6692 alignleft\" src=\"https:\/\/alfa7.cz\/mil\/wp-content\/uploads\/2021\/02\/T-28B_OE-ESA_1-48_decal-300x215.jpg\" alt=\"\" width=\"300\" height=\"215\" srcset=\"https:\/\/alfa7.cz\/mil\/wp-content\/uploads\/2021\/02\/T-28B_OE-ESA_1-48_decal-300x215.jpg 300w, https:\/\/alfa7.cz\/mil\/wp-content\/uploads\/2021\/02\/T-28B_OE-ESA_1-48_decal-100x72.jpg 100w, https:\/\/alfa7.cz\/mil\/wp-content\/uploads\/2021\/02\/T-28B_OE-ESA_1-48_decal-150x108.jpg 150w, https:\/\/alfa7.cz\/mil\/wp-content\/uploads\/2021\/02\/T-28B_OE-ESA_1-48_decal-200x144.jpg 200w, https:\/\/alfa7.cz\/mil\/wp-content\/uploads\/2021\/02\/T-28B_OE-ESA_1-48_decal-450x323.jpg 450w, https:\/\/alfa7.cz\/mil\/wp-content\/uploads\/2021\/02\/T-28B_OE-ESA_1-48_decal-600x431.jpg 600w, https:\/\/alfa7.cz\/mil\/wp-content\/uploads\/2021\/02\/T-28B_OE-ESA_1-48_decal.jpg 742w\" sizes=\"(max-width: 300px) 100vw, 300px\" \/> <img loading=\"lazy\" decoding=\"async\" class=\"size-medium wp-image-6693 alignleft\" src=\"https:\/\/alfa7.cz\/mil\/wp-content\/uploads\/2021\/02\/T-28B_OE-ESA_1-48_mask-300x218.jpg\" alt=\"\" width=\"300\" height=\"218\" srcset=\"https:\/\/alfa7.cz\/mil\/wp-content\/uploads\/2021\/02\/T-28B_OE-ESA_1-48_mask-300x218.jpg 300w, https:\/\/alfa7.cz\/mil\/wp-content\/uploads\/2021\/02\/T-28B_OE-ESA_1-48_mask-100x73.jpg 100w, https:\/\/alfa7.cz\/mil\/wp-content\/uploads\/2021\/02\/T-28B_OE-ESA_1-48_mask-150x109.jpg 150w, https:\/\/alfa7.cz\/mil\/wp-content\/uploads\/2021\/02\/T-28B_OE-ESA_1-48_mask-200x146.jpg 200w, https:\/\/alfa7.cz\/mil\/wp-content\/uploads\/2021\/02\/T-28B_OE-ESA_1-48_mask-450x327.jpg 450w, https:\/\/alfa7.cz\/mil\/wp-content\/uploads\/2021\/02\/T-28B_OE-ESA_1-48_mask-600x437.jpg 600w, https:\/\/alfa7.cz\/mil\/wp-content\/uploads\/2021\/02\/T-28B_OE-ESA_1-48_mask.jpg 764w\" sizes=\"(max-width: 300px) 100vw, 300px\" \/><\/p>\n<p>&nbsp;<\/p>\n<p>&nbsp;<\/p>\n<p>&nbsp;<\/p>\n<p>&nbsp;<\/p>\n<p>&nbsp;<\/p>\n<p>&nbsp;<\/p>\n<hr \/>\n<p><img loading=\"lazy\" decoding=\"async\" class=\"size-medium wp-image-5591 alignright\" src=\"https:\/\/alfa7.cz\/mil\/wp-content\/uploads\/2019\/11\/blank-300x225.png\" alt=\"\" width=\"300\" height=\"225\" srcset=\"https:\/\/alfa7.cz\/mil\/wp-content\/uploads\/2019\/11\/blank-300x225.png 300w, https:\/\/alfa7.cz\/mil\/wp-content\/uploads\/2019\/11\/blank-768x576.png 768w, https:\/\/alfa7.cz\/mil\/wp-content\/uploads\/2019\/11\/blank-1024x768.png 1024w, https:\/\/alfa7.cz\/mil\/wp-content\/uploads\/2019\/11\/blank-100x75.png 100w, https:\/\/alfa7.cz\/mil\/wp-content\/uploads\/2019\/11\/blank-150x113.png 150w, https:\/\/alfa7.cz\/mil\/wp-content\/uploads\/2019\/11\/blank-200x150.png 200w, https:\/\/alfa7.cz\/mil\/wp-content\/uploads\/2019\/11\/blank-450x338.png 450w, https:\/\/alfa7.cz\/mil\/wp-content\/uploads\/2019\/11\/blank-600x450.png 600w, https:\/\/alfa7.cz\/mil\/wp-content\/uploads\/2019\/11\/blank-900x675.png 900w\" sizes=\"(max-width: 300px) 100vw, 300px\" \/><\/p>\n<h3><strong>Northrop F-5E <\/strong><strong>[1:144]<\/strong><\/h3>\n<p>J-3068, \u0160v\u00fdcarsko<\/p>\n<p><img loading=\"lazy\" decoding=\"async\" class=\"wp-image-3131 alignleft\" src=\"https:\/\/alfa7.cz\/mil\/wp-content\/uploads\/2017\/06\/F-5E_SwissAF.jpg\" alt=\"\" width=\"212\" height=\"92\" srcset=\"https:\/\/alfa7.cz\/mil\/wp-content\/uploads\/2017\/06\/F-5E_SwissAF.jpg 196w, https:\/\/alfa7.cz\/mil\/wp-content\/uploads\/2017\/06\/F-5E_SwissAF-100x43.jpg 100w, https:\/\/alfa7.cz\/mil\/wp-content\/uploads\/2017\/06\/F-5E_SwissAF-150x65.jpg 150w\" sizes=\"(max-width: 212px) 100vw, 212px\" \/><\/p>\n<p>&nbsp;<\/p>\n<p>&nbsp;<\/p>\n<p>&nbsp;<\/p>\n<p>&nbsp;<\/p>\n<p>&nbsp;<\/p>\n<hr \/>\n<h3><strong>Northrop F-5F Tiger II [1:72]<br \/>\n<\/strong><\/h3>\n<p>840456\/AF100, USN, VFC-111<\/p>\n<p><img loading=\"lazy\" decoding=\"async\" class=\" wp-image-3130 alignleft\" src=\"https:\/\/alfa7.cz\/mil\/wp-content\/uploads\/2017\/06\/F-4F_USN_VFC-111-300x148.jpg\" alt=\"\" width=\"268\" height=\"132\" srcset=\"https:\/\/alfa7.cz\/mil\/wp-content\/uploads\/2017\/06\/F-4F_USN_VFC-111.jpg 300w, https:\/\/alfa7.cz\/mil\/wp-content\/uploads\/2017\/06\/F-4F_USN_VFC-111-100x49.jpg 100w, https:\/\/alfa7.cz\/mil\/wp-content\/uploads\/2017\/06\/F-4F_USN_VFC-111-150x74.jpg 150w, https:\/\/alfa7.cz\/mil\/wp-content\/uploads\/2017\/06\/F-4F_USN_VFC-111-200x99.jpg 200w\" sizes=\"(max-width: 268px) 100vw, 268px\" \/><\/p>\n<p><a href=\"https:\/\/alfa7.cz\/mil\/northrop-f-5f-172\/\"><img loading=\"lazy\" decoding=\"async\" class=\"alignleft wp-image-3586 \" src=\"https:\/\/alfa7.cz\/mil\/wp-content\/uploads\/2018\/10\/F-5F_M01-300x225.jpg\" alt=\"\" width=\"280\" height=\"210\" srcset=\"https:\/\/alfa7.cz\/mil\/wp-content\/uploads\/2018\/10\/F-5F_M01-300x225.jpg 300w, https:\/\/alfa7.cz\/mil\/wp-content\/uploads\/2018\/10\/F-5F_M01-100x75.jpg 100w, https:\/\/alfa7.cz\/mil\/wp-content\/uploads\/2018\/10\/F-5F_M01-150x113.jpg 150w, https:\/\/alfa7.cz\/mil\/wp-content\/uploads\/2018\/10\/F-5F_M01-200x150.jpg 200w, https:\/\/alfa7.cz\/mil\/wp-content\/uploads\/2018\/10\/F-5F_M01-450x338.jpg 450w, https:\/\/alfa7.cz\/mil\/wp-content\/uploads\/2018\/10\/F-5F_M01-600x450.jpg 600w, https:\/\/alfa7.cz\/mil\/wp-content\/uploads\/2018\/10\/F-5F_M01.jpg 704w\" sizes=\"(max-width: 280px) 100vw, 280px\" \/><\/a><\/p>\n<p>&nbsp;<\/p>\n<p>&nbsp;<\/p>\n<p>&nbsp;<\/p>\n<p>&nbsp;<\/p>\n<p>&nbsp;<\/p>\n<hr \/>\n<p><img loading=\"lazy\" decoding=\"async\" class=\"size-medium wp-image-5591 alignright\" src=\"https:\/\/alfa7.cz\/mil\/wp-content\/uploads\/2019\/11\/blank-300x225.png\" alt=\"\" width=\"300\" height=\"225\" srcset=\"https:\/\/alfa7.cz\/mil\/wp-content\/uploads\/2019\/11\/blank-300x225.png 300w, https:\/\/alfa7.cz\/mil\/wp-content\/uploads\/2019\/11\/blank-768x576.png 768w, https:\/\/alfa7.cz\/mil\/wp-content\/uploads\/2019\/11\/blank-1024x768.png 1024w, https:\/\/alfa7.cz\/mil\/wp-content\/uploads\/2019\/11\/blank-100x75.png 100w, https:\/\/alfa7.cz\/mil\/wp-content\/uploads\/2019\/11\/blank-150x113.png 150w, https:\/\/alfa7.cz\/mil\/wp-content\/uploads\/2019\/11\/blank-200x150.png 200w, https:\/\/alfa7.cz\/mil\/wp-content\/uploads\/2019\/11\/blank-450x338.png 450w, https:\/\/alfa7.cz\/mil\/wp-content\/uploads\/2019\/11\/blank-600x450.png 600w, https:\/\/alfa7.cz\/mil\/wp-content\/uploads\/2019\/11\/blank-900x675.png 900w\" sizes=\"(max-width: 300px) 100vw, 300px\" \/><\/p>\n<h3><strong>Northrop F-5N Tiger II <\/strong><strong>[1:144]<\/strong><\/h3>\n<p>761548\/AF101, USN, VFC-111<\/p>\n<p><img loading=\"lazy\" decoding=\"async\" class=\" wp-image-3132 alignleft\" src=\"https:\/\/alfa7.cz\/mil\/wp-content\/uploads\/2017\/06\/F-5N_USN_VFC-111-300x174.jpg\" alt=\"\" width=\"271\" height=\"157\" srcset=\"https:\/\/alfa7.cz\/mil\/wp-content\/uploads\/2017\/06\/F-5N_USN_VFC-111.jpg 300w, https:\/\/alfa7.cz\/mil\/wp-content\/uploads\/2017\/06\/F-5N_USN_VFC-111-100x58.jpg 100w, https:\/\/alfa7.cz\/mil\/wp-content\/uploads\/2017\/06\/F-5N_USN_VFC-111-150x87.jpg 150w, https:\/\/alfa7.cz\/mil\/wp-content\/uploads\/2017\/06\/F-5N_USN_VFC-111-200x116.jpg 200w\" sizes=\"(max-width: 271px) 100vw, 271px\" \/><\/p>\n<p>&nbsp;<\/p>\n<p>&nbsp;<\/p>\n<p>&nbsp;<\/p>\n<p>&nbsp;<\/p>\n<p>&nbsp;<\/p>\n<hr \/>\n<h1 style=\"text-align: center;\"><!-- letter jump --><a name=\"P\"><\/a>P<\/h1>\n<hr \/>\n<h3><strong>Polikarpov I-16 typ 10 <\/strong><strong>[1:144]<\/strong><\/h3>\n<p>CM-158, 1. escuadrilla \u0160pan\u011blsk\u00e9ho republik\u00e1nsk\u00e9ho letectva, z\u00e1kladna Liria, duben 1938<\/p>\n<p><img loading=\"lazy\" decoding=\"async\" class=\"wp-image-3144 alignleft\" src=\"https:\/\/alfa7.cz\/mil\/wp-content\/uploads\/2017\/06\/I-16_Type_10_Spain_1esc-300x244.jpg\" alt=\"\" width=\"172\" height=\"140\" srcset=\"https:\/\/alfa7.cz\/mil\/wp-content\/uploads\/2017\/06\/I-16_Type_10_Spain_1esc.jpg 300w, https:\/\/alfa7.cz\/mil\/wp-content\/uploads\/2017\/06\/I-16_Type_10_Spain_1esc-100x81.jpg 100w, https:\/\/alfa7.cz\/mil\/wp-content\/uploads\/2017\/06\/I-16_Type_10_Spain_1esc-150x122.jpg 150w, https:\/\/alfa7.cz\/mil\/wp-content\/uploads\/2017\/06\/I-16_Type_10_Spain_1esc-200x163.jpg 200w\" sizes=\"(max-width: 172px) 100vw, 172px\" \/><\/p>\n<p><a href=\"https:\/\/alfa7.cz\/mil\/polikarpov-i-16-typ-10-1144\/\"><img loading=\"lazy\" decoding=\"async\" class=\"wp-image-2767 alignleft\" src=\"https:\/\/alfa7.cz\/mil\/wp-content\/uploads\/2016\/09\/P9201042-300x225.jpg\" alt=\"\" width=\"280\" height=\"210\" srcset=\"https:\/\/alfa7.cz\/mil\/wp-content\/uploads\/2016\/09\/P9201042-300x225.jpg 300w, https:\/\/alfa7.cz\/mil\/wp-content\/uploads\/2016\/09\/P9201042-100x75.jpg 100w, https:\/\/alfa7.cz\/mil\/wp-content\/uploads\/2016\/09\/P9201042-150x113.jpg 150w, https:\/\/alfa7.cz\/mil\/wp-content\/uploads\/2016\/09\/P9201042-200x150.jpg 200w, https:\/\/alfa7.cz\/mil\/wp-content\/uploads\/2016\/09\/P9201042-450x338.jpg 450w, https:\/\/alfa7.cz\/mil\/wp-content\/uploads\/2016\/09\/P9201042-600x450.jpg 600w, https:\/\/alfa7.cz\/mil\/wp-content\/uploads\/2016\/09\/P9201042.jpg 704w\" sizes=\"(max-width: 280px) 100vw, 280px\" \/><\/a><\/p>\n<p>&nbsp;<\/p>\n<p>&nbsp;<\/p>\n<p>&nbsp;<\/p>\n<p>&nbsp;<\/p>\n<p>&nbsp;<\/p>\n<hr \/>\n<p><img loading=\"lazy\" decoding=\"async\" class=\"size-medium wp-image-5591 alignright\" src=\"https:\/\/alfa7.cz\/mil\/wp-content\/uploads\/2019\/11\/blank-300x225.png\" alt=\"\" width=\"300\" height=\"225\" srcset=\"https:\/\/alfa7.cz\/mil\/wp-content\/uploads\/2019\/11\/blank-300x225.png 300w, https:\/\/alfa7.cz\/mil\/wp-content\/uploads\/2019\/11\/blank-768x576.png 768w, https:\/\/alfa7.cz\/mil\/wp-content\/uploads\/2019\/11\/blank-1024x768.png 1024w, https:\/\/alfa7.cz\/mil\/wp-content\/uploads\/2019\/11\/blank-100x75.png 100w, https:\/\/alfa7.cz\/mil\/wp-content\/uploads\/2019\/11\/blank-150x113.png 150w, https:\/\/alfa7.cz\/mil\/wp-content\/uploads\/2019\/11\/blank-200x150.png 200w, https:\/\/alfa7.cz\/mil\/wp-content\/uploads\/2019\/11\/blank-450x338.png 450w, https:\/\/alfa7.cz\/mil\/wp-content\/uploads\/2019\/11\/blank-600x450.png 600w, https:\/\/alfa7.cz\/mil\/wp-content\/uploads\/2019\/11\/blank-900x675.png 900w\" sizes=\"(max-width: 300px) 100vw, 300px\" \/><\/p>\n<h3><strong>Polikarpov UTI-4 (I-16 Type 17) <\/strong><strong>[1:144]<\/strong><\/h3>\n<p>UT-1, KBF 4GIAP<\/p>\n<p><img loading=\"lazy\" decoding=\"async\" class=\"wp-image-3145 alignleft\" src=\"https:\/\/alfa7.cz\/mil\/wp-content\/uploads\/2017\/06\/I-16_Type_17_KBF_4GIAP.jpg\" alt=\"\" width=\"207\" height=\"75\" srcset=\"https:\/\/alfa7.cz\/mil\/wp-content\/uploads\/2017\/06\/I-16_Type_17_KBF_4GIAP.jpg 158w, https:\/\/alfa7.cz\/mil\/wp-content\/uploads\/2017\/06\/I-16_Type_17_KBF_4GIAP-100x36.jpg 100w, https:\/\/alfa7.cz\/mil\/wp-content\/uploads\/2017\/06\/I-16_Type_17_KBF_4GIAP-150x54.jpg 150w\" sizes=\"(max-width: 207px) 100vw, 207px\" \/><\/p>\n<p>&nbsp;<\/p>\n<p>&nbsp;<\/p>\n<p>&nbsp;<\/p>\n<p>&nbsp;<\/p>\n<hr \/>\n<h1 style=\"text-align: center;\"><!-- letter jump --><a name=\"S\"><\/a>S<\/h1>\n<hr \/>\n<p><img loading=\"lazy\" decoding=\"async\" class=\"size-medium wp-image-5591 alignright\" src=\"https:\/\/alfa7.cz\/mil\/wp-content\/uploads\/2019\/11\/blank-300x225.png\" alt=\"\" width=\"300\" height=\"225\" srcset=\"https:\/\/alfa7.cz\/mil\/wp-content\/uploads\/2019\/11\/blank-300x225.png 300w, https:\/\/alfa7.cz\/mil\/wp-content\/uploads\/2019\/11\/blank-768x576.png 768w, https:\/\/alfa7.cz\/mil\/wp-content\/uploads\/2019\/11\/blank-1024x768.png 1024w, https:\/\/alfa7.cz\/mil\/wp-content\/uploads\/2019\/11\/blank-100x75.png 100w, https:\/\/alfa7.cz\/mil\/wp-content\/uploads\/2019\/11\/blank-150x113.png 150w, https:\/\/alfa7.cz\/mil\/wp-content\/uploads\/2019\/11\/blank-200x150.png 200w, https:\/\/alfa7.cz\/mil\/wp-content\/uploads\/2019\/11\/blank-450x338.png 450w, https:\/\/alfa7.cz\/mil\/wp-content\/uploads\/2019\/11\/blank-600x450.png 600w, https:\/\/alfa7.cz\/mil\/wp-content\/uploads\/2019\/11\/blank-900x675.png 900w\" sizes=\"(max-width: 300px) 100vw, 300px\" \/><\/p>\n<h3><strong>Shenyang FT-5 <\/strong><strong>[1:144]<\/strong><\/h3>\n<p>55.1208, Pakistan AF<\/p>\n<p><img loading=\"lazy\" decoding=\"async\" class=\" wp-image-3143 alignleft\" src=\"https:\/\/alfa7.cz\/mil\/wp-content\/uploads\/2017\/06\/FT-5_PakAF-300x114.jpg\" alt=\"\" width=\"271\" height=\"103\" srcset=\"https:\/\/alfa7.cz\/mil\/wp-content\/uploads\/2017\/06\/FT-5_PakAF.jpg 300w, https:\/\/alfa7.cz\/mil\/wp-content\/uploads\/2017\/06\/FT-5_PakAF-100x38.jpg 100w, https:\/\/alfa7.cz\/mil\/wp-content\/uploads\/2017\/06\/FT-5_PakAF-150x57.jpg 150w, https:\/\/alfa7.cz\/mil\/wp-content\/uploads\/2017\/06\/FT-5_PakAF-200x76.jpg 200w\" sizes=\"(max-width: 271px) 100vw, 271px\" \/><\/p>\n<p>&nbsp;<\/p>\n<p>&nbsp;<\/p>\n<p>&nbsp;<\/p>\n<p>&nbsp;<\/p>\n<p>&nbsp;<\/p>\n<p>&nbsp;<\/p>\n<hr \/>\n<p><img loading=\"lazy\" decoding=\"async\" class=\"size-medium wp-image-5591 alignright\" src=\"https:\/\/alfa7.cz\/mil\/wp-content\/uploads\/2019\/11\/blank-300x225.png\" alt=\"\" width=\"300\" height=\"225\" srcset=\"https:\/\/alfa7.cz\/mil\/wp-content\/uploads\/2019\/11\/blank-300x225.png 300w, https:\/\/alfa7.cz\/mil\/wp-content\/uploads\/2019\/11\/blank-768x576.png 768w, https:\/\/alfa7.cz\/mil\/wp-content\/uploads\/2019\/11\/blank-1024x768.png 1024w, https:\/\/alfa7.cz\/mil\/wp-content\/uploads\/2019\/11\/blank-100x75.png 100w, https:\/\/alfa7.cz\/mil\/wp-content\/uploads\/2019\/11\/blank-150x113.png 150w, https:\/\/alfa7.cz\/mil\/wp-content\/uploads\/2019\/11\/blank-200x150.png 200w, https:\/\/alfa7.cz\/mil\/wp-content\/uploads\/2019\/11\/blank-450x338.png 450w, https:\/\/alfa7.cz\/mil\/wp-content\/uploads\/2019\/11\/blank-600x450.png 600w, https:\/\/alfa7.cz\/mil\/wp-content\/uploads\/2019\/11\/blank-900x675.png 900w\" sizes=\"(max-width: 300px) 100vw, 300px\" \/><\/p>\n<h3><strong>SZD-48 Jantar Standard [1:72]<br \/>\n<\/strong><\/h3>\n<p>SZ \/ OK-6200, \u010ceskoslovensko<\/p>\n<p><img loading=\"lazy\" decoding=\"async\" class=\" wp-image-3157 alignleft\" src=\"https:\/\/alfa7.cz\/mil\/wp-content\/uploads\/2017\/06\/SZD-48_OK-6200-300x177.jpg\" alt=\"\" width=\"283\" height=\"167\" srcset=\"https:\/\/alfa7.cz\/mil\/wp-content\/uploads\/2017\/06\/SZD-48_OK-6200.jpg 300w, https:\/\/alfa7.cz\/mil\/wp-content\/uploads\/2017\/06\/SZD-48_OK-6200-100x59.jpg 100w, https:\/\/alfa7.cz\/mil\/wp-content\/uploads\/2017\/06\/SZD-48_OK-6200-150x89.jpg 150w, https:\/\/alfa7.cz\/mil\/wp-content\/uploads\/2017\/06\/SZD-48_OK-6200-200x118.jpg 200w\" sizes=\"(max-width: 283px) 100vw, 283px\" \/><\/p>\n<p>&nbsp;<\/p>\n<p>&nbsp;<\/p>\n<p>&nbsp;<\/p>\n<p>&nbsp;<\/p>\n<p>&nbsp;<\/p>\n<p>&nbsp;<\/p>\n<hr \/>\n<p><img loading=\"lazy\" decoding=\"async\" class=\"size-medium wp-image-5591 alignright\" src=\"https:\/\/alfa7.cz\/mil\/wp-content\/uploads\/2019\/11\/blank-300x225.png\" alt=\"\" width=\"300\" height=\"225\" srcset=\"https:\/\/alfa7.cz\/mil\/wp-content\/uploads\/2019\/11\/blank-300x225.png 300w, https:\/\/alfa7.cz\/mil\/wp-content\/uploads\/2019\/11\/blank-768x576.png 768w, https:\/\/alfa7.cz\/mil\/wp-content\/uploads\/2019\/11\/blank-1024x768.png 1024w, https:\/\/alfa7.cz\/mil\/wp-content\/uploads\/2019\/11\/blank-100x75.png 100w, https:\/\/alfa7.cz\/mil\/wp-content\/uploads\/2019\/11\/blank-150x113.png 150w, https:\/\/alfa7.cz\/mil\/wp-content\/uploads\/2019\/11\/blank-200x150.png 200w, https:\/\/alfa7.cz\/mil\/wp-content\/uploads\/2019\/11\/blank-450x338.png 450w, https:\/\/alfa7.cz\/mil\/wp-content\/uploads\/2019\/11\/blank-600x450.png 600w, https:\/\/alfa7.cz\/mil\/wp-content\/uploads\/2019\/11\/blank-900x675.png 900w\" sizes=\"(max-width: 300px) 100vw, 300px\" \/><\/p>\n<h3><strong>Supermarine Spitfire Mk.I [1:72]<br \/>\n<\/strong><\/h3>\n<p>P9386 \/ QV-K, RAF, No. 19. squadron, 1940<\/p>\n<p><img loading=\"lazy\" decoding=\"async\" class=\" wp-image-3154 alignleft\" src=\"https:\/\/alfa7.cz\/mil\/wp-content\/uploads\/2017\/06\/Spitfire_I_RAF_19sqn-300x230.jpg\" alt=\"\" width=\"239\" height=\"183\" srcset=\"https:\/\/alfa7.cz\/mil\/wp-content\/uploads\/2017\/06\/Spitfire_I_RAF_19sqn.jpg 300w, https:\/\/alfa7.cz\/mil\/wp-content\/uploads\/2017\/06\/Spitfire_I_RAF_19sqn-100x77.jpg 100w, https:\/\/alfa7.cz\/mil\/wp-content\/uploads\/2017\/06\/Spitfire_I_RAF_19sqn-150x115.jpg 150w, https:\/\/alfa7.cz\/mil\/wp-content\/uploads\/2017\/06\/Spitfire_I_RAF_19sqn-200x153.jpg 200w\" sizes=\"(max-width: 239px) 100vw, 239px\" \/><\/p>\n<p>&nbsp;<\/p>\n<p>&nbsp;<\/p>\n<p>&nbsp;<\/p>\n<p>&nbsp;<\/p>\n<p>&nbsp;<\/p>\n<p>&nbsp;<\/p>\n<hr \/>\n<h3><strong>Supermarine Spitfire PR Mk.IV [1:72]<br \/>\n<\/strong><\/h3>\n<p>BR416, No.2 PRU, Marbel Arch, Severn\u00ed Afrika, 1942<\/p>\n<p><img loading=\"lazy\" decoding=\"async\" class=\" wp-image-3155 alignleft\" src=\"https:\/\/alfa7.cz\/mil\/wp-content\/uploads\/2017\/06\/Spitfire_IV_RAF_2PRU-300x171.jpg\" alt=\"\" width=\"209\" height=\"119\" srcset=\"https:\/\/alfa7.cz\/mil\/wp-content\/uploads\/2017\/06\/Spitfire_IV_RAF_2PRU.jpg 300w, https:\/\/alfa7.cz\/mil\/wp-content\/uploads\/2017\/06\/Spitfire_IV_RAF_2PRU-100x57.jpg 100w, https:\/\/alfa7.cz\/mil\/wp-content\/uploads\/2017\/06\/Spitfire_IV_RAF_2PRU-150x86.jpg 150w, https:\/\/alfa7.cz\/mil\/wp-content\/uploads\/2017\/06\/Spitfire_IV_RAF_2PRU-200x114.jpg 200w\" sizes=\"(max-width: 209px) 100vw, 209px\" \/><\/p>\n<p><a href=\"https:\/\/alfa7.cz\/mil\/supermarine-spitfire-pr-mk-iv\/\"><img loading=\"lazy\" decoding=\"async\" class=\"alignleft wp-image-780\" src=\"https:\/\/alfa7.cz\/mil\/wp-content\/uploads\/2015\/05\/p5240038-300x225.jpg\" alt=\"\" width=\"280\" height=\"210\" srcset=\"https:\/\/alfa7.cz\/mil\/wp-content\/uploads\/2015\/05\/p5240038-300x225.jpg 300w, https:\/\/alfa7.cz\/mil\/wp-content\/uploads\/2015\/05\/p5240038-100x75.jpg 100w, https:\/\/alfa7.cz\/mil\/wp-content\/uploads\/2015\/05\/p5240038-150x113.jpg 150w, https:\/\/alfa7.cz\/mil\/wp-content\/uploads\/2015\/05\/p5240038-200x150.jpg 200w, https:\/\/alfa7.cz\/mil\/wp-content\/uploads\/2015\/05\/p5240038-450x338.jpg 450w, https:\/\/alfa7.cz\/mil\/wp-content\/uploads\/2015\/05\/p5240038-600x450.jpg 600w, https:\/\/alfa7.cz\/mil\/wp-content\/uploads\/2015\/05\/p5240038.jpg 704w\" sizes=\"(max-width: 280px) 100vw, 280px\" \/><\/a><\/p>\n<p>&nbsp;<\/p>\n<p>&nbsp;<\/p>\n<p>&nbsp;<\/p>\n<p>&nbsp;<\/p>\n<p>&nbsp;<\/p>\n<hr \/>\n<h3><strong>Supermarine Spitfire F.Mk.VII [1:72]<br \/>\n<\/strong><\/h3>\n<p>MD114\/DU-G, RAF Skeabrae, 01\/1944<\/p>\n<p><img loading=\"lazy\" decoding=\"async\" class=\"wp-image-3156 alignleft\" src=\"https:\/\/alfa7.cz\/mil\/wp-content\/uploads\/2017\/06\/Spitfire_VII_RAF_312sqn-300x255.jpg\" alt=\"\" width=\"246\" height=\"210\" srcset=\"https:\/\/alfa7.cz\/mil\/wp-content\/uploads\/2017\/06\/Spitfire_VII_RAF_312sqn.jpg 300w, https:\/\/alfa7.cz\/mil\/wp-content\/uploads\/2017\/06\/Spitfire_VII_RAF_312sqn-100x85.jpg 100w, https:\/\/alfa7.cz\/mil\/wp-content\/uploads\/2017\/06\/Spitfire_VII_RAF_312sqn-150x128.jpg 150w, https:\/\/alfa7.cz\/mil\/wp-content\/uploads\/2017\/06\/Spitfire_VII_RAF_312sqn-200x170.jpg 200w\" sizes=\"(max-width: 246px) 100vw, 246px\" \/><\/p>\n<p><a href=\"https:\/\/alfa7.cz\/mil\/supermarine-spitfire-f-mk-vii\/\"><img loading=\"lazy\" decoding=\"async\" class=\"alignleft wp-image-1611\" src=\"https:\/\/alfa7.cz\/mil\/wp-content\/uploads\/2016\/05\/p8160285-300x225.jpg\" alt=\"\" width=\"280\" height=\"210\" srcset=\"https:\/\/alfa7.cz\/mil\/wp-content\/uploads\/2016\/05\/p8160285-300x225.jpg 300w, https:\/\/alfa7.cz\/mil\/wp-content\/uploads\/2016\/05\/p8160285-100x75.jpg 100w, https:\/\/alfa7.cz\/mil\/wp-content\/uploads\/2016\/05\/p8160285-150x113.jpg 150w, https:\/\/alfa7.cz\/mil\/wp-content\/uploads\/2016\/05\/p8160285-200x150.jpg 200w, https:\/\/alfa7.cz\/mil\/wp-content\/uploads\/2016\/05\/p8160285-450x338.jpg 450w, https:\/\/alfa7.cz\/mil\/wp-content\/uploads\/2016\/05\/p8160285-600x450.jpg 600w, https:\/\/alfa7.cz\/mil\/wp-content\/uploads\/2016\/05\/p8160285.jpg 704w\" sizes=\"(max-width: 280px) 100vw, 280px\" \/><\/a><\/p>\n<p>&nbsp;<\/p>\n<p>&nbsp;<\/p>\n<p>&nbsp;<\/p>\n<p>&nbsp;<\/p>\n<p>&nbsp;<\/p>\n<hr \/>\n<h1 style=\"text-align: center;\"><!-- letter jump --><a name=\"V\"><\/a>V<\/h1>\n<hr \/>\n<h3><a href=\"https:\/\/alfa7.cz\/f4u-4-redbull-obtisky\/\"><strong>Vought F4U-4 Corsair<\/strong><\/a> [1:48]<\/h3>\n<p>37 RB \/ OE-EAS, RedBull, Rakousko<\/p>\n<p><strong><img loading=\"lazy\" decoding=\"async\" class=\" wp-image-6405 alignleft\" src=\"https:\/\/alfa7.cz\/mil\/wp-content\/uploads\/2020\/05\/F4U-4_Redbull_final-300x211.png\" alt=\"\" width=\"299\" height=\"210\" srcset=\"https:\/\/alfa7.cz\/mil\/wp-content\/uploads\/2020\/05\/F4U-4_Redbull_final-300x211.png 300w, https:\/\/alfa7.cz\/mil\/wp-content\/uploads\/2020\/05\/F4U-4_Redbull_final-768x541.png 768w, https:\/\/alfa7.cz\/mil\/wp-content\/uploads\/2020\/05\/F4U-4_Redbull_final-100x70.png 100w, https:\/\/alfa7.cz\/mil\/wp-content\/uploads\/2020\/05\/F4U-4_Redbull_final-150x106.png 150w, https:\/\/alfa7.cz\/mil\/wp-content\/uploads\/2020\/05\/F4U-4_Redbull_final-200x141.png 200w, https:\/\/alfa7.cz\/mil\/wp-content\/uploads\/2020\/05\/F4U-4_Redbull_final-450x317.png 450w, https:\/\/alfa7.cz\/mil\/wp-content\/uploads\/2020\/05\/F4U-4_Redbull_final-600x422.png 600w, https:\/\/alfa7.cz\/mil\/wp-content\/uploads\/2020\/05\/F4U-4_Redbull_final-900x634.png 900w, https:\/\/alfa7.cz\/mil\/wp-content\/uploads\/2020\/05\/F4U-4_Redbull_final.png 916w\" sizes=\"(max-width: 299px) 100vw, 299px\" \/><\/strong><\/p>\n<p><img loading=\"lazy\" decoding=\"async\" class=\"wp-image-6496 alignleft\" src=\"https:\/\/alfa7.cz\/mil\/wp-content\/uploads\/2020\/10\/P_20200618_220131-01-300x192.jpeg\" alt=\"\" width=\"328\" height=\"210\" srcset=\"https:\/\/alfa7.cz\/mil\/wp-content\/uploads\/2020\/10\/P_20200618_220131-01-300x192.jpeg 300w, https:\/\/alfa7.cz\/mil\/wp-content\/uploads\/2020\/10\/P_20200618_220131-01-768x491.jpeg 768w, https:\/\/alfa7.cz\/mil\/wp-content\/uploads\/2020\/10\/P_20200618_220131-01-1024x655.jpeg 1024w, https:\/\/alfa7.cz\/mil\/wp-content\/uploads\/2020\/10\/P_20200618_220131-01-100x64.jpeg 100w, https:\/\/alfa7.cz\/mil\/wp-content\/uploads\/2020\/10\/P_20200618_220131-01-150x96.jpeg 150w, https:\/\/alfa7.cz\/mil\/wp-content\/uploads\/2020\/10\/P_20200618_220131-01-200x128.jpeg 200w, https:\/\/alfa7.cz\/mil\/wp-content\/uploads\/2020\/10\/P_20200618_220131-01-450x288.jpeg 450w, https:\/\/alfa7.cz\/mil\/wp-content\/uploads\/2020\/10\/P_20200618_220131-01-600x384.jpeg 600w, https:\/\/alfa7.cz\/mil\/wp-content\/uploads\/2020\/10\/P_20200618_220131-01-900x576.jpeg 900w\" sizes=\"(max-width: 328px) 100vw, 328px\" \/><\/p>\n<p>&nbsp;<\/p>\n<p>&nbsp;<\/p>\n<p>&nbsp;<\/p>\n<p>&nbsp;<\/p>\n<p>&nbsp;<\/p>\n<p>&nbsp;<\/p>\n<hr \/>\n<h1 style=\"text-align: center;\"><!-- letter jump --><a name=\"W\"><\/a>W<\/h1>\n<hr \/>\n<h3><strong>Willys MB Jeep [1:72]<br \/>\n<\/strong><\/h3>\n<p>23338227-S, USAAF<\/p>\n<p><img loading=\"lazy\" decoding=\"async\" class=\"wp-image-3162 alignleft\" src=\"https:\/\/alfa7.cz\/mil\/wp-content\/uploads\/2017\/06\/Willys_MB.jpg\" alt=\"\" width=\"186\" height=\"209\" srcset=\"https:\/\/alfa7.cz\/mil\/wp-content\/uploads\/2017\/06\/Willys_MB.jpg 123w, https:\/\/alfa7.cz\/mil\/wp-content\/uploads\/2017\/06\/Willys_MB-100x112.jpg 100w\" sizes=\"(max-width: 186px) 100vw, 186px\" \/><\/p>\n<p><a href=\"https:\/\/alfa7.cz\/mil\/willys-mb-jeep-172\/\"><img loading=\"lazy\" decoding=\"async\" class=\"wp-image-2685 alignleft\" src=\"https:\/\/alfa7.cz\/mil\/wp-content\/uploads\/2016\/07\/willys_m08-300x225.jpg\" alt=\"\" width=\"280\" height=\"210\" srcset=\"https:\/\/alfa7.cz\/mil\/wp-content\/uploads\/2016\/07\/willys_m08-300x225.jpg 300w, https:\/\/alfa7.cz\/mil\/wp-content\/uploads\/2016\/07\/willys_m08-100x75.jpg 100w, https:\/\/alfa7.cz\/mil\/wp-content\/uploads\/2016\/07\/willys_m08-150x113.jpg 150w, https:\/\/alfa7.cz\/mil\/wp-content\/uploads\/2016\/07\/willys_m08-200x150.jpg 200w, https:\/\/alfa7.cz\/mil\/wp-content\/uploads\/2016\/07\/willys_m08-450x338.jpg 450w, https:\/\/alfa7.cz\/mil\/wp-content\/uploads\/2016\/07\/willys_m08-600x450.jpg 600w, https:\/\/alfa7.cz\/mil\/wp-content\/uploads\/2016\/07\/willys_m08.jpg 704w\" sizes=\"(max-width: 280px) 100vw, 280px\" \/><\/a><\/p>\n<p>&nbsp;<\/p>\n<p>&nbsp;<\/p>\n<p>&nbsp;<\/p>\n<p>&nbsp;<\/p>\n<p>&nbsp;<\/p>\n<hr \/>\n<h1 style=\"text-align: center;\"><!-- letter jump --><a name=\"Z\"><\/a>Z<\/h1>\n<hr \/>\n<h3><strong>Zl\u00edn Z-226MS [1:72]<br \/>\n<\/strong><\/h3>\n<p>OK-JGT, Aeroklub Let\u0148any<\/p>\n<p><img loading=\"lazy\" decoding=\"async\" class=\"wp-image-3165 alignleft\" src=\"https:\/\/alfa7.cz\/mil\/wp-content\/uploads\/2017\/06\/Z-226MS_OK-JGT-300x210.jpg\" alt=\"\" width=\"276\" height=\"193\" srcset=\"https:\/\/alfa7.cz\/mil\/wp-content\/uploads\/2017\/06\/Z-226MS_OK-JGT.jpg 300w, https:\/\/alfa7.cz\/mil\/wp-content\/uploads\/2017\/06\/Z-226MS_OK-JGT-100x70.jpg 100w, https:\/\/alfa7.cz\/mil\/wp-content\/uploads\/2017\/06\/Z-226MS_OK-JGT-150x105.jpg 150w, https:\/\/alfa7.cz\/mil\/wp-content\/uploads\/2017\/06\/Z-226MS_OK-JGT-200x140.jpg 200w\" sizes=\"(max-width: 276px) 100vw, 276px\" \/><\/p>\n<p><a href=\"https:\/\/alfa7.cz\/mil\/z-226ms-172\/\"><img loading=\"lazy\" decoding=\"async\" class=\"wp-image-1832 alignleft\" src=\"https:\/\/alfa7.cz\/mil\/wp-content\/uploads\/2016\/05\/p4100001-300x225.jpg\" alt=\"\" width=\"280\" height=\"210\" srcset=\"https:\/\/alfa7.cz\/mil\/wp-content\/uploads\/2016\/05\/p4100001-300x225.jpg 300w, https:\/\/alfa7.cz\/mil\/wp-content\/uploads\/2016\/05\/p4100001-100x75.jpg 100w, https:\/\/alfa7.cz\/mil\/wp-content\/uploads\/2016\/05\/p4100001-150x113.jpg 150w, https:\/\/alfa7.cz\/mil\/wp-content\/uploads\/2016\/05\/p4100001-200x150.jpg 200w, https:\/\/alfa7.cz\/mil\/wp-content\/uploads\/2016\/05\/p4100001-450x338.jpg 450w, https:\/\/alfa7.cz\/mil\/wp-content\/uploads\/2016\/05\/p4100001-600x450.jpg 600w, https:\/\/alfa7.cz\/mil\/wp-content\/uploads\/2016\/05\/p4100001.jpg 704w\" sizes=\"(max-width: 280px) 100vw, 280px\" \/><\/a><a href=\"https:\/\/alfa7.cz\/mil\/z-226ms-172-2\/\"><img loading=\"lazy\" decoding=\"async\" class=\"wp-image-1852 alignleft\" src=\"https:\/\/alfa7.cz\/mil\/wp-content\/uploads\/2016\/05\/PC040460-300x225.jpg\" alt=\"\" width=\"280\" height=\"210\" srcset=\"https:\/\/alfa7.cz\/mil\/wp-content\/uploads\/2016\/05\/PC040460-300x225.jpg 300w, https:\/\/alfa7.cz\/mil\/wp-content\/uploads\/2016\/05\/PC040460-100x75.jpg 100w, https:\/\/alfa7.cz\/mil\/wp-content\/uploads\/2016\/05\/PC040460-150x113.jpg 150w, https:\/\/alfa7.cz\/mil\/wp-content\/uploads\/2016\/05\/PC040460-200x150.jpg 200w, https:\/\/alfa7.cz\/mil\/wp-content\/uploads\/2016\/05\/PC040460-450x338.jpg 450w, https:\/\/alfa7.cz\/mil\/wp-content\/uploads\/2016\/05\/PC040460-600x450.jpg 600w, https:\/\/alfa7.cz\/mil\/wp-content\/uploads\/2016\/05\/PC040460.jpg 704w\" sizes=\"(max-width: 280px) 100vw, 280px\" \/><\/a><\/p>\n<p>&nbsp;<\/p>\n<p>&nbsp;<\/p>\n<p>&nbsp;<\/p>\n<p>&nbsp;<\/p>\n<p>&nbsp;<\/p>\n<hr \/>\n<p><img loading=\"lazy\" decoding=\"async\" class=\"size-medium wp-image-5591 alignright\" src=\"https:\/\/alfa7.cz\/mil\/wp-content\/uploads\/2019\/11\/blank-300x225.png\" alt=\"\" width=\"300\" height=\"225\" srcset=\"https:\/\/alfa7.cz\/mil\/wp-content\/uploads\/2019\/11\/blank-300x225.png 300w, https:\/\/alfa7.cz\/mil\/wp-content\/uploads\/2019\/11\/blank-768x576.png 768w, https:\/\/alfa7.cz\/mil\/wp-content\/uploads\/2019\/11\/blank-1024x768.png 1024w, https:\/\/alfa7.cz\/mil\/wp-content\/uploads\/2019\/11\/blank-100x75.png 100w, https:\/\/alfa7.cz\/mil\/wp-content\/uploads\/2019\/11\/blank-150x113.png 150w, https:\/\/alfa7.cz\/mil\/wp-content\/uploads\/2019\/11\/blank-200x150.png 200w, https:\/\/alfa7.cz\/mil\/wp-content\/uploads\/2019\/11\/blank-450x338.png 450w, https:\/\/alfa7.cz\/mil\/wp-content\/uploads\/2019\/11\/blank-600x450.png 600w, https:\/\/alfa7.cz\/mil\/wp-content\/uploads\/2019\/11\/blank-900x675.png 900w\" sizes=\"(max-width: 300px) 100vw, 300px\" \/><\/p>\n<h3><strong>Zl\u00edn C-105 [1:72]<br \/>\n<\/strong><\/h3>\n<p>UC-124, \u010ceskoslovensko<\/p>\n<p><img loading=\"lazy\" decoding=\"async\" class=\"wp-image-5649 alignleft\" src=\"https:\/\/alfa7.cz\/mil\/wp-content\/uploads\/2019\/11\/C-105-257x300.png\" alt=\"\" width=\"180\" height=\"210\" srcset=\"https:\/\/alfa7.cz\/mil\/wp-content\/uploads\/2019\/11\/C-105-257x300.png 257w, https:\/\/alfa7.cz\/mil\/wp-content\/uploads\/2019\/11\/C-105-100x117.png 100w, https:\/\/alfa7.cz\/mil\/wp-content\/uploads\/2019\/11\/C-105-150x175.png 150w, https:\/\/alfa7.cz\/mil\/wp-content\/uploads\/2019\/11\/C-105-200x233.png 200w, https:\/\/alfa7.cz\/mil\/wp-content\/uploads\/2019\/11\/C-105-300x350.png 300w, https:\/\/alfa7.cz\/mil\/wp-content\/uploads\/2019\/11\/C-105.png 354w\" sizes=\"(max-width: 180px) 100vw, 180px\" \/><\/p>\n<p>&nbsp;<\/p>\n<p>&nbsp;<\/p>\n<p>&nbsp;<\/p>\n<p>&nbsp;<\/p>\n<p>&nbsp;<\/p>\n<p>&nbsp;<\/p>\n<hr \/>\n<p><img loading=\"lazy\" decoding=\"async\" class=\"size-medium wp-image-5591 alignright\" src=\"https:\/\/alfa7.cz\/mil\/wp-content\/uploads\/2019\/11\/blank-300x225.png\" alt=\"\" width=\"300\" height=\"225\" srcset=\"https:\/\/alfa7.cz\/mil\/wp-content\/uploads\/2019\/11\/blank-300x225.png 300w, https:\/\/alfa7.cz\/mil\/wp-content\/uploads\/2019\/11\/blank-768x576.png 768w, https:\/\/alfa7.cz\/mil\/wp-content\/uploads\/2019\/11\/blank-1024x768.png 1024w, https:\/\/alfa7.cz\/mil\/wp-content\/uploads\/2019\/11\/blank-100x75.png 100w, https:\/\/alfa7.cz\/mil\/wp-content\/uploads\/2019\/11\/blank-150x113.png 150w, https:\/\/alfa7.cz\/mil\/wp-content\/uploads\/2019\/11\/blank-200x150.png 200w, https:\/\/alfa7.cz\/mil\/wp-content\/uploads\/2019\/11\/blank-450x338.png 450w, https:\/\/alfa7.cz\/mil\/wp-content\/uploads\/2019\/11\/blank-600x450.png 600w, https:\/\/alfa7.cz\/mil\/wp-content\/uploads\/2019\/11\/blank-900x675.png 900w\" sizes=\"(max-width: 300px) 100vw, 300px\" \/><\/p>\n<h3><strong>Zl\u00edn Z-50LS [1:72]<br \/>\n<\/strong><\/h3>\n<p>OK-IRG, \u010ceskoslovensko, 1984<\/p>\n<p><img loading=\"lazy\" decoding=\"async\" class=\"wp-image-3164 alignleft\" src=\"https:\/\/alfa7.cz\/mil\/wp-content\/uploads\/2017\/06\/Z-50LS_OK-IRG-265x300.jpg\" alt=\"\" width=\"185\" height=\"210\" srcset=\"https:\/\/alfa7.cz\/mil\/wp-content\/uploads\/2017\/06\/Z-50LS_OK-IRG-265x300.jpg 265w, https:\/\/alfa7.cz\/mil\/wp-content\/uploads\/2017\/06\/Z-50LS_OK-IRG-100x113.jpg 100w, https:\/\/alfa7.cz\/mil\/wp-content\/uploads\/2017\/06\/Z-50LS_OK-IRG-150x170.jpg 150w, https:\/\/alfa7.cz\/mil\/wp-content\/uploads\/2017\/06\/Z-50LS_OK-IRG-200x227.jpg 200w, https:\/\/alfa7.cz\/mil\/wp-content\/uploads\/2017\/06\/Z-50LS_OK-IRG.jpg 300w\" sizes=\"(max-width: 185px) 100vw, 185px\" \/><\/p>\n<p>&nbsp;<\/p>\n<p>&nbsp;<\/p>\n<p>&nbsp;<\/p>\n<p>&nbsp;<\/p>\n<p>&nbsp;<\/p>\n<p>&nbsp;<\/p>\n<hr \/>\n<p>&nbsp;<\/p>\n","protected":false},"excerpt":{"rendered":"<p><span class=\"span-reading-time rt-reading-time\" style=\"display: block;\"><span class=\"rt-label rt-prefix\">Doba \u010dten\u00ed: <\/span> <span class=\"rt-time\"> 11<\/span> <span class=\"rt-label rt-postfix\">min.<\/span><\/span>A B C D E F G H I J K L M N O P Q R S T U V W X Y Z A Aero L-39C Albatros [1:72] ES-YLS, Breitling #2 &nbsp; &nbsp; &nbsp; &nbsp; &nbsp; &nbsp;<span class=\"ellipsis\">&hellip;<\/span><\/p>\n<div class=\"read-more\"><a href=\"https:\/\/alfa7.cz\/mil\/obtisky\/\">\u010c\u00edst d\u00e1le &#8250;<\/a><\/div>\n<p><!-- end of .read-more --><\/p>\n","protected":false},"author":1,"featured_media":0,"parent":0,"menu_order":0,"comment_status":"closed","ping_status":"closed","template":"","meta":{"footnotes":""},"_links":{"self":[{"href":"https:\/\/alfa7.cz\/mil\/wp-json\/wp\/v2\/pages\/6664"}],"collection":[{"href":"https:\/\/alfa7.cz\/mil\/wp-json\/wp\/v2\/pages"}],"about":[{"href":"https:\/\/alfa7.cz\/mil\/wp-json\/wp\/v2\/types\/page"}],"author":[{"embeddable":true,"href":"https:\/\/alfa7.cz\/mil\/wp-json\/wp\/v2\/users\/1"}],"replies":[{"embeddable":true,"href":"https:\/\/alfa7.cz\/mil\/wp-json\/wp\/v2\/comments?post=6664"}],"version-history":[{"count":30,"href":"https:\/\/alfa7.cz\/mil\/wp-json\/wp\/v2\/pages\/6664\/revisions"}],"predecessor-version":[{"id":7007,"href":"https:\/\/alfa7.cz\/mil\/wp-json\/wp\/v2\/pages\/6664\/revisions\/7007"}],"wp:attachment":[{"href":"https:\/\/alfa7.cz\/mil\/wp-json\/wp\/v2\/media?parent=6664"}],"curies":[{"name":"wp","href":"https:\/\/api.w.org\/{rel}","templated":true}]}}