{"id":6800,"date":"2021-03-19T15:16:47","date_gmt":"2021-03-19T14:16:47","guid":{"rendered":"https:\/\/alfa7.cz\/mil\/?page_id=6800"},"modified":"2021-03-19T15:41:50","modified_gmt":"2021-03-19T14:41:50","slug":"letadla-72-m","status":"publish","type":"page","link":"https:\/\/alfa7.cz\/mil\/letadla-72-m\/","title":{"rendered":"Letadla 1:72 [M]"},"content":{"rendered":"<span class=\"span-reading-time rt-reading-time\" style=\"display: block;\"><span class=\"rt-label rt-prefix\">Doba \u010dten\u00ed: <\/span> <span class=\"rt-time\"> 5<\/span> <span class=\"rt-label rt-postfix\">min.<\/span><\/span><hr \/>\n<p><!-- letter jump start --><\/p>\n<h2 style=\"text-align: center;\"><a href=\"https:\/\/alfa7.cz\/mil\/letadla-72\/\">A<\/a> <a href=\"https:\/\/alfa7.cz\/mil\/letadla-72-b\/\">B<\/a> <a href=\"https:\/\/alfa7.cz\/mil\/letadla-72-c\/\">C<\/a> <a href=\"https:\/\/alfa7.cz\/mil\/letadla-72-d\/\">D<\/a> <a href=\"https:\/\/alfa7.cz\/mil\/letadla-72-e\/\">E<\/a> <a href=\"https:\/\/alfa7.cz\/mil\/letadla-72-f\/\">F<\/a> <a href=\"https:\/\/alfa7.cz\/mil\/letadla-72-g\/\">G<\/a> <a href=\"https:\/\/alfa7.cz\/mil\/letadla-72-h\/\">H<\/a> <a href=\"https:\/\/alfa7.cz\/mil\/letadla-72-i\/\">I<\/a> <a href=\"https:\/\/alfa7.cz\/mil\/letadla-72-j\/\">J<\/a> <a href=\"https:\/\/alfa7.cz\/mil\/letadla-72-k\/\">K<\/a> <a href=\"https:\/\/alfa7.cz\/mil\/letadla-72-l\/\">L<\/a> <a href=\"https:\/\/alfa7.cz\/mil\/letadla-72-m\/\">M<\/a> <a href=\"https:\/\/alfa7.cz\/mil\/letadla-72-n\/\">N<\/a> <a href=\"https:\/\/alfa7.cz\/mil\/letadla-72-o\/\">O<\/a> <a href=\"https:\/\/alfa7.cz\/mil\/letadla-72-p\/\">P<\/a> <a href=\"https:\/\/alfa7.cz\/mil\/letadla-72-q\/\">Q<\/a> <a href=\"https:\/\/alfa7.cz\/mil\/letadla-72-r\/\">R<\/a> <a href=\"https:\/\/alfa7.cz\/mil\/letadla-72-s\/\">S<\/a> <a href=\"https:\/\/alfa7.cz\/mil\/letadla-72-t\/\">T<\/a> <a href=\"https:\/\/alfa7.cz\/mil\/letadla-72-u\/\">U<\/a> <a href=\"https:\/\/alfa7.cz\/mil\/letadla-72-v\/\">V<\/a> <a href=\"https:\/\/alfa7.cz\/mil\/letadla-72-w\/\">W<\/a> <a href=\"https:\/\/alfa7.cz\/mil\/letadla-72-x\/\">X<\/a> <a href=\"https:\/\/alfa7.cz\/mil\/letadla-72-y\/\">Y<\/a> <a href=\"https:\/\/alfa7.cz\/mil\/letadla-72-z\/\">Z<\/a><\/h2>\n<p><!-- letter jump end --><\/p>\n<hr \/>\n<p><a href=\"http:\/\/alfa7.cz\/mil\/?p=2065\"><img loading=\"lazy\" decoding=\"async\" class=\"wp-image-2066 alignleft\" src=\"http:\/\/alfa7.cz\/mil\/wp-content\/uploads\/2016\/05\/p6200634-300x225.jpg\" alt=\"MC-205\" width=\"189\" height=\"142\" srcset=\"https:\/\/alfa7.cz\/mil\/wp-content\/uploads\/2016\/05\/p6200634-300x225.jpg 300w, https:\/\/alfa7.cz\/mil\/wp-content\/uploads\/2016\/05\/p6200634-100x75.jpg 100w, https:\/\/alfa7.cz\/mil\/wp-content\/uploads\/2016\/05\/p6200634-150x113.jpg 150w, https:\/\/alfa7.cz\/mil\/wp-content\/uploads\/2016\/05\/p6200634-200x150.jpg 200w, https:\/\/alfa7.cz\/mil\/wp-content\/uploads\/2016\/05\/p6200634-450x338.jpg 450w, https:\/\/alfa7.cz\/mil\/wp-content\/uploads\/2016\/05\/p6200634-600x450.jpg 600w, https:\/\/alfa7.cz\/mil\/wp-content\/uploads\/2016\/05\/p6200634.jpg 704w\" sizes=\"(max-width: 189px) 100vw, 189px\" \/><\/a><strong>Macchi MC-205 Veltro<\/strong><\/p>\n<p>351 \/ 3<\/p>\n<p>351. peru\u0165 Italsk\u00e9ho letectva<\/p>\n<p>B\u00edlek 977<\/p>\n<hr \/>\n<p><strong><a href=\"https:\/\/alfa7.cz\/mil\/mcdonnell-xf-85-goblin-172\/\"><img loading=\"lazy\" decoding=\"async\" class=\" wp-image-4734 alignleft\" src=\"https:\/\/alfa7.cz\/mil\/wp-content\/uploads\/2019\/10\/p8160215-300x225.jpg\" alt=\"\" width=\"185\" height=\"139\" srcset=\"https:\/\/alfa7.cz\/mil\/wp-content\/uploads\/2019\/10\/p8160215-300x225.jpg 300w, https:\/\/alfa7.cz\/mil\/wp-content\/uploads\/2019\/10\/p8160215-100x75.jpg 100w, https:\/\/alfa7.cz\/mil\/wp-content\/uploads\/2019\/10\/p8160215-150x113.jpg 150w, https:\/\/alfa7.cz\/mil\/wp-content\/uploads\/2019\/10\/p8160215-200x150.jpg 200w, https:\/\/alfa7.cz\/mil\/wp-content\/uploads\/2019\/10\/p8160215-450x338.jpg 450w, https:\/\/alfa7.cz\/mil\/wp-content\/uploads\/2019\/10\/p8160215-600x450.jpg 600w, https:\/\/alfa7.cz\/mil\/wp-content\/uploads\/2019\/10\/p8160215.jpg 704w\" sizes=\"(max-width: 185px) 100vw, 185px\" \/><\/a>McDonnell XF-85 Goblin<\/strong><\/p>\n<p>6523<\/p>\n<p>Edwards AFB, 1948<\/p>\n<p>MPM 72042<\/p>\n<hr \/>\n<p><a href=\"https:\/\/alfa7.cz\/mil\/mcdonnell-f2h-4-banshee\/\"><img loading=\"lazy\" decoding=\"async\" class=\" wp-image-4711 alignleft\" src=\"https:\/\/alfa7.cz\/mil\/wp-content\/uploads\/2019\/10\/f2h-4_A4-300x225.jpg\" alt=\"\" width=\"187\" height=\"140\" srcset=\"https:\/\/alfa7.cz\/mil\/wp-content\/uploads\/2019\/10\/f2h-4_A4-300x225.jpg 300w, https:\/\/alfa7.cz\/mil\/wp-content\/uploads\/2019\/10\/f2h-4_A4-100x75.jpg 100w, https:\/\/alfa7.cz\/mil\/wp-content\/uploads\/2019\/10\/f2h-4_A4-150x113.jpg 150w, https:\/\/alfa7.cz\/mil\/wp-content\/uploads\/2019\/10\/f2h-4_A4-200x150.jpg 200w, https:\/\/alfa7.cz\/mil\/wp-content\/uploads\/2019\/10\/f2h-4_A4-450x338.jpg 450w, https:\/\/alfa7.cz\/mil\/wp-content\/uploads\/2019\/10\/f2h-4_A4-600x450.jpg 600w, https:\/\/alfa7.cz\/mil\/wp-content\/uploads\/2019\/10\/f2h-4_A4.jpg 704w\" sizes=\"(max-width: 187px) 100vw, 187px\" \/><\/a><strong>McDonnell F2H-4 Banshee<\/strong><\/p>\n<p>127654 \/ P 103<\/p>\n<p>VP-11, USS Coral Sea, b\u0159ezen 1956<\/p>\n<p>Hobbycraft HC1356<\/p>\n<hr \/>\n<p><a href=\"https:\/\/alfa7.cz\/mil\/mcdonnell-f-101b-voodoo-172\/\"><img loading=\"lazy\" decoding=\"async\" class=\" wp-image-4756 alignleft\" src=\"https:\/\/alfa7.cz\/mil\/wp-content\/uploads\/2019\/10\/p8160351-300x225.jpg\" alt=\"\" width=\"185\" height=\"139\" srcset=\"https:\/\/alfa7.cz\/mil\/wp-content\/uploads\/2019\/10\/p8160351-300x225.jpg 300w, https:\/\/alfa7.cz\/mil\/wp-content\/uploads\/2019\/10\/p8160351-100x75.jpg 100w, https:\/\/alfa7.cz\/mil\/wp-content\/uploads\/2019\/10\/p8160351-150x113.jpg 150w, https:\/\/alfa7.cz\/mil\/wp-content\/uploads\/2019\/10\/p8160351-200x150.jpg 200w, https:\/\/alfa7.cz\/mil\/wp-content\/uploads\/2019\/10\/p8160351-450x338.jpg 450w, https:\/\/alfa7.cz\/mil\/wp-content\/uploads\/2019\/10\/p8160351-600x450.jpg 600w, https:\/\/alfa7.cz\/mil\/wp-content\/uploads\/2019\/10\/p8160351.jpg 704w\" sizes=\"(max-width: 185px) 100vw, 185px\" \/><\/a><strong>McDonnell F-101B Voodoo<\/strong><\/p>\n<p>70-375<\/p>\n<p>60th FIS, Hansonfield AFB, Massachussetts<\/p>\n<p>Revell 04321<\/p>\n<hr \/>\n<p><a href=\"https:\/\/alfa7.cz\/mil\/mcdonnell-douglas-ah-64-av-06-apache-172\/\"><img loading=\"lazy\" decoding=\"async\" class=\" wp-image-4795 alignleft\" src=\"https:\/\/alfa7.cz\/mil\/wp-content\/uploads\/2019\/10\/p3020330-300x225.jpg\" alt=\"\" width=\"185\" height=\"139\" srcset=\"https:\/\/alfa7.cz\/mil\/wp-content\/uploads\/2019\/10\/p3020330-300x225.jpg 300w, https:\/\/alfa7.cz\/mil\/wp-content\/uploads\/2019\/10\/p3020330-100x75.jpg 100w, https:\/\/alfa7.cz\/mil\/wp-content\/uploads\/2019\/10\/p3020330-150x113.jpg 150w, https:\/\/alfa7.cz\/mil\/wp-content\/uploads\/2019\/10\/p3020330-200x150.jpg 200w, https:\/\/alfa7.cz\/mil\/wp-content\/uploads\/2019\/10\/p3020330-450x338.jpg 450w, https:\/\/alfa7.cz\/mil\/wp-content\/uploads\/2019\/10\/p3020330-600x450.jpg 600w, https:\/\/alfa7.cz\/mil\/wp-content\/uploads\/2019\/10\/p3020330.jpg 704w\" sizes=\"(max-width: 185px) 100vw, 185px\" \/><\/a><strong>McDonnell Douglas AH-64 AV-06 Apache<\/strong><\/p>\n<p>23259<\/p>\n<p>U.S. Army<\/p>\n<p>Academy<\/p>\n<hr \/>\n<p><a href=\"https:\/\/alfa7.cz\/mil\/mcdonnell-douglas-ah-6a-night-fox-172\/\"><img loading=\"lazy\" decoding=\"async\" class=\" wp-image-4808 alignleft\" src=\"https:\/\/alfa7.cz\/mil\/wp-content\/uploads\/2019\/10\/p3020321-300x225.jpg\" alt=\"\" width=\"187\" height=\"140\" srcset=\"https:\/\/alfa7.cz\/mil\/wp-content\/uploads\/2019\/10\/p3020321-300x225.jpg 300w, https:\/\/alfa7.cz\/mil\/wp-content\/uploads\/2019\/10\/p3020321-100x75.jpg 100w, https:\/\/alfa7.cz\/mil\/wp-content\/uploads\/2019\/10\/p3020321-150x113.jpg 150w, https:\/\/alfa7.cz\/mil\/wp-content\/uploads\/2019\/10\/p3020321-200x150.jpg 200w, https:\/\/alfa7.cz\/mil\/wp-content\/uploads\/2019\/10\/p3020321-450x338.jpg 450w, https:\/\/alfa7.cz\/mil\/wp-content\/uploads\/2019\/10\/p3020321-600x450.jpg 600w, https:\/\/alfa7.cz\/mil\/wp-content\/uploads\/2019\/10\/p3020321.jpg 704w\" sizes=\"(max-width: 187px) 100vw, 187px\" \/><\/a><strong>McDonnell Douglas AH-6A Night Fox<\/strong><\/p>\n<p>&nbsp;<\/p>\n<p>U.S. Army<\/p>\n<p>Italeri 017<\/p>\n<hr \/>\n<p><a href=\"https:\/\/alfa7.cz\/mil\/mcdonnell-douglas-f-15a-eagle-172\/\"><img loading=\"lazy\" decoding=\"async\" class=\" wp-image-4955 alignleft\" src=\"https:\/\/alfa7.cz\/mil\/wp-content\/uploads\/2019\/10\/p8160251-300x225.jpg\" alt=\"\" width=\"185\" height=\"139\" srcset=\"https:\/\/alfa7.cz\/mil\/wp-content\/uploads\/2019\/10\/p8160251-300x225.jpg 300w, https:\/\/alfa7.cz\/mil\/wp-content\/uploads\/2019\/10\/p8160251-100x75.jpg 100w, https:\/\/alfa7.cz\/mil\/wp-content\/uploads\/2019\/10\/p8160251-150x113.jpg 150w, https:\/\/alfa7.cz\/mil\/wp-content\/uploads\/2019\/10\/p8160251-200x150.jpg 200w, https:\/\/alfa7.cz\/mil\/wp-content\/uploads\/2019\/10\/p8160251-450x338.jpg 450w, https:\/\/alfa7.cz\/mil\/wp-content\/uploads\/2019\/10\/p8160251-600x450.jpg 600w, https:\/\/alfa7.cz\/mil\/wp-content\/uploads\/2019\/10\/p8160251.jpg 704w\" sizes=\"(max-width: 185px) 100vw, 185px\" \/><\/a><strong>McDonnell Douglas F-15A Eagle<\/strong><\/p>\n<p>AF78-507 \/ ZZ<\/p>\n<p>USAF, 18th TFW, Kadena AFB, Okinawa<\/p>\n<p>Hobbycraft HC1304<\/p>\n<hr \/>\n<p><a href=\"https:\/\/alfa7.cz\/mil\/mcdonnell-douglas-oa-4m-skyhawk-italeri-172\/\"><img loading=\"lazy\" decoding=\"async\" class=\" wp-image-4921 alignleft\" src=\"https:\/\/alfa7.cz\/mil\/wp-content\/uploads\/2019\/10\/p3190010-300x225.jpg\" alt=\"\" width=\"187\" height=\"140\" srcset=\"https:\/\/alfa7.cz\/mil\/wp-content\/uploads\/2019\/10\/p3190010-300x225.jpg 300w, https:\/\/alfa7.cz\/mil\/wp-content\/uploads\/2019\/10\/p3190010-100x75.jpg 100w, https:\/\/alfa7.cz\/mil\/wp-content\/uploads\/2019\/10\/p3190010-150x113.jpg 150w, https:\/\/alfa7.cz\/mil\/wp-content\/uploads\/2019\/10\/p3190010-200x150.jpg 200w, https:\/\/alfa7.cz\/mil\/wp-content\/uploads\/2019\/10\/p3190010-450x338.jpg 450w, https:\/\/alfa7.cz\/mil\/wp-content\/uploads\/2019\/10\/p3190010-600x450.jpg 600w, https:\/\/alfa7.cz\/mil\/wp-content\/uploads\/2019\/10\/p3190010.jpg 704w\" sizes=\"(max-width: 187px) 100vw, 187px\" \/><\/a><strong>McDonnell Douglas OA-4M Skyhawk<\/strong><\/p>\n<p>154333 \/ WA02<\/p>\n<p>USMC, H&amp;MS12<\/p>\n<p>Italeri 165<\/p>\n<hr \/>\n<p><a href=\"http:\/\/alfa7.cz\/mil\/?p=1657\"><img loading=\"lazy\" decoding=\"async\" class=\"wp-image-1658 alignleft\" src=\"http:\/\/alfa7.cz\/mil\/wp-content\/uploads\/2016\/05\/p3190001-300x225.jpg\" alt=\"TA-4H\" width=\"187\" height=\"140\" srcset=\"https:\/\/alfa7.cz\/mil\/wp-content\/uploads\/2016\/05\/p3190001-300x225.jpg 300w, https:\/\/alfa7.cz\/mil\/wp-content\/uploads\/2016\/05\/p3190001-100x75.jpg 100w, https:\/\/alfa7.cz\/mil\/wp-content\/uploads\/2016\/05\/p3190001-150x113.jpg 150w, https:\/\/alfa7.cz\/mil\/wp-content\/uploads\/2016\/05\/p3190001-200x150.jpg 200w, https:\/\/alfa7.cz\/mil\/wp-content\/uploads\/2016\/05\/p3190001-450x338.jpg 450w, https:\/\/alfa7.cz\/mil\/wp-content\/uploads\/2016\/05\/p3190001-600x450.jpg 600w, https:\/\/alfa7.cz\/mil\/wp-content\/uploads\/2016\/05\/p3190001.jpg 704w\" sizes=\"(max-width: 187px) 100vw, 187px\" \/><\/a><strong>McDonnell Douglas TA-4H Ayit<\/strong><\/p>\n<p>732<\/p>\n<p>IAF<\/p>\n<p>Fujimi 25025\/F-25<\/p>\n<hr \/>\n<p><a href=\"https:\/\/alfa7.cz\/mil\/mcdonnell-douglas-rf-4e-phantom-italeri-172\/\"><img loading=\"lazy\" decoding=\"async\" class=\" wp-image-4937 alignleft\" src=\"https:\/\/alfa7.cz\/mil\/wp-content\/uploads\/2019\/10\/p8160237-300x225.jpg\" alt=\"\" width=\"187\" height=\"140\" srcset=\"https:\/\/alfa7.cz\/mil\/wp-content\/uploads\/2019\/10\/p8160237-300x225.jpg 300w, https:\/\/alfa7.cz\/mil\/wp-content\/uploads\/2019\/10\/p8160237-100x75.jpg 100w, https:\/\/alfa7.cz\/mil\/wp-content\/uploads\/2019\/10\/p8160237-150x113.jpg 150w, https:\/\/alfa7.cz\/mil\/wp-content\/uploads\/2019\/10\/p8160237-200x150.jpg 200w, https:\/\/alfa7.cz\/mil\/wp-content\/uploads\/2019\/10\/p8160237-450x338.jpg 450w, https:\/\/alfa7.cz\/mil\/wp-content\/uploads\/2019\/10\/p8160237-600x450.jpg 600w, https:\/\/alfa7.cz\/mil\/wp-content\/uploads\/2019\/10\/p8160237.jpg 704w\" sizes=\"(max-width: 187px) 100vw, 187px\" \/><\/a><strong>McDonnell Douglas RF-4E Phantom<\/strong><\/p>\n<p>35+32<\/p>\n<p>Aufkl\u00e4rungsgeschwader 71 &#8222;Immelmann&#8220;, 1971<\/p>\n<p>Italeri 133<\/p>\n<hr \/>\n<p><a href=\"https:\/\/alfa7.cz\/mil\/mcdonnell-douglas-f-a-18a-hornet-172\/\"><img loading=\"lazy\" decoding=\"async\" class=\" wp-image-4971 alignleft\" src=\"https:\/\/alfa7.cz\/mil\/wp-content\/uploads\/2019\/10\/p8160228-300x225.jpg\" alt=\"\" width=\"187\" height=\"140\" srcset=\"https:\/\/alfa7.cz\/mil\/wp-content\/uploads\/2019\/10\/p8160228-300x225.jpg 300w, https:\/\/alfa7.cz\/mil\/wp-content\/uploads\/2019\/10\/p8160228-100x75.jpg 100w, https:\/\/alfa7.cz\/mil\/wp-content\/uploads\/2019\/10\/p8160228-150x113.jpg 150w, https:\/\/alfa7.cz\/mil\/wp-content\/uploads\/2019\/10\/p8160228-200x150.jpg 200w, https:\/\/alfa7.cz\/mil\/wp-content\/uploads\/2019\/10\/p8160228-450x338.jpg 450w, https:\/\/alfa7.cz\/mil\/wp-content\/uploads\/2019\/10\/p8160228-600x450.jpg 600w, https:\/\/alfa7.cz\/mil\/wp-content\/uploads\/2019\/10\/p8160228.jpg 704w\" sizes=\"(max-width: 187px) 100vw, 187px\" \/><\/a><strong>McDonnell Douglas F\/A-18A Hornet<\/strong><\/p>\n<p>162860 \/ AE300<\/p>\n<p>USN, VFA-132, USS Forrestal, 1990<\/p>\n<p>Italeri 161<\/p>\n<hr \/>\n<p><a href=\"https:\/\/alfa7.cz\/mil\/mcdonnell-douglas-t-45a-goshawk-172\/\"><img loading=\"lazy\" decoding=\"async\" class=\" wp-image-4982 alignleft\" src=\"https:\/\/alfa7.cz\/mil\/wp-content\/uploads\/2019\/10\/t-45am01-300x225.jpg\" alt=\"\" width=\"189\" height=\"142\" srcset=\"https:\/\/alfa7.cz\/mil\/wp-content\/uploads\/2019\/10\/t-45am01-300x225.jpg 300w, https:\/\/alfa7.cz\/mil\/wp-content\/uploads\/2019\/10\/t-45am01-100x75.jpg 100w, https:\/\/alfa7.cz\/mil\/wp-content\/uploads\/2019\/10\/t-45am01-150x113.jpg 150w, https:\/\/alfa7.cz\/mil\/wp-content\/uploads\/2019\/10\/t-45am01-200x150.jpg 200w, https:\/\/alfa7.cz\/mil\/wp-content\/uploads\/2019\/10\/t-45am01-450x338.jpg 450w, https:\/\/alfa7.cz\/mil\/wp-content\/uploads\/2019\/10\/t-45am01-600x450.jpg 600w, https:\/\/alfa7.cz\/mil\/wp-content\/uploads\/2019\/10\/t-45am01.jpg 704w\" sizes=\"(max-width: 189px) 100vw, 189px\" \/><\/a><strong>McDonnell Douglas T-45A Goshawk<\/strong><\/p>\n<p>162787<\/p>\n<p>USN<\/p>\n<p>Italeri 173<\/p>\n<hr \/>\n<p><strong><a href=\"https:\/\/alfa7.cz\/mil\/messerschmitt-bf-109a-172\/\"><img loading=\"lazy\" decoding=\"async\" class=\" wp-image-4689 alignleft\" src=\"https:\/\/alfa7.cz\/mil\/wp-content\/uploads\/2019\/09\/P9291229-300x225.jpg\" alt=\"\" width=\"187\" height=\"140\" srcset=\"https:\/\/alfa7.cz\/mil\/wp-content\/uploads\/2019\/09\/P9291229-300x225.jpg 300w, https:\/\/alfa7.cz\/mil\/wp-content\/uploads\/2019\/09\/P9291229-768x576.jpg 768w, https:\/\/alfa7.cz\/mil\/wp-content\/uploads\/2019\/09\/P9291229-100x75.jpg 100w, https:\/\/alfa7.cz\/mil\/wp-content\/uploads\/2019\/09\/P9291229-150x112.jpg 150w, https:\/\/alfa7.cz\/mil\/wp-content\/uploads\/2019\/09\/P9291229-200x150.jpg 200w, https:\/\/alfa7.cz\/mil\/wp-content\/uploads\/2019\/09\/P9291229-450x337.jpg 450w, https:\/\/alfa7.cz\/mil\/wp-content\/uploads\/2019\/09\/P9291229-600x450.jpg 600w, https:\/\/alfa7.cz\/mil\/wp-content\/uploads\/2019\/09\/P9291229-900x675.jpg 900w, https:\/\/alfa7.cz\/mil\/wp-content\/uploads\/2019\/09\/P9291229.jpg 986w\" sizes=\"(max-width: 187px) 100vw, 187px\" \/><\/a>Messerschmitt Bf 109A<\/strong><\/p>\n<p>6-10<\/p>\n<p>JV\/88, \u0160pan\u011blsko, kv\u011bten 1937<\/p>\n<p>AML 72019<\/p>\n<hr \/>\n<p><a href=\"https:\/\/alfa7.cz\/mil\/messerschmitt-bf-109c-2-172\/\"><img loading=\"lazy\" decoding=\"async\" class=\" wp-image-4994 alignleft\" src=\"https:\/\/alfa7.cz\/mil\/wp-content\/uploads\/2019\/10\/p8160017-300x225.jpg\" alt=\"\" width=\"188\" height=\"141\" srcset=\"https:\/\/alfa7.cz\/mil\/wp-content\/uploads\/2019\/10\/p8160017-300x225.jpg 300w, https:\/\/alfa7.cz\/mil\/wp-content\/uploads\/2019\/10\/p8160017-100x75.jpg 100w, https:\/\/alfa7.cz\/mil\/wp-content\/uploads\/2019\/10\/p8160017-150x113.jpg 150w, https:\/\/alfa7.cz\/mil\/wp-content\/uploads\/2019\/10\/p8160017-200x150.jpg 200w, https:\/\/alfa7.cz\/mil\/wp-content\/uploads\/2019\/10\/p8160017-450x338.jpg 450w, https:\/\/alfa7.cz\/mil\/wp-content\/uploads\/2019\/10\/p8160017-600x450.jpg 600w, https:\/\/alfa7.cz\/mil\/wp-content\/uploads\/2019\/10\/p8160017.jpg 704w\" sizes=\"(max-width: 188px) 100vw, 188px\" \/><\/a><strong>Messerschmitt Bf 109C-2<\/strong><\/p>\n<p>b\u00edl\u00e1 4<\/p>\n<p>Luftwaffe, 1.\/JG132 &#8222;Richthofen&#8220;, Karlovy Vary, srpen 1938<\/p>\n<p>KP 10<\/p>\n<hr \/>\n<p><a href=\"https:\/\/alfa7.cz\/mil\/messerschmitt-bf-109e-4-172\/\"><img loading=\"lazy\" decoding=\"async\" class=\" wp-image-4889 alignleft\" src=\"https:\/\/alfa7.cz\/mil\/wp-content\/uploads\/2019\/10\/PA131236-300x225.jpg\" alt=\"\" width=\"187\" height=\"140\" srcset=\"https:\/\/alfa7.cz\/mil\/wp-content\/uploads\/2019\/10\/PA131236-300x225.jpg 300w, https:\/\/alfa7.cz\/mil\/wp-content\/uploads\/2019\/10\/PA131236-768x576.jpg 768w, https:\/\/alfa7.cz\/mil\/wp-content\/uploads\/2019\/10\/PA131236-1024x768.jpg 1024w, https:\/\/alfa7.cz\/mil\/wp-content\/uploads\/2019\/10\/PA131236-100x75.jpg 100w, https:\/\/alfa7.cz\/mil\/wp-content\/uploads\/2019\/10\/PA131236-150x113.jpg 150w, https:\/\/alfa7.cz\/mil\/wp-content\/uploads\/2019\/10\/PA131236-200x150.jpg 200w, https:\/\/alfa7.cz\/mil\/wp-content\/uploads\/2019\/10\/PA131236-450x338.jpg 450w, https:\/\/alfa7.cz\/mil\/wp-content\/uploads\/2019\/10\/PA131236-600x450.jpg 600w, https:\/\/alfa7.cz\/mil\/wp-content\/uploads\/2019\/10\/PA131236-900x675.jpg 900w, https:\/\/alfa7.cz\/mil\/wp-content\/uploads\/2019\/10\/PA131236.jpg 1056w\" sizes=\"(max-width: 187px) 100vw, 187px\" \/><\/a><strong>Messerschmitt Bf 109E-4<\/strong><\/p>\n<p>&lt;<\/p>\n<p>W. Nr. 1480, I\/JG 3, Samer, Francie, srpen 1940, Gruppen-Adjutant Oblt. Franz von Werra<\/p>\n<p>Airfix A01008<\/p>\n<hr \/>\n<p><a href=\"https:\/\/alfa7.cz\/mil\/messerschmitt-bf-109e-4-172-2\/\"><img loading=\"lazy\" decoding=\"async\" class=\" wp-image-6228 alignleft\" src=\"https:\/\/alfa7.cz\/mil\/wp-content\/uploads\/2019\/12\/PC071282-300x225.jpg\" alt=\"\" width=\"183\" height=\"137\" srcset=\"https:\/\/alfa7.cz\/mil\/wp-content\/uploads\/2019\/12\/PC071282-300x225.jpg 300w, https:\/\/alfa7.cz\/mil\/wp-content\/uploads\/2019\/12\/PC071282-768x576.jpg 768w, https:\/\/alfa7.cz\/mil\/wp-content\/uploads\/2019\/12\/PC071282-1024x768.jpg 1024w, https:\/\/alfa7.cz\/mil\/wp-content\/uploads\/2019\/12\/PC071282-100x75.jpg 100w, https:\/\/alfa7.cz\/mil\/wp-content\/uploads\/2019\/12\/PC071282-150x113.jpg 150w, https:\/\/alfa7.cz\/mil\/wp-content\/uploads\/2019\/12\/PC071282-200x150.jpg 200w, https:\/\/alfa7.cz\/mil\/wp-content\/uploads\/2019\/12\/PC071282-450x338.jpg 450w, https:\/\/alfa7.cz\/mil\/wp-content\/uploads\/2019\/12\/PC071282-600x450.jpg 600w, https:\/\/alfa7.cz\/mil\/wp-content\/uploads\/2019\/12\/PC071282-900x675.jpg 900w, https:\/\/alfa7.cz\/mil\/wp-content\/uploads\/2019\/12\/PC071282.jpg 1056w\" sizes=\"(max-width: 183px) 100vw, 183px\" \/><\/a><strong>Messerschmitt Bf 109E-4<\/strong><\/p>\n<p>b\u00edl\u00e1 1<\/p>\n<p>13. (slow.)\/JG 52, Pie\u0161\u0165any, 1942, pilot stotn\u00edk Ondrej \u010eumbala<\/p>\n<p>Airfix A01008<\/p>\n<hr \/>\n<p><a href=\"https:\/\/alfa7.cz\/mil\/messerschmitt-bf-109e-4-trop-172\/\"><img loading=\"lazy\" decoding=\"async\" class=\" wp-image-5007 alignleft\" src=\"https:\/\/alfa7.cz\/mil\/wp-content\/uploads\/2019\/10\/p8160021-300x225.jpg\" alt=\"\" width=\"187\" height=\"140\" srcset=\"https:\/\/alfa7.cz\/mil\/wp-content\/uploads\/2019\/10\/p8160021-300x225.jpg 300w, https:\/\/alfa7.cz\/mil\/wp-content\/uploads\/2019\/10\/p8160021-100x75.jpg 100w, https:\/\/alfa7.cz\/mil\/wp-content\/uploads\/2019\/10\/p8160021-150x113.jpg 150w, https:\/\/alfa7.cz\/mil\/wp-content\/uploads\/2019\/10\/p8160021-200x150.jpg 200w, https:\/\/alfa7.cz\/mil\/wp-content\/uploads\/2019\/10\/p8160021-450x338.jpg 450w, https:\/\/alfa7.cz\/mil\/wp-content\/uploads\/2019\/10\/p8160021-600x450.jpg 600w, https:\/\/alfa7.cz\/mil\/wp-content\/uploads\/2019\/10\/p8160021.jpg 704w\" sizes=\"(max-width: 187px) 100vw, 187px\" \/><\/a><strong>Messerschmitt Bf 109E-4\/Trop<\/strong><\/p>\n<p>b\u00edl\u00e1 3<\/p>\n<p>Luftwaffe, I\/JG27, Derna, Libye, 1941<\/p>\n<p>KP 10<\/p>\n<hr \/>\n<p><a href=\"https:\/\/alfa7.cz\/mil\/messerschmitt-bf-109f-2-172-2\/\"><img loading=\"lazy\" decoding=\"async\" class=\" wp-image-5017 alignleft\" src=\"https:\/\/alfa7.cz\/mil\/wp-content\/uploads\/2019\/10\/p8160050-300x225.jpg\" alt=\"\" width=\"190\" height=\"143\" srcset=\"https:\/\/alfa7.cz\/mil\/wp-content\/uploads\/2019\/10\/p8160050-300x225.jpg 300w, https:\/\/alfa7.cz\/mil\/wp-content\/uploads\/2019\/10\/p8160050-100x75.jpg 100w, https:\/\/alfa7.cz\/mil\/wp-content\/uploads\/2019\/10\/p8160050-150x113.jpg 150w, https:\/\/alfa7.cz\/mil\/wp-content\/uploads\/2019\/10\/p8160050-200x150.jpg 200w, https:\/\/alfa7.cz\/mil\/wp-content\/uploads\/2019\/10\/p8160050-450x338.jpg 450w, https:\/\/alfa7.cz\/mil\/wp-content\/uploads\/2019\/10\/p8160050-600x450.jpg 600w, https:\/\/alfa7.cz\/mil\/wp-content\/uploads\/2019\/10\/p8160050.jpg 704w\" sizes=\"(max-width: 190px) 100vw, 190px\" \/><\/a><strong>Messerschmitt Bf 109F-2<\/strong><\/p>\n<p>&lt;- + &#8211;<\/p>\n<p>Luftwaffe, maj. Hannes Trautloft, commodore JG54 &#8222;Gr\u00fcnherz&#8220;, Siverskaja, Rusko, 1941-42<\/p>\n<p>KP 10<\/p>\n<hr \/>\n<p><strong><a href=\"https:\/\/alfa7.cz\/mil\/messerschmitt-bf-109f-2-172\/\"><img loading=\"lazy\" decoding=\"async\" class=\"wp-image-4452 alignleft\" src=\"https:\/\/alfa7.cz\/mil\/wp-content\/uploads\/2019\/04\/P3311439-300x225.jpg\" alt=\"Bf 109F-2\" width=\"187\" height=\"140\" srcset=\"https:\/\/alfa7.cz\/mil\/wp-content\/uploads\/2019\/04\/P3311439-300x225.jpg 300w, https:\/\/alfa7.cz\/mil\/wp-content\/uploads\/2019\/04\/P3311439-100x75.jpg 100w, https:\/\/alfa7.cz\/mil\/wp-content\/uploads\/2019\/04\/P3311439-150x113.jpg 150w, https:\/\/alfa7.cz\/mil\/wp-content\/uploads\/2019\/04\/P3311439-200x150.jpg 200w, https:\/\/alfa7.cz\/mil\/wp-content\/uploads\/2019\/04\/P3311439-450x338.jpg 450w, https:\/\/alfa7.cz\/mil\/wp-content\/uploads\/2019\/04\/P3311439-600x450.jpg 600w, https:\/\/alfa7.cz\/mil\/wp-content\/uploads\/2019\/04\/P3311439.jpg 704w\" sizes=\"(max-width: 187px) 100vw, 187px\" \/><\/a>Messerschmitt Bf 109F-2<\/strong><\/p>\n<p>\u010dern\u00e1 7<\/p>\n<p>JG 51, V\u00fdchodn\u00ed fronta, leti\u0161t\u011b Orel, \u010derven 1942<\/p>\n<p>Zvezda 7302<\/p>\n<hr \/>\n<p><a href=\"https:\/\/alfa7.cz\/mil\/messerschmitt-bf-109f-4-trop-172\/\"><img loading=\"lazy\" decoding=\"async\" class=\" wp-image-5669 alignleft\" src=\"https:\/\/alfa7.cz\/mil\/wp-content\/uploads\/2019\/11\/PB101257-300x225.jpg\" alt=\"\" width=\"191\" height=\"143\" srcset=\"https:\/\/alfa7.cz\/mil\/wp-content\/uploads\/2019\/11\/PB101257-300x225.jpg 300w, https:\/\/alfa7.cz\/mil\/wp-content\/uploads\/2019\/11\/PB101257-768x576.jpg 768w, https:\/\/alfa7.cz\/mil\/wp-content\/uploads\/2019\/11\/PB101257-1024x768.jpg 1024w, https:\/\/alfa7.cz\/mil\/wp-content\/uploads\/2019\/11\/PB101257-100x75.jpg 100w, https:\/\/alfa7.cz\/mil\/wp-content\/uploads\/2019\/11\/PB101257-150x113.jpg 150w, https:\/\/alfa7.cz\/mil\/wp-content\/uploads\/2019\/11\/PB101257-200x150.jpg 200w, https:\/\/alfa7.cz\/mil\/wp-content\/uploads\/2019\/11\/PB101257-450x338.jpg 450w, https:\/\/alfa7.cz\/mil\/wp-content\/uploads\/2019\/11\/PB101257-600x450.jpg 600w, https:\/\/alfa7.cz\/mil\/wp-content\/uploads\/2019\/11\/PB101257-900x675.jpg 900w, https:\/\/alfa7.cz\/mil\/wp-content\/uploads\/2019\/11\/PB101257.jpg 1056w\" sizes=\"(max-width: 191px) 100vw, 191px\" \/><\/a><\/p>\n<p><strong>Messerschmitt Bf 109F-4\/Trop<\/strong><\/p>\n<p>\u017elut\u00e1 5<\/p>\n<p>6\/JG 27, Lt. Gerhard Mix, srpen 1942<\/p>\n<p>&#8222;ko\u0161ostavba&#8220; &#8211; &#8222;trashbuild&#8220; (AZ Model, MPM, Airfix)<\/p>\n<hr \/>\n<p><a href=\"https:\/\/alfa7.cz\/mil\/messerschmitt-bf-109f-5-172\/\"><img loading=\"lazy\" decoding=\"async\" class=\" wp-image-5034 alignleft\" src=\"https:\/\/alfa7.cz\/mil\/wp-content\/uploads\/2019\/10\/p8160030-300x225.jpg\" alt=\"\" width=\"187\" height=\"140\" srcset=\"https:\/\/alfa7.cz\/mil\/wp-content\/uploads\/2019\/10\/p8160030-300x225.jpg 300w, https:\/\/alfa7.cz\/mil\/wp-content\/uploads\/2019\/10\/p8160030-100x75.jpg 100w, https:\/\/alfa7.cz\/mil\/wp-content\/uploads\/2019\/10\/p8160030-150x113.jpg 150w, https:\/\/alfa7.cz\/mil\/wp-content\/uploads\/2019\/10\/p8160030-200x150.jpg 200w, https:\/\/alfa7.cz\/mil\/wp-content\/uploads\/2019\/10\/p8160030-450x338.jpg 450w, https:\/\/alfa7.cz\/mil\/wp-content\/uploads\/2019\/10\/p8160030-600x450.jpg 600w, https:\/\/alfa7.cz\/mil\/wp-content\/uploads\/2019\/10\/p8160030.jpg 704w\" sizes=\"(max-width: 187px) 100vw, 187px\" \/><\/a><strong>Messerschmitt Bf 109F-5<\/strong><\/p>\n<p>b\u00edl\u00e9 T<\/p>\n<p>Luftwaffe, 4.(F)\/JG123, ji\u017en\u00ed Francie, 1943<\/p>\n<p>KP 10<\/p>\n<hr \/>\n<p><a href=\"https:\/\/alfa7.cz\/mil\/messerschmitt-bf-109g-6-172\/\"><img loading=\"lazy\" decoding=\"async\" class=\" wp-image-5045 alignleft\" src=\"https:\/\/alfa7.cz\/mil\/wp-content\/uploads\/2019\/10\/p8160043-300x225.jpg\" alt=\"\" width=\"187\" height=\"140\" srcset=\"https:\/\/alfa7.cz\/mil\/wp-content\/uploads\/2019\/10\/p8160043-300x225.jpg 300w, https:\/\/alfa7.cz\/mil\/wp-content\/uploads\/2019\/10\/p8160043-100x75.jpg 100w, https:\/\/alfa7.cz\/mil\/wp-content\/uploads\/2019\/10\/p8160043-150x113.jpg 150w, https:\/\/alfa7.cz\/mil\/wp-content\/uploads\/2019\/10\/p8160043-200x150.jpg 200w, https:\/\/alfa7.cz\/mil\/wp-content\/uploads\/2019\/10\/p8160043-450x338.jpg 450w, https:\/\/alfa7.cz\/mil\/wp-content\/uploads\/2019\/10\/p8160043-600x450.jpg 600w, https:\/\/alfa7.cz\/mil\/wp-content\/uploads\/2019\/10\/p8160043.jpg 704w\" sizes=\"(max-width: 187px) 100vw, 187px\" \/><\/a><strong>Messerschmitt Bf 109G-6<\/strong><\/p>\n<p>3 + o<\/p>\n<p>Luftwaffe, 12.\/JG5 &#8222;Eismeer&#8220;, Petsamo, Finsko, 1943<\/p>\n<p>KP 10<\/p>\n<hr \/>\n<p><a href=\"https:\/\/alfa7.cz\/mil\/messerschmitt-bf-109g-6-slovak-172\/\"><img loading=\"lazy\" decoding=\"async\" class=\" wp-image-6242 alignleft\" src=\"https:\/\/alfa7.cz\/mil\/wp-content\/uploads\/2020\/04\/P4011312-300x225.jpg\" alt=\"\" width=\"187\" height=\"140\" srcset=\"https:\/\/alfa7.cz\/mil\/wp-content\/uploads\/2020\/04\/P4011312-300x225.jpg 300w, https:\/\/alfa7.cz\/mil\/wp-content\/uploads\/2020\/04\/P4011312-768x576.jpg 768w, https:\/\/alfa7.cz\/mil\/wp-content\/uploads\/2020\/04\/P4011312-1024x768.jpg 1024w, https:\/\/alfa7.cz\/mil\/wp-content\/uploads\/2020\/04\/P4011312-100x75.jpg 100w, https:\/\/alfa7.cz\/mil\/wp-content\/uploads\/2020\/04\/P4011312-150x113.jpg 150w, https:\/\/alfa7.cz\/mil\/wp-content\/uploads\/2020\/04\/P4011312-200x150.jpg 200w, https:\/\/alfa7.cz\/mil\/wp-content\/uploads\/2020\/04\/P4011312-450x338.jpg 450w, https:\/\/alfa7.cz\/mil\/wp-content\/uploads\/2020\/04\/P4011312-600x450.jpg 600w, https:\/\/alfa7.cz\/mil\/wp-content\/uploads\/2020\/04\/P4011312-900x675.jpg 900w, https:\/\/alfa7.cz\/mil\/wp-content\/uploads\/2020\/04\/P4011312.jpg 1056w\" sizes=\"(max-width: 187px) 100vw, 187px\" \/><\/a><strong>Messerschmitt Bf 109G-6<\/strong><\/p>\n<p>b\u00edl\u00e1 2<\/p>\n<p>Letka 13, Slovensk\u00e9 vzdu\u0161n\u00e9 zbran\u011b, \u010derven 1944<\/p>\n<p>AZ Model AZ7625<\/p>\n<hr \/>\n<p><strong><a href=\"https:\/\/alfa7.cz\/mil\/messerschmitt-bf-109g-6-snp-172\/\"><img loading=\"lazy\" decoding=\"async\" class=\" wp-image-6263 alignleft\" src=\"https:\/\/alfa7.cz\/mil\/wp-content\/uploads\/2020\/04\/P4011326-300x225.jpg\" alt=\"\" width=\"186\" height=\"139\" srcset=\"https:\/\/alfa7.cz\/mil\/wp-content\/uploads\/2020\/04\/P4011326-300x225.jpg 300w, https:\/\/alfa7.cz\/mil\/wp-content\/uploads\/2020\/04\/P4011326-768x576.jpg 768w, https:\/\/alfa7.cz\/mil\/wp-content\/uploads\/2020\/04\/P4011326-1024x768.jpg 1024w, https:\/\/alfa7.cz\/mil\/wp-content\/uploads\/2020\/04\/P4011326-100x75.jpg 100w, https:\/\/alfa7.cz\/mil\/wp-content\/uploads\/2020\/04\/P4011326-150x113.jpg 150w, https:\/\/alfa7.cz\/mil\/wp-content\/uploads\/2020\/04\/P4011326-200x150.jpg 200w, https:\/\/alfa7.cz\/mil\/wp-content\/uploads\/2020\/04\/P4011326-450x338.jpg 450w, https:\/\/alfa7.cz\/mil\/wp-content\/uploads\/2020\/04\/P4011326-600x450.jpg 600w, https:\/\/alfa7.cz\/mil\/wp-content\/uploads\/2020\/04\/P4011326-900x675.jpg 900w, https:\/\/alfa7.cz\/mil\/wp-content\/uploads\/2020\/04\/P4011326.jpg 1056w\" sizes=\"(max-width: 186px) 100vw, 186px\" \/><\/a>Messerschmitt Bf 109G-6<\/strong><\/p>\n<p>&nbsp;<\/p>\n<p>Kombinovan\u00e1 letka, SNP, Slovensko, Srpen 1944<\/p>\n<p>Kovoz\u00e1vody CLK002<\/p>\n<hr \/>\n<p><a href=\"https:\/\/alfa7.cz\/mil\/messerschmitt-bf-109g-12-172\/\"><img loading=\"lazy\" decoding=\"async\" class=\" wp-image-5049 alignleft\" src=\"https:\/\/alfa7.cz\/mil\/wp-content\/uploads\/2019\/10\/p8160065-300x225.jpg\" alt=\"\" width=\"188\" height=\"141\" srcset=\"https:\/\/alfa7.cz\/mil\/wp-content\/uploads\/2019\/10\/p8160065-300x225.jpg 300w, https:\/\/alfa7.cz\/mil\/wp-content\/uploads\/2019\/10\/p8160065-100x75.jpg 100w, https:\/\/alfa7.cz\/mil\/wp-content\/uploads\/2019\/10\/p8160065-150x113.jpg 150w, https:\/\/alfa7.cz\/mil\/wp-content\/uploads\/2019\/10\/p8160065-200x150.jpg 200w, https:\/\/alfa7.cz\/mil\/wp-content\/uploads\/2019\/10\/p8160065-450x338.jpg 450w, https:\/\/alfa7.cz\/mil\/wp-content\/uploads\/2019\/10\/p8160065-600x450.jpg 600w, https:\/\/alfa7.cz\/mil\/wp-content\/uploads\/2019\/10\/p8160065.jpg 704w\" sizes=\"(max-width: 188px) 100vw, 188px\" \/><\/a><strong>Messerschmitt Bf 109G-12<\/strong><\/p>\n<p>514 + &#8211;<\/p>\n<p>Luftwaffe<\/p>\n<p>MPM 72031<\/p>\n<hr \/>\n<p><a href=\"https:\/\/alfa7.cz\/mil\/messerschmitt-bf-109g-14-172\/\"><img loading=\"lazy\" decoding=\"async\" class=\" wp-image-4506 alignleft\" src=\"https:\/\/alfa7.cz\/mil\/wp-content\/uploads\/2019\/04\/P4061483-300x225.jpg\" alt=\"\" width=\"189\" height=\"142\" srcset=\"https:\/\/alfa7.cz\/mil\/wp-content\/uploads\/2019\/04\/P4061483-300x225.jpg 300w, https:\/\/alfa7.cz\/mil\/wp-content\/uploads\/2019\/04\/P4061483-768x576.jpg 768w, https:\/\/alfa7.cz\/mil\/wp-content\/uploads\/2019\/04\/P4061483-100x75.jpg 100w, https:\/\/alfa7.cz\/mil\/wp-content\/uploads\/2019\/04\/P4061483-150x113.jpg 150w, https:\/\/alfa7.cz\/mil\/wp-content\/uploads\/2019\/04\/P4061483-200x150.jpg 200w, https:\/\/alfa7.cz\/mil\/wp-content\/uploads\/2019\/04\/P4061483-450x338.jpg 450w, https:\/\/alfa7.cz\/mil\/wp-content\/uploads\/2019\/04\/P4061483-600x450.jpg 600w, https:\/\/alfa7.cz\/mil\/wp-content\/uploads\/2019\/04\/P4061483-900x675.jpg 900w, https:\/\/alfa7.cz\/mil\/wp-content\/uploads\/2019\/04\/P4061483.jpg 985w\" sizes=\"(max-width: 189px) 100vw, 189px\" \/><\/a><strong>Messerschmitt Bf 109G-14<\/strong><\/p>\n<p>b\u00edl\u00e1 1<\/p>\n<p>4.\/JG 52, pilot Erich Hartmann, leti\u0161t\u011b Cs\u00f6r, Ma\u010farsko, \u0159\u00edjen 1944<\/p>\n<p>Academy 12454<\/p>\n<hr \/>\n<p><a href=\"https:\/\/alfa7.cz\/mil\/messerschmitt-bf-109g-10-172\/\"><img loading=\"lazy\" decoding=\"async\" class=\" wp-image-4521 alignleft\" src=\"https:\/\/alfa7.cz\/mil\/wp-content\/uploads\/2019\/04\/P4021458-300x225.jpg\" alt=\"\" width=\"190\" height=\"142\" srcset=\"https:\/\/alfa7.cz\/mil\/wp-content\/uploads\/2019\/04\/P4021458-300x225.jpg 300w, https:\/\/alfa7.cz\/mil\/wp-content\/uploads\/2019\/04\/P4021458-768x576.jpg 768w, https:\/\/alfa7.cz\/mil\/wp-content\/uploads\/2019\/04\/P4021458-100x75.jpg 100w, https:\/\/alfa7.cz\/mil\/wp-content\/uploads\/2019\/04\/P4021458-150x112.jpg 150w, https:\/\/alfa7.cz\/mil\/wp-content\/uploads\/2019\/04\/P4021458-200x150.jpg 200w, https:\/\/alfa7.cz\/mil\/wp-content\/uploads\/2019\/04\/P4021458-450x337.jpg 450w, https:\/\/alfa7.cz\/mil\/wp-content\/uploads\/2019\/04\/P4021458-600x450.jpg 600w, https:\/\/alfa7.cz\/mil\/wp-content\/uploads\/2019\/04\/P4021458-900x675.jpg 900w, https:\/\/alfa7.cz\/mil\/wp-content\/uploads\/2019\/04\/P4021458.jpg 986w\" sizes=\"(max-width: 190px) 100vw, 190px\" \/><\/a><strong>Messerschmitt Bf 109G-10<\/strong><\/p>\n<p>b\u00edl\u00e1 3<\/p>\n<p>nezn\u00e1m\u00e1 jednotka, duben-kv\u011bten 1945<\/p>\n<p>Revell 04160<\/p>\n<hr \/>\n<p><a href=\"https:\/\/alfa7.cz\/mil\/messerschmitt-bf-109g-10-roa-172\/\"><img loading=\"lazy\" decoding=\"async\" class=\" wp-image-6280 alignleft\" src=\"https:\/\/alfa7.cz\/mil\/wp-content\/uploads\/2020\/04\/P4011340-300x225.jpg\" alt=\"\" width=\"191\" height=\"143\" srcset=\"https:\/\/alfa7.cz\/mil\/wp-content\/uploads\/2020\/04\/P4011340-300x225.jpg 300w, https:\/\/alfa7.cz\/mil\/wp-content\/uploads\/2020\/04\/P4011340-768x576.jpg 768w, https:\/\/alfa7.cz\/mil\/wp-content\/uploads\/2020\/04\/P4011340-1024x768.jpg 1024w, https:\/\/alfa7.cz\/mil\/wp-content\/uploads\/2020\/04\/P4011340-100x75.jpg 100w, https:\/\/alfa7.cz\/mil\/wp-content\/uploads\/2020\/04\/P4011340-150x113.jpg 150w, https:\/\/alfa7.cz\/mil\/wp-content\/uploads\/2020\/04\/P4011340-200x150.jpg 200w, https:\/\/alfa7.cz\/mil\/wp-content\/uploads\/2020\/04\/P4011340-450x338.jpg 450w, https:\/\/alfa7.cz\/mil\/wp-content\/uploads\/2020\/04\/P4011340-600x450.jpg 600w, https:\/\/alfa7.cz\/mil\/wp-content\/uploads\/2020\/04\/P4011340-900x675.jpg 900w, https:\/\/alfa7.cz\/mil\/wp-content\/uploads\/2020\/04\/P4011340.jpg 1056w\" sizes=\"(max-width: 191px) 100vw, 191px\" \/><\/a><strong>Messerschmitt Bf 109G-10<\/strong><\/p>\n<p>b\u00edl\u00e1 15<\/p>\n<p>Jasta 5 der ROA, N\u011bmeck\u00fd Brod, Protektor\u00e1t \u010cechy a Morava, kv\u011bten 1945<\/p>\n<p>AZ Model AZ7501<\/p>\n<hr \/>\n<p><a href=\"https:\/\/alfa7.cz\/mil\/messerschmitt-bf-109k-2-172\/\"><img loading=\"lazy\" decoding=\"async\" class=\" wp-image-5079 alignleft\" src=\"https:\/\/alfa7.cz\/mil\/wp-content\/uploads\/2019\/10\/p8160057-300x225.jpg\" alt=\"\" width=\"191\" height=\"143\" srcset=\"https:\/\/alfa7.cz\/mil\/wp-content\/uploads\/2019\/10\/p8160057-300x225.jpg 300w, https:\/\/alfa7.cz\/mil\/wp-content\/uploads\/2019\/10\/p8160057-100x75.jpg 100w, https:\/\/alfa7.cz\/mil\/wp-content\/uploads\/2019\/10\/p8160057-150x113.jpg 150w, https:\/\/alfa7.cz\/mil\/wp-content\/uploads\/2019\/10\/p8160057-200x150.jpg 200w, https:\/\/alfa7.cz\/mil\/wp-content\/uploads\/2019\/10\/p8160057-450x338.jpg 450w, https:\/\/alfa7.cz\/mil\/wp-content\/uploads\/2019\/10\/p8160057-600x450.jpg 600w, https:\/\/alfa7.cz\/mil\/wp-content\/uploads\/2019\/10\/p8160057.jpg 704w\" sizes=\"(max-width: 191px) 100vw, 191px\" \/><\/a><strong>Messerschmitt Bf 109K-2<\/strong><\/p>\n<p>\u010dern\u00e1 7<\/p>\n<p>Luftwaffe, II.\/JG77, severn\u00ed N\u011bmecko, kv\u011bten 1945<\/p>\n<p>KP 10<\/p>\n<hr \/>\n<p><strong><a href=\"https:\/\/alfa7.cz\/mil\/messerschmitt-bf-109k-4-172\/\"><img loading=\"lazy\" decoding=\"async\" class=\" wp-image-4544 alignleft\" src=\"https:\/\/alfa7.cz\/mil\/wp-content\/uploads\/2019\/04\/P4021475-300x225.jpg\" alt=\"\" width=\"191\" height=\"143\" srcset=\"https:\/\/alfa7.cz\/mil\/wp-content\/uploads\/2019\/04\/P4021475-300x225.jpg 300w, https:\/\/alfa7.cz\/mil\/wp-content\/uploads\/2019\/04\/P4021475-768x576.jpg 768w, https:\/\/alfa7.cz\/mil\/wp-content\/uploads\/2019\/04\/P4021475-100x75.jpg 100w, https:\/\/alfa7.cz\/mil\/wp-content\/uploads\/2019\/04\/P4021475-150x112.jpg 150w, https:\/\/alfa7.cz\/mil\/wp-content\/uploads\/2019\/04\/P4021475-200x150.jpg 200w, https:\/\/alfa7.cz\/mil\/wp-content\/uploads\/2019\/04\/P4021475-450x337.jpg 450w, https:\/\/alfa7.cz\/mil\/wp-content\/uploads\/2019\/04\/P4021475-600x450.jpg 600w, https:\/\/alfa7.cz\/mil\/wp-content\/uploads\/2019\/04\/P4021475-900x675.jpg 900w, https:\/\/alfa7.cz\/mil\/wp-content\/uploads\/2019\/04\/P4021475.jpg 986w\" sizes=\"(max-width: 191px) 100vw, 191px\" \/><\/a>Messerschmitt Bf 109K-4<\/strong><\/p>\n<p>b\u00edl\u00e1 8<\/p>\n<p>JG 52, kv\u011bten 1945<\/p>\n<p>AZ Model 7600<\/p>\n<hr \/>\n<p><a href=\"https:\/\/alfa7.cz\/mil\/messerschmitt-me-163a-0-v-6-172\/\"><img loading=\"lazy\" decoding=\"async\" class=\" wp-image-5089 alignleft\" src=\"https:\/\/alfa7.cz\/mil\/wp-content\/uploads\/2019\/10\/p8160112-300x225.jpg\" alt=\"\" width=\"188\" height=\"141\" srcset=\"https:\/\/alfa7.cz\/mil\/wp-content\/uploads\/2019\/10\/p8160112-300x225.jpg 300w, https:\/\/alfa7.cz\/mil\/wp-content\/uploads\/2019\/10\/p8160112-100x75.jpg 100w, https:\/\/alfa7.cz\/mil\/wp-content\/uploads\/2019\/10\/p8160112-150x113.jpg 150w, https:\/\/alfa7.cz\/mil\/wp-content\/uploads\/2019\/10\/p8160112-200x150.jpg 200w, https:\/\/alfa7.cz\/mil\/wp-content\/uploads\/2019\/10\/p8160112-450x338.jpg 450w, https:\/\/alfa7.cz\/mil\/wp-content\/uploads\/2019\/10\/p8160112-600x450.jpg 600w, https:\/\/alfa7.cz\/mil\/wp-content\/uploads\/2019\/10\/p8160112.jpg 704w\" sizes=\"(max-width: 188px) 100vw, 188px\" \/><\/a><strong>Messerschmitt Me 163A-0 V-6<\/strong><\/p>\n<p>CD + IO<\/p>\n<p>Luftwaffe, 13\/JG400, Udetfeld, Adolf Niemeyer, 1944<\/p>\n<p>MPM 72002<\/p>\n<hr \/>\n<p><a href=\"https:\/\/alfa7.cz\/mil\/messerschmitt-me-163b-172\/\"><img loading=\"lazy\" decoding=\"async\" class=\" wp-image-5101 alignleft\" src=\"https:\/\/alfa7.cz\/mil\/wp-content\/uploads\/2019\/10\/p8160117-300x225.jpg\" alt=\"\" width=\"190\" height=\"142\" srcset=\"https:\/\/alfa7.cz\/mil\/wp-content\/uploads\/2019\/10\/p8160117-300x225.jpg 300w, https:\/\/alfa7.cz\/mil\/wp-content\/uploads\/2019\/10\/p8160117-100x75.jpg 100w, https:\/\/alfa7.cz\/mil\/wp-content\/uploads\/2019\/10\/p8160117-150x113.jpg 150w, https:\/\/alfa7.cz\/mil\/wp-content\/uploads\/2019\/10\/p8160117-200x150.jpg 200w, https:\/\/alfa7.cz\/mil\/wp-content\/uploads\/2019\/10\/p8160117-450x338.jpg 450w, https:\/\/alfa7.cz\/mil\/wp-content\/uploads\/2019\/10\/p8160117-600x450.jpg 600w, https:\/\/alfa7.cz\/mil\/wp-content\/uploads\/2019\/10\/p8160117.jpg 704w\" sizes=\"(max-width: 190px) 100vw, 190px\" \/><\/a><strong>Messerschmitt Me 163B<\/strong><\/p>\n<p>W. Nr. 190599 \/ b\u00edl\u00e1 10<\/p>\n<p>Luftwaffe, 2\/JG400, 1944-45<\/p>\n<p>Heller 80237<\/p>\n<hr \/>\n<p><strong><a href=\"http:\/\/alfa7.cz\/mil\/?p=333\"><img loading=\"lazy\" decoding=\"async\" class=\" wp-image-334 alignleft\" src=\"http:\/\/alfa7.cz\/mil\/wp-content\/uploads\/2015\/04\/p7240279-300x225.jpg\" alt=\"MiG-15UTI\" width=\"189\" height=\"142\" srcset=\"https:\/\/alfa7.cz\/mil\/wp-content\/uploads\/2015\/04\/p7240279-300x225.jpg 300w, https:\/\/alfa7.cz\/mil\/wp-content\/uploads\/2015\/04\/p7240279-100x75.jpg 100w, https:\/\/alfa7.cz\/mil\/wp-content\/uploads\/2015\/04\/p7240279-150x113.jpg 150w, https:\/\/alfa7.cz\/mil\/wp-content\/uploads\/2015\/04\/p7240279-200x150.jpg 200w, https:\/\/alfa7.cz\/mil\/wp-content\/uploads\/2015\/04\/p7240279-450x338.jpg 450w, https:\/\/alfa7.cz\/mil\/wp-content\/uploads\/2015\/04\/p7240279-600x450.jpg 600w, https:\/\/alfa7.cz\/mil\/wp-content\/uploads\/2015\/04\/p7240279.jpg 704w\" sizes=\"(max-width: 189px) 100vw, 189px\" \/><\/a><\/strong><strong>MiG-15UTI<\/strong><\/p>\n<p>2726<\/p>\n<p>\u010cSLA, 47. prlp Milovice-Mlad\u00e1, 1966<\/p>\n<p>HobbyBoss 80262<\/p>\n<hr \/>\n<p><a href=\"http:\/\/alfa7.cz\/mil\/?p=569\"><img loading=\"lazy\" decoding=\"async\" class=\" wp-image-570 alignleft\" src=\"http:\/\/alfa7.cz\/mil\/wp-content\/uploads\/2015\/05\/p4060054-300x225.jpg\" alt=\"MiG-15UTI-P\" width=\"191\" height=\"143\" srcset=\"https:\/\/alfa7.cz\/mil\/wp-content\/uploads\/2015\/05\/p4060054-300x225.jpg 300w, https:\/\/alfa7.cz\/mil\/wp-content\/uploads\/2015\/05\/p4060054-100x75.jpg 100w, https:\/\/alfa7.cz\/mil\/wp-content\/uploads\/2015\/05\/p4060054-150x113.jpg 150w, https:\/\/alfa7.cz\/mil\/wp-content\/uploads\/2015\/05\/p4060054-200x150.jpg 200w, https:\/\/alfa7.cz\/mil\/wp-content\/uploads\/2015\/05\/p4060054-450x338.jpg 450w, https:\/\/alfa7.cz\/mil\/wp-content\/uploads\/2015\/05\/p4060054-600x450.jpg 600w, https:\/\/alfa7.cz\/mil\/wp-content\/uploads\/2015\/05\/p4060054.jpg 704w\" sizes=\"(max-width: 191px) 100vw, 191px\" \/><\/a><strong>MiG-15UTI-P<\/strong><\/p>\n<p>2626<\/p>\n<p>V\u00fdcvikov\u00e9 st\u0159edisko Milovice-Mlad\u00e1, 1959<\/p>\n<p>HobbyBoss 80262<\/p>\n<hr \/>\n<p><a href=\"http:\/\/alfa7.cz\/mil\/?p=610\"><img loading=\"lazy\" decoding=\"async\" class=\" wp-image-611 alignleft\" src=\"http:\/\/alfa7.cz\/mil\/wp-content\/uploads\/2015\/05\/p3090008-300x225.jpg\" alt=\"p3090008\" width=\"191\" height=\"143\" srcset=\"https:\/\/alfa7.cz\/mil\/wp-content\/uploads\/2015\/05\/p3090008-300x225.jpg 300w, https:\/\/alfa7.cz\/mil\/wp-content\/uploads\/2015\/05\/p3090008-100x75.jpg 100w, https:\/\/alfa7.cz\/mil\/wp-content\/uploads\/2015\/05\/p3090008-150x113.jpg 150w, https:\/\/alfa7.cz\/mil\/wp-content\/uploads\/2015\/05\/p3090008-200x150.jpg 200w, https:\/\/alfa7.cz\/mil\/wp-content\/uploads\/2015\/05\/p3090008-450x338.jpg 450w, https:\/\/alfa7.cz\/mil\/wp-content\/uploads\/2015\/05\/p3090008-600x450.jpg 600w, https:\/\/alfa7.cz\/mil\/wp-content\/uploads\/2015\/05\/p3090008.jpg 704w\" sizes=\"(max-width: 191px) 100vw, 191px\" \/><\/a><strong>MiG-17F<\/strong><\/p>\n<p>EP-01<\/p>\n<p>Velitel letectva gen. K\u00fakel<\/p>\n<p>SleM 01<\/p>\n<hr \/>\n<p><a href=\"http:\/\/alfa7.cz\/mil\/?p=248\"><img loading=\"lazy\" decoding=\"async\" class=\" wp-image-250 alignleft\" src=\"http:\/\/alfa7.cz\/mil\/wp-content\/uploads\/2015\/04\/pb170431-300x225.jpg\" alt=\"MiG-21MFN\" width=\"190\" height=\"142\" srcset=\"https:\/\/alfa7.cz\/mil\/wp-content\/uploads\/2015\/04\/pb170431-300x225.jpg 300w, https:\/\/alfa7.cz\/mil\/wp-content\/uploads\/2015\/04\/pb170431-100x75.jpg 100w, https:\/\/alfa7.cz\/mil\/wp-content\/uploads\/2015\/04\/pb170431-150x113.jpg 150w, https:\/\/alfa7.cz\/mil\/wp-content\/uploads\/2015\/04\/pb170431-200x150.jpg 200w, https:\/\/alfa7.cz\/mil\/wp-content\/uploads\/2015\/04\/pb170431-450x338.jpg 450w, https:\/\/alfa7.cz\/mil\/wp-content\/uploads\/2015\/04\/pb170431-600x450.jpg 600w, https:\/\/alfa7.cz\/mil\/wp-content\/uploads\/2015\/04\/pb170431.jpg 704w\" sizes=\"(max-width: 190px) 100vw, 190px\" \/><\/a><strong>MiG-21MFN<\/strong><\/p>\n<p>2500<\/p>\n<p>Letectvo Arm\u00e1dy \u010cR, 211. taktick\u00e1 letka, \u010c\u00e1slav, 2002<\/p>\n<p>Kovoz\u00e1vody 19<\/p>\n<hr \/>\n<p><a href=\"http:\/\/alfa7.cz\/mil\/?p=655\"><img loading=\"lazy\" decoding=\"async\" class=\" wp-image-656 alignleft\" src=\"http:\/\/alfa7.cz\/mil\/wp-content\/uploads\/2015\/05\/pc260024-300x225.jpg\" alt=\"MiG-21UM\" width=\"187\" height=\"140\" srcset=\"https:\/\/alfa7.cz\/mil\/wp-content\/uploads\/2015\/05\/pc260024-300x225.jpg 300w, https:\/\/alfa7.cz\/mil\/wp-content\/uploads\/2015\/05\/pc260024-100x75.jpg 100w, https:\/\/alfa7.cz\/mil\/wp-content\/uploads\/2015\/05\/pc260024-150x113.jpg 150w, https:\/\/alfa7.cz\/mil\/wp-content\/uploads\/2015\/05\/pc260024-200x150.jpg 200w, https:\/\/alfa7.cz\/mil\/wp-content\/uploads\/2015\/05\/pc260024-450x338.jpg 450w, https:\/\/alfa7.cz\/mil\/wp-content\/uploads\/2015\/05\/pc260024-600x450.jpg 600w, https:\/\/alfa7.cz\/mil\/wp-content\/uploads\/2015\/05\/pc260024.jpg 704w\" sizes=\"(max-width: 187px) 100vw, 187px\" \/><\/a><strong>MiG-21UM<\/strong><\/p>\n<p>9341 &#8222;Vojt\u00ed\u0161ek&#8220;<\/p>\n<p>Letectvo Arm\u00e1dy \u010cR, \u010c\u00e1slav, 2005<\/p>\n<p>Condor 72003<\/p>\n<hr \/>\n<p><a href=\"https:\/\/alfa7.cz\/mil\/mig-23bn-172\/\"><img loading=\"lazy\" decoding=\"async\" class=\" wp-image-5125 alignleft\" src=\"https:\/\/alfa7.cz\/mil\/wp-content\/uploads\/2019\/10\/pb130062-300x225.jpg\" alt=\"\" width=\"188\" height=\"141\" srcset=\"https:\/\/alfa7.cz\/mil\/wp-content\/uploads\/2019\/10\/pb130062-300x225.jpg 300w, https:\/\/alfa7.cz\/mil\/wp-content\/uploads\/2019\/10\/pb130062-100x75.jpg 100w, https:\/\/alfa7.cz\/mil\/wp-content\/uploads\/2019\/10\/pb130062-150x113.jpg 150w, https:\/\/alfa7.cz\/mil\/wp-content\/uploads\/2019\/10\/pb130062-200x150.jpg 200w, https:\/\/alfa7.cz\/mil\/wp-content\/uploads\/2019\/10\/pb130062-450x338.jpg 450w, https:\/\/alfa7.cz\/mil\/wp-content\/uploads\/2019\/10\/pb130062-600x450.jpg 600w, https:\/\/alfa7.cz\/mil\/wp-content\/uploads\/2019\/10\/pb130062.jpg 704w\" sizes=\"(max-width: 188px) 100vw, 188px\" \/><\/a><strong>MiG-23BN<\/strong><\/p>\n<p>9825<\/p>\n<p>Letectvo arm\u00e1dy \u010cesk\u00e9 republiky, 30. sbolp, \u010c\u00e1slav, 1993<\/p>\n<p>Academy 1654<\/p>\n<hr \/>\n<p><a href=\"https:\/\/alfa7.cz\/mil\/mig-23mf-172\/\"><img loading=\"lazy\" decoding=\"async\" class=\" wp-image-5137 alignleft\" src=\"https:\/\/alfa7.cz\/mil\/wp-content\/uploads\/2019\/10\/pb130057-300x225.jpg\" alt=\"\" width=\"189\" height=\"142\" srcset=\"https:\/\/alfa7.cz\/mil\/wp-content\/uploads\/2019\/10\/pb130057-300x225.jpg 300w, https:\/\/alfa7.cz\/mil\/wp-content\/uploads\/2019\/10\/pb130057-100x75.jpg 100w, https:\/\/alfa7.cz\/mil\/wp-content\/uploads\/2019\/10\/pb130057-150x113.jpg 150w, https:\/\/alfa7.cz\/mil\/wp-content\/uploads\/2019\/10\/pb130057-200x150.jpg 200w, https:\/\/alfa7.cz\/mil\/wp-content\/uploads\/2019\/10\/pb130057-450x338.jpg 450w, https:\/\/alfa7.cz\/mil\/wp-content\/uploads\/2019\/10\/pb130057-600x450.jpg 600w, https:\/\/alfa7.cz\/mil\/wp-content\/uploads\/2019\/10\/pb130057.jpg 704w\" sizes=\"(max-width: 189px) 100vw, 189px\" \/><\/a><strong>MiG-23MF<\/strong><\/p>\n<p>3646<\/p>\n<p>Letectvo arm\u00e1dy \u010cesk\u00e9 republiky, 1. slp., \u010cesk\u00e9 Bud\u011bjovice, \u010derven 1994<\/p>\n<p>Academy 1621<\/p>\n<hr \/>\n<p><a href=\"https:\/\/alfa7.cz\/mil\/mig-23ml-172\/\"><img loading=\"lazy\" decoding=\"async\" class=\" wp-image-5148 alignleft\" src=\"https:\/\/alfa7.cz\/mil\/wp-content\/uploads\/2019\/10\/pb130048-300x225.jpg\" alt=\"\" width=\"188\" height=\"141\" srcset=\"https:\/\/alfa7.cz\/mil\/wp-content\/uploads\/2019\/10\/pb130048-300x225.jpg 300w, https:\/\/alfa7.cz\/mil\/wp-content\/uploads\/2019\/10\/pb130048-100x75.jpg 100w, https:\/\/alfa7.cz\/mil\/wp-content\/uploads\/2019\/10\/pb130048-150x113.jpg 150w, https:\/\/alfa7.cz\/mil\/wp-content\/uploads\/2019\/10\/pb130048-200x150.jpg 200w, https:\/\/alfa7.cz\/mil\/wp-content\/uploads\/2019\/10\/pb130048-450x338.jpg 450w, https:\/\/alfa7.cz\/mil\/wp-content\/uploads\/2019\/10\/pb130048-600x450.jpg 600w, https:\/\/alfa7.cz\/mil\/wp-content\/uploads\/2019\/10\/pb130048.jpg 704w\" sizes=\"(max-width: 188px) 100vw, 188px\" \/><\/a><strong>MiG-23ML<\/strong><\/p>\n<p>4644<\/p>\n<p>Letectvo arm\u00e1dy \u010cesk\u00e9 republiky, 1. slp., \u010cesk\u00e9 Bud\u011bjovice, 1999<\/p>\n<p>Academy 1621<\/p>\n<hr \/>\n<p><a href=\"http:\/\/alfa7.cz\/mil\/?p=1724\"><img loading=\"lazy\" decoding=\"async\" class=\"wp-image-1725 alignleft\" src=\"http:\/\/alfa7.cz\/mil\/wp-content\/uploads\/2016\/05\/pb130014-300x225.jpg\" alt=\"MiG-29AS\" width=\"186\" height=\"140\" srcset=\"https:\/\/alfa7.cz\/mil\/wp-content\/uploads\/2016\/05\/pb130014-300x225.jpg 300w, https:\/\/alfa7.cz\/mil\/wp-content\/uploads\/2016\/05\/pb130014-100x75.jpg 100w, https:\/\/alfa7.cz\/mil\/wp-content\/uploads\/2016\/05\/pb130014-150x113.jpg 150w, https:\/\/alfa7.cz\/mil\/wp-content\/uploads\/2016\/05\/pb130014-200x150.jpg 200w, https:\/\/alfa7.cz\/mil\/wp-content\/uploads\/2016\/05\/pb130014-450x338.jpg 450w, https:\/\/alfa7.cz\/mil\/wp-content\/uploads\/2016\/05\/pb130014-600x450.jpg 600w, https:\/\/alfa7.cz\/mil\/wp-content\/uploads\/2016\/05\/pb130014.jpg 704w\" sizes=\"(max-width: 186px) 100vw, 186px\" \/><\/a><strong>MiG-29AS<\/strong><\/p>\n<p>0921<\/p>\n<p>Slovensk\u00e9 vzdu\u0161n\u00e9 sily, 1. &#8222;Tyg\u0159\u00ed&#8220; slp, Slia\u010d, 2009<\/p>\n<p>B\u00edlek 923<\/p>\n<hr \/>\n<p><a href=\"https:\/\/alfa7.cz\/mil\/mig-29ub-172\/\"><img loading=\"lazy\" decoding=\"async\" class=\" wp-image-5116 alignleft\" src=\"https:\/\/alfa7.cz\/mil\/wp-content\/uploads\/2019\/10\/pb130024-300x225.jpg\" alt=\"\" width=\"184\" height=\"138\" srcset=\"https:\/\/alfa7.cz\/mil\/wp-content\/uploads\/2019\/10\/pb130024-300x225.jpg 300w, https:\/\/alfa7.cz\/mil\/wp-content\/uploads\/2019\/10\/pb130024-100x75.jpg 100w, https:\/\/alfa7.cz\/mil\/wp-content\/uploads\/2019\/10\/pb130024-150x113.jpg 150w, https:\/\/alfa7.cz\/mil\/wp-content\/uploads\/2019\/10\/pb130024-200x150.jpg 200w, https:\/\/alfa7.cz\/mil\/wp-content\/uploads\/2019\/10\/pb130024-450x338.jpg 450w, https:\/\/alfa7.cz\/mil\/wp-content\/uploads\/2019\/10\/pb130024-600x450.jpg 600w, https:\/\/alfa7.cz\/mil\/wp-content\/uploads\/2019\/10\/pb130024.jpg 704w\" sizes=\"(max-width: 184px) 100vw, 184px\" \/><\/a><strong>MiG-29UB<\/strong><\/p>\n<p>4401<\/p>\n<p>Letectvo Arm\u00e1dy \u010cesk\u00e9 republiky, 11. slp., \u017datec, 1989<\/p>\n<p>Revell 4379<\/p>\n<hr \/>\n<p><a href=\"http:\/\/alfa7.cz\/mil\/?p=1551\"><img loading=\"lazy\" decoding=\"async\" class=\" wp-image-1552 alignleft\" src=\"http:\/\/alfa7.cz\/mil\/wp-content\/uploads\/2016\/05\/p1290426-300x225.jpg\" alt=\"Zero\" width=\"187\" height=\"140\" srcset=\"https:\/\/alfa7.cz\/mil\/wp-content\/uploads\/2016\/05\/p1290426-300x225.jpg 300w, https:\/\/alfa7.cz\/mil\/wp-content\/uploads\/2016\/05\/p1290426-100x75.jpg 100w, https:\/\/alfa7.cz\/mil\/wp-content\/uploads\/2016\/05\/p1290426-150x113.jpg 150w, https:\/\/alfa7.cz\/mil\/wp-content\/uploads\/2016\/05\/p1290426-200x150.jpg 200w, https:\/\/alfa7.cz\/mil\/wp-content\/uploads\/2016\/05\/p1290426-450x338.jpg 450w, https:\/\/alfa7.cz\/mil\/wp-content\/uploads\/2016\/05\/p1290426-600x450.jpg 600w, https:\/\/alfa7.cz\/mil\/wp-content\/uploads\/2016\/05\/p1290426.jpg 704w\" sizes=\"(max-width: 187px) 100vw, 187px\" \/><\/a><strong>Mitsubishi A6M2b-21 Rei-sen (Zero)<\/strong><\/p>\n<p>AI-102<\/p>\n<p>vedouc\u00ed letoun Divize 1, 2. \u00fato\u010dn\u00e1 jednotka, letadlov\u00e1 lo\u010f Akagi, pilot Saburo Sindo, Pearl Harbor, 7.12.1941<\/p>\n<p>Airfix A01005<\/p>\n<hr \/>\n<p><a href=\"http:\/\/alfa7.cz\/mil\/?p=1744\"><img loading=\"lazy\" decoding=\"async\" class=\"wp-image-1745 alignleft\" src=\"http:\/\/alfa7.cz\/mil\/wp-content\/uploads\/2016\/05\/pa030006-300x225.jpg\" alt=\"T-2\" width=\"187\" height=\"140\" srcset=\"https:\/\/alfa7.cz\/mil\/wp-content\/uploads\/2016\/05\/pa030006-300x225.jpg 300w, https:\/\/alfa7.cz\/mil\/wp-content\/uploads\/2016\/05\/pa030006-100x75.jpg 100w, https:\/\/alfa7.cz\/mil\/wp-content\/uploads\/2016\/05\/pa030006-150x113.jpg 150w, https:\/\/alfa7.cz\/mil\/wp-content\/uploads\/2016\/05\/pa030006-200x150.jpg 200w, https:\/\/alfa7.cz\/mil\/wp-content\/uploads\/2016\/05\/pa030006-450x338.jpg 450w, https:\/\/alfa7.cz\/mil\/wp-content\/uploads\/2016\/05\/pa030006-600x450.jpg 600w, https:\/\/alfa7.cz\/mil\/wp-content\/uploads\/2016\/05\/pa030006.jpg 704w\" sizes=\"(max-width: 187px) 100vw, 187px\" \/><\/a><strong>Mitsubishi T-2<\/strong><\/p>\n<p>99-5163 \/ 163<\/p>\n<p>21. peru\u0165, 4. k\u0159\u00eddlo JASDF, z\u00e1kladna Matsushima<\/p>\n<p>Hasegawa C4<\/p>\n<hr \/>\n","protected":false},"excerpt":{"rendered":"<p><span class=\"span-reading-time rt-reading-time\" style=\"display: block;\"><span class=\"rt-label rt-prefix\">Doba \u010dten\u00ed: <\/span> <span class=\"rt-time\"> 5<\/span> <span class=\"rt-label rt-postfix\">min.<\/span><\/span>A B C D E F G H I J K L M N O P Q R S T U V W X Y Z Macchi MC-205 Veltro 351 \/ 3 351. peru\u0165 Italsk\u00e9ho letectva B\u00edlek 977 McDonnell XF-85<span class=\"ellipsis\">&hellip;<\/span><\/p>\n<div class=\"read-more\"><a href=\"https:\/\/alfa7.cz\/mil\/letadla-72-m\/\">\u010c\u00edst d\u00e1le &#8250;<\/a><\/div>\n<p><!-- end of .read-more --><\/p>\n","protected":false},"author":1,"featured_media":0,"parent":0,"menu_order":0,"comment_status":"closed","ping_status":"closed","template":"","meta":{"footnotes":""},"_links":{"self":[{"href":"https:\/\/alfa7.cz\/mil\/wp-json\/wp\/v2\/pages\/6800"}],"collection":[{"href":"https:\/\/alfa7.cz\/mil\/wp-json\/wp\/v2\/pages"}],"about":[{"href":"https:\/\/alfa7.cz\/mil\/wp-json\/wp\/v2\/types\/page"}],"author":[{"embeddable":true,"href":"https:\/\/alfa7.cz\/mil\/wp-json\/wp\/v2\/users\/1"}],"replies":[{"embeddable":true,"href":"https:\/\/alfa7.cz\/mil\/wp-json\/wp\/v2\/comments?post=6800"}],"version-history":[{"count":2,"href":"https:\/\/alfa7.cz\/mil\/wp-json\/wp\/v2\/pages\/6800\/revisions"}],"predecessor-version":[{"id":6847,"href":"https:\/\/alfa7.cz\/mil\/wp-json\/wp\/v2\/pages\/6800\/revisions\/6847"}],"wp:attachment":[{"href":"https:\/\/alfa7.cz\/mil\/wp-json\/wp\/v2\/media?parent=6800"}],"curies":[{"name":"wp","href":"https:\/\/api.w.org\/{rel}","templated":true}]}}